{"id":2667,"date":"2019-08-27T16:34:00","date_gmt":"2019-08-27T14:34:00","guid":{"rendered":"http:\/\/www.fosforoscienza.it\/?page_id=2667"},"modified":"2025-07-02T09:52:45","modified_gmt":"2025-07-02T07:52:45","slug":"scuola-dellinfanzia","status":"publish","type":"page","link":"https:\/\/www.fosforoscienza.it\/index.php\/cosa-facciamo\/scuole\/scuola-dellinfanzia\/","title":{"rendered":"SCUOLA DELL&#8217;INFANZIA"},"content":{"rendered":"<div class=\"wpb-content-wrapper\"><p>[vc_row][vc_column width=&#8221;3\/6&#8243;][\/vc_column][vc_column width=&#8221;2\/6&#8243;][vc_column_text]<\/p>\n<h2><\/h2>\n<h2 style=\"text-align: right;\"><span style=\"color: #c40380;\">SCUOLA DELL&#8217;INFANZIA<\/span><\/h2>\n<p>[\/vc_column_text][\/vc_column][vc_column width=&#8221;1\/6&#8243;][vc_single_image image=&#8221;2674&#8243; img_size=&#8221;100&#215;100&#8243;][\/vc_column][\/vc_row][vc_row css=&#8221;.vc_custom_1566917810812{padding-top: 50px !important;padding-bottom: 0px !important;}&#8221;][vc_column][vc_separator][\/vc_column][\/vc_row][vc_row disable_element=&#8221;yes&#8221; type=&#8221;vc_default&#8221; margin_top=&#8221;60&#8243; margin_bottom=&#8221;-40&#8243; css=&#8221;.vc_custom_1751442034337{padding-top: 30px !important;}&#8221;][vc_column width=&#8221;1\/2&#8243;][vc_single_image image=&#8221;10620&#8243; img_size=&#8221;full&#8221; css=&#8221;.vc_custom_1720450760319{padding-bottom: 20px !important;}&#8221;][\/vc_column][vc_column width=&#8221;1\/2&#8243;]<div id=\"ultimate-heading-935069f16421f154e\" class=\"uvc-heading ult-adjust-bottom-margin ultimate-heading-935069f16421f154e uvc-8602 \" data-hspacer=\"no_spacer\"  data-halign=\"left\" style=\"text-align:left\"><div class=\"uvc-heading-spacer no_spacer\" style=\"top\"><\/div><div class=\"uvc-main-heading ult-responsive\"  data-ultimate-target='.uvc-heading.ultimate-heading-935069f16421f154e h1'  data-responsive-json-new='{\"font-size\":\"\",\"line-height\":\"desktop:40px;\"}' ><h1 style=\"--font-weight:theme;\">P.N.R.R.<\/h1><\/div><div class=\"uvc-sub-heading ult-responsive\"  data-ultimate-target='.uvc-heading.ultimate-heading-935069f16421f154e .uvc-sub-heading '  data-responsive-json-new='{\"font-size\":\"\",\"line-height\":\"\"}'  style=\"font-weight:normal;margin-bottom:50px;\"><\/p>\n<p class=\"h1-hero\"><strong><em>Potenziamento competenze STEM<\/em><\/strong><\/p>\n<p><\/div><\/div>[vc_column_text css=&#8221;&#8221;]Tramite i <strong>Decreti Ministeriali n. 65\/2023 e n.66\/2023 <\/strong>il Ministero dell\u2019Istruzione e del Merito mette a disposizione dei fondi del PNRR per promuovere l\u2019integrazione, in tutti i cicli scolastici, di attivit\u00e0, metodologie e contenuti volti a sviluppare le competenze STEM, digitali e di innovazione, e di potenziare le competenze multilinguistiche di studenti e insegnanti.<\/p>\n<p>fosforo: da <strong>oltre 14 anni<\/strong> porta le competenze stem nelle scuole con attivit\u00e0 di didattica informale, e stiamo gi\u00e0 collaborando con diverse scuole per i percorsi PNRR.<\/p>\n<p>Siamo presenti su <strong>MePA &#8211; <a href=\"http:\/\/www.acquistinretepa.it\">acquistinretepa.it<\/a><\/strong>, il portale degli acquisti della pubblica amministrazione.[\/vc_column_text][\/vc_column][\/vc_row][vc_row type=&#8221;vc_default&#8221; margin_top=&#8221;60&#8243; margin_bottom=&#8221;-40&#8243; css=&#8221;.vc_custom_1720450783839{padding-top: 30px !important;}&#8221;][vc_column width=&#8221;1\/5&#8243;][\/vc_column][vc_column width=&#8221;3\/5&#8243;][vc_cta h2=&#8221;Progettiamo dei percorsi insieme!&#8221; txt_align=&#8221;center&#8221; add_button=&#8221;bottom&#8221; btn_title=&#8221;Contattaci&#8221; btn_color=&#8221;sky&#8221; btn_align=&#8221;center&#8221; css=&#8221;&#8221; btn_link=&#8221;url:https%3A%2F%2Fwww.fosforoscienza.it%2Findex.php%2Fcontact%2F|title:CONTATTI&#8221;]fosforo: da\u00a0<strong>oltre 15 anni<\/strong>\u00a0porta le competenze stem nelle scuole con attivit\u00e0 di didattica informale, e stiamo gi\u00e0 collaborando con diverse scuole per i percorsi PNRR.<\/p>\n<p>Siamo presenti su\u00a0<strong>MePA \u2013\u00a0<a href=\"http:\/\/www.acquistinretepa.it\/\">acquistinretepa.it<\/a><\/strong>, il portale degli acquisti della pubblica amministrazione.<\/p>\n<p>Contattaci, troveremo la <strong>soluzione migliore<\/strong> per sviluppare le competenze STEM nella tua scuola o per creare dei corsi di formazione, con un progetto su misura per i vostri alunni e le <strong>vostre esigenze<\/strong>![\/vc_cta][\/vc_column][vc_column width=&#8221;1\/5&#8243;][\/vc_column][\/vc_row][vc_row type=&#8221;vc_default&#8221; margin_top=&#8221;60&#8243; margin_bottom=&#8221;-40&#8243; css=&#8221;.vc_custom_1675772182341{padding-top: 30px !important;}&#8221;][vc_column width=&#8221;1\/3&#8243;][vc_cta h2=&#8221;Le attivit\u00e0&#8221; add_icon=&#8221;top&#8221; i_icon_fontawesome=&#8221;fas fa-flask&#8221; i_color=&#8221;sky&#8221; i_size=&#8221;lg&#8221; css=&#8221;.vc_custom_1720450822368{padding-right: 15px !important;padding-left: 15px !important;}&#8221;]I laboratori dei percorsi potranno essere scelti tra quelle presenti sul nostro sito, nella sezione &#8220;<strong>COSA FACCIAMO &#8211; SCUOLE<\/strong>&#8220;, nelle tempistiche e nelle ripetizioni che concorderemo insieme per sfruttare al meglio i tempi. Se non trovi quello che cerchi, <strong>chiamaci<\/strong>![\/vc_cta][\/vc_column][vc_column width=&#8221;1\/3&#8243;][vc_cta h2=&#8221;Gli esperti&#8221; add_icon=&#8221;top&#8221; i_icon_fontawesome=&#8221;fas fa-user-friends&#8221; i_color=&#8221;sky&#8221; i_size=&#8221;lg&#8221; css=&#8221;.vc_custom_1720467063287{padding-right: 15px !important;padding-left: 15px !important;}&#8221;]I percorsi prevederanno diverse attivit\u00e0 svolte dai divulgatori di <strong>fosforo: la festa della scienza<\/strong>, che da oltre 14 anni porta <strong>laboratori didattici nelle scuole<\/strong>. Oltre all&#8217;<strong>esperto esterno<\/strong>, possiamo mettere a disposizione un secondo operatore che svolger\u00e0 la funzione di <strong>tutor<\/strong>.[\/vc_cta][\/vc_column][vc_column width=&#8221;1\/3&#8243;][vc_cta h2=&#8221;I formatori&#8221; add_icon=&#8221;top&#8221; i_icon_fontawesome=&#8221;fab fa-sellsy&#8221; i_color=&#8221;sky&#8221; i_size=&#8221;lg&#8221; css=&#8221;.vc_custom_1720463954120{padding-right: 15px !important;padding-left: 15px !important;}&#8221;]Possiamo progettare insieme dei <strong>percorsi di formazione per gli insegnanti<\/strong> su metodologie didattiche innovative, gestione didattica e tecnica degli <strong>strumenti digitali<\/strong>, formazione e aggiornamento nell&#8217;ambito delle <strong>competenze digitali<\/strong> e tanto altro, in base alle esigenze della singola scuola.[\/vc_cta][\/vc_column][\/vc_row][vc_row css=&#8221;.vc_custom_1566917200227{margin-top: 0px !important;padding-top: 100px !important;padding-bottom: 100px !important;}&#8221;][vc_column width=&#8221;1\/6&#8243;][vc_single_image image=&#8221;2672&#8243; img_size=&#8221;100&#215;100&#8243; alignment=&#8221;center&#8221; css=&#8221;.vc_custom_1583835423666{padding-bottom: 30px !important;}&#8221;][\/vc_column][vc_column width=&#8221;3\/6&#8243;][vc_column_text]<\/p>\n<h3><span style=\"color: #c40380;\">ATTIVIT\u00c0 GIORNALIERE<\/span><\/h3>\n<p><strong>Un incontro<\/strong>\u00a0da realizzare in classe, la mattina o il pomeriggio, per affrontare un argomento specifico con\u00a0<strong>dimostrazioni scientifiche, esperimenti<\/strong>\u00a0e\u00a0<strong>attivit\u00e0 laboratoriali.<\/strong>\u00a0Un\u2019occasione per stimolare la curiosit\u00e0 dei bambini verso la scienza.<\/p>\n<p>&nbsp;<\/p>\n<p>L\u2019intervento ha una durata di <strong>60 minuti<\/strong>,<br \/>\n\u00e8 dedicato a un massimo di\u00a0<strong>30 studenti<\/strong>.[\/vc_column_text][vc_btn title=&#8221;Contattaci!&#8221; color=&#8221;purple&#8221; css=&#8221;.vc_custom_1600452860281{padding-top: 10px !important;padding-bottom: 30px !important;}&#8221; link=&#8221;url:http%3A%2F%2Fwww.fosforoscienza.it%2Findex.php%2Fcontact%2F|title:Contact||&#8221;][\/vc_column][vc_column width=&#8221;2\/6&#8243;][\/vc_column][\/vc_row][vc_row equal_height=&#8221;yes&#8221; css=&#8221;.vc_custom_1707303691273{margin-top: 30px !important;}&#8221;][vc_column width=&#8221;1\/6&#8243;][vc_single_image image=&#8221;2355&#8243; alignment=&#8221;right&#8221; style=&#8221;vc_box_shadow_circle&#8221;][\/vc_column][vc_column width=&#8221;2\/6&#8243;]<div id=\"ultimate-heading-894569f16421f15e3\" class=\"uvc-heading ult-adjust-bottom-margin ultimate-heading-894569f16421f15e3 uvc-8302  uvc-heading-default-font-sizes\" data-hspacer=\"no_spacer\"  data-halign=\"left\" style=\"text-align:left\"><div class=\"uvc-heading-spacer no_spacer\" style=\"top\"><\/div><div class=\"uvc-main-heading ult-responsive\"  data-ultimate-target='.uvc-heading.ultimate-heading-894569f16421f15e3 h4'  data-responsive-json-new='{\"font-size\":\"\",\"line-height\":\"\"}' ><h4 style=\"--font-weight:theme;color:#c40380;margin-bottom:10px;\">BEE ORGANIZED<\/h4><\/div><div class=\"uvc-sub-heading ult-responsive\"  data-ultimate-target='.uvc-heading.ultimate-heading-894569f16421f15e3 .uvc-sub-heading '  data-responsive-json-new='{\"font-size\":\"\",\"line-height\":\"\"}'  style=\"font-weight:normal;margin-bottom:30px;\">Entra in un favo di api e scopri da vicino i prodotti e le curiosit\u00e0 di un mondo altamente specializzato: miele, danza, architettura e tanto altro ancora.<\/div><\/div>[\/vc_column][vc_column width=&#8221;1\/6&#8243;][vc_single_image image=&#8221;9949&#8243; alignment=&#8221;right&#8221; style=&#8221;vc_box_shadow_circle&#8221;][\/vc_column][vc_column width=&#8221;2\/6&#8243;]<div id=\"ultimate-heading-98969f16421f1646\" class=\"uvc-heading ult-adjust-bottom-margin ultimate-heading-98969f16421f1646 uvc-8236  uvc-heading-default-font-sizes\" data-hspacer=\"no_spacer\"  data-halign=\"left\" style=\"text-align:left\"><div class=\"uvc-heading-spacer no_spacer\" style=\"top\"><\/div><div class=\"uvc-main-heading ult-responsive\"  data-ultimate-target='.uvc-heading.ultimate-heading-98969f16421f1646 h4'  data-responsive-json-new='{\"font-size\":\"\",\"line-height\":\"\"}' ><h4 style=\"--font-weight:theme;color:#c40380;margin-bottom:10px;\">SEMI DI TUTTI I TIPI<\/h4><\/div><div class=\"uvc-sub-heading ult-responsive\"  data-ultimate-target='.uvc-heading.ultimate-heading-98969f16421f1646 .uvc-sub-heading '  data-responsive-json-new='{\"font-size\":\"\",\"line-height\":\"\"}'  style=\"font-weight:normal;margin-bottom:30px;\">Piccoli, grandi, rotondi, piatti, allungati\u2026 I semi sono incredibilmente diversi e specializzati: ognuno ha trovato un modo per viaggiare lontano. Diamogli una mano realizzando delle seed bomb, palline pronte ad esplodere di fiori.<\/div><\/div>[\/vc_column][vc_column width=&#8221;1\/6&#8243;][vc_single_image image=&#8221;2409&#8243; alignment=&#8221;right&#8221; style=&#8221;vc_box_shadow_circle&#8221;][\/vc_column][vc_column width=&#8221;2\/6&#8243;]<div id=\"ultimate-heading-672969f16421f16a0\" class=\"uvc-heading ult-adjust-bottom-margin ultimate-heading-672969f16421f16a0 uvc-2047  uvc-heading-default-font-sizes\" data-hspacer=\"no_spacer\"  data-halign=\"left\" style=\"text-align:left\"><div class=\"uvc-heading-spacer no_spacer\" style=\"top\"><\/div><div class=\"uvc-main-heading ult-responsive\"  data-ultimate-target='.uvc-heading.ultimate-heading-672969f16421f16a0 h4'  data-responsive-json-new='{\"font-size\":\"\",\"line-height\":\"\"}' ><h4 style=\"--font-weight:theme;color:#c40380;margin-bottom:10px;\">COLORI NATURALI<\/h4><\/div><div class=\"uvc-sub-heading ult-responsive\"  data-ultimate-target='.uvc-heading.ultimate-heading-672969f16421f16a0 .uvc-sub-heading '  data-responsive-json-new='{\"font-size\":\"\",\"line-height\":\"\"}'  style=\"font-weight:normal;margin-bottom:30px;\">La bellezza della natura e la diversit\u00e0 dei colori in un laborato rio interattivo per conoscere, estrarre e utilizzare i pigmenti naturali. Clorofilla, carotene e antocianine non sono solo ottimi amici per il nostro benessere ma anche speciali coloranti per i nostri disegni.<\/div><\/div>[\/vc_column][vc_column width=&#8221;1\/6&#8243;][vc_single_image image=&#8221;10396&#8243; alignment=&#8221;right&#8221; style=&#8221;vc_box_shadow_circle&#8221;][\/vc_column][vc_column width=&#8221;2\/6&#8243;]<div id=\"ultimate-heading-845669f16421f16fd\" class=\"uvc-heading ult-adjust-bottom-margin ultimate-heading-845669f16421f16fd uvc-2982  uvc-heading-default-font-sizes\" data-hspacer=\"no_spacer\"  data-halign=\"left\" style=\"text-align:left\"><div class=\"uvc-heading-spacer no_spacer\" style=\"top\"><\/div><div class=\"uvc-main-heading ult-responsive\"  data-ultimate-target='.uvc-heading.ultimate-heading-845669f16421f16fd h4'  data-responsive-json-new='{\"font-size\":\"\",\"line-height\":\"\"}' ><h4 style=\"--font-weight:theme;color:#c40380;margin-bottom:10px;\">ESPLORATORI DELL' ARIA<\/h4><\/div><div class=\"uvc-sub-heading ult-responsive\"  data-ultimate-target='.uvc-heading.ultimate-heading-845669f16421f16fd .uvc-sub-heading '  data-responsive-json-new='{\"font-size\":\"\",\"line-height\":\"\"}'  style=\"font-weight:normal;margin-bottom:30px;\">Non si vede, non si afferra, ed \u00e8 sempre in mezzo a noi. Andiamo alla scoperta di un elemento tanto curioso, per poi metterlo alla prova costruendo un piccolo oggetto aerodinamico.<\/div><\/div>[\/vc_column][vc_column width=&#8221;1\/6&#8243;][vc_single_image image=&#8221;10397&#8243; alignment=&#8221;right&#8221; style=&#8221;vc_box_shadow_circle&#8221;][\/vc_column][vc_column width=&#8221;2\/6&#8243;]<div id=\"ultimate-heading-830569f16421f1765\" class=\"uvc-heading ult-adjust-bottom-margin ultimate-heading-830569f16421f1765 uvc-5888  uvc-heading-default-font-sizes\" data-hspacer=\"no_spacer\"  data-halign=\"left\" style=\"text-align:left\"><div class=\"uvc-heading-spacer no_spacer\" style=\"top\"><\/div><div class=\"uvc-main-heading ult-responsive\"  data-ultimate-target='.uvc-heading.ultimate-heading-830569f16421f1765 h4'  data-responsive-json-new='{\"font-size\":\"\",\"line-height\":\"\"}' ><h4 style=\"--font-weight:theme;color:#c40380;margin-bottom:10px;\">LA VITA DELL\u2019ACQUA<\/h4><\/div><div class=\"uvc-sub-heading ult-responsive\"  data-ultimate-target='.uvc-heading.ultimate-heading-830569f16421f1765 .uvc-sub-heading '  data-responsive-json-new='{\"font-size\":\"\",\"line-height\":\"\"}'  style=\"font-weight:normal;margin-bottom:30px;\">Il ciclo dell&#8217;acqua rappresenta un essenziale motore per la vita sulla Terra. Uno speciale cartamodello e tanti esperimenti ci aiuteranno a comprendere meglio la natura e l\u2019importanza del nostro oro blu: l\u2019acqua.<\/div><\/div>[\/vc_column][vc_column width=&#8221;1\/6&#8243;][vc_single_image image=&#8221;2925&#8243; alignment=&#8221;right&#8221; style=&#8221;vc_box_shadow_circle&#8221;][\/vc_column][vc_column width=&#8221;2\/6&#8243;]<div id=\"ultimate-heading-153569f16421f17ed\" class=\"uvc-heading ult-adjust-bottom-margin ultimate-heading-153569f16421f17ed uvc-2487  uvc-heading-default-font-sizes\" data-hspacer=\"no_spacer\"  data-halign=\"left\" style=\"text-align:left\"><div class=\"uvc-heading-spacer no_spacer\" style=\"top\"><\/div><div class=\"uvc-main-heading ult-responsive\"  data-ultimate-target='.uvc-heading.ultimate-heading-153569f16421f17ed h4'  data-responsive-json-new='{\"font-size\":\"\",\"line-height\":\"\"}' ><h4 style=\"--font-weight:theme;color:#c40380;margin-bottom:10px;\">LUCE, BUIO E COLORE<\/h4><\/div><div class=\"uvc-sub-heading ult-responsive\"  data-ultimate-target='.uvc-heading.ultimate-heading-153569f16421f17ed .uvc-sub-heading '  data-responsive-json-new='{\"font-size\":\"\",\"line-height\":\"\"}'  style=\"font-weight:normal;margin-bottom:30px;\">Quanti colori si nascondono in un raggio di luce? \u00e8 vero che esistono luci invisibili? Andiamo alla scoperta di tutti gli ingredienti necessari per creare il nostro arcobaleno in casa.<\/div><\/div>[\/vc_column][vc_column width=&#8221;1\/6&#8243;][vc_single_image image=&#8221;10398&#8243; alignment=&#8221;right&#8221; style=&#8221;vc_box_shadow_circle&#8221;][\/vc_column][vc_column width=&#8221;2\/6&#8243;]<div id=\"ultimate-heading-24169f16421f181d\" class=\"uvc-heading ult-adjust-bottom-margin ultimate-heading-24169f16421f181d uvc-8058  uvc-heading-default-font-sizes\" data-hspacer=\"no_spacer\"  data-halign=\"left\" style=\"text-align:left\"><div class=\"uvc-heading-spacer no_spacer\" style=\"top\"><\/div><div class=\"uvc-main-heading ult-responsive\"  data-ultimate-target='.uvc-heading.ultimate-heading-24169f16421f181d h4'  data-responsive-json-new='{\"font-size\":\"\",\"line-height\":\"\"}' ><h4 style=\"--font-weight:theme;color:#c40380;margin-bottom:10px;\">UN MONDO DI ANIMALI<\/h4><\/div><div class=\"uvc-sub-heading ult-responsive\"  data-ultimate-target='.uvc-heading.ultimate-heading-24169f16421f181d .uvc-sub-heading '  data-responsive-json-new='{\"font-size\":\"\",\"line-height\":\"\"}'  style=\"font-weight:normal;margin-bottom:30px;\">Sapresti riconoscere un animale dal suo verso? O dai suoi occhi? O dalla sua pelle? Tante sfide per imparare l\u2019importanza della biodiversit\u00e0 e portarci a casa un ecosistema\u2026 sulla punta del nostro dito.<\/div><\/div>[\/vc_column][\/vc_row][vc_row css=&#8221;.vc_custom_1566917831073{padding-top: 50px !important;padding-bottom: 0px !important;}&#8221;][vc_column][vc_separator][\/vc_column][\/vc_row][vc_row css=&#8221;.vc_custom_1566917185261{margin-top: px !important;margin-bottom: 0px !important;padding-top: 100px !important;padding-bottom: 100px !important;}&#8221;][vc_column width=&#8221;1\/6&#8243;][vc_single_image image=&#8221;2673&#8243; img_size=&#8221;100&#215;80&#8243; alignment=&#8221;center&#8221; css=&#8221;.vc_custom_1583835672358{padding-bottom: 30px !important;}&#8221;][\/vc_column][vc_column width=&#8221;3\/6&#8243;][vc_column_text]<\/p>\n<h3><span style=\"color: #c40380;\">SPETTACOLI<\/span><\/h3>\n<p>Gli spettacoli arrivano direttamente in classe con un mix di <strong>teatro di figura<\/strong>, <strong>esperimenti<\/strong> di scienza e tante risate.<br \/>\nGli spettacolo sono in collaborazione con <em><strong>Mi Racconti una Storia? <\/strong><\/em>, un&#8217;associazione di Genova. Per le date sar\u00e0 quindi necessario verificare la loro disponibilit\u00e0.<\/p>\n<p>&nbsp;<\/p>\n<p>Durata <strong>60 minuti<\/strong>.<br \/>\nDedicato a un massimo di <strong>60 bambini<\/strong>.[\/vc_column_text][vc_btn title=&#8221;Contattaci!&#8221; color=&#8221;purple&#8221; css=&#8221;.vc_custom_1600452860281{padding-top: 10px !important;padding-bottom: 30px !important;}&#8221; link=&#8221;url:http%3A%2F%2Fwww.fosforoscienza.it%2Findex.php%2Fcontact%2F|title:Contact||&#8221;][\/vc_column][vc_column width=&#8221;2\/6&#8243;][\/vc_column][\/vc_row][vc_row css=&#8221;.vc_custom_1558953219941{margin-top: 30px !important;}&#8221;][vc_column width=&#8221;1\/6&#8243;][vc_single_image image=&#8221;2756&#8243; alignment=&#8221;right&#8221; style=&#8221;vc_box_shadow_circle&#8221; css=&#8221;.vc_custom_1583835709925{padding-top: 30px !important;padding-bottom: 10px !important;}&#8221;][\/vc_column][vc_column width=&#8221;2\/6&#8243;][vc_custom_heading text=&#8221;LO STRANO CASO DELLA POP\u00d2 NEL CORTILE&#8221; font_container=&#8221;tag:h4|text_align:left|color:%23c40380&#8243; use_theme_fonts=&#8221;yes&#8221;][vc_column_text]<\/p>\n<p style=\"text-align: left;\"><em>A PARTIRE DAI TRE ANNI<\/em><\/p>\n<p style=\"text-align: left;\">La quiete di una placida fattoria verr\u00e0 scombussolata quando nonna Clara scoprir\u00e0 che un animaletto screanzato ha fatto nel suo adorato cortile la.. pop\u00f2!<br \/>\nCorre in suo aiuto la nipotina Matilde, che da aspirante naturalista, gi\u00e0 sa che la cacca per gli animali \u00e8 un messaggio: dice molte cose sulla vita di chi la fa! L&#8217;indagine abbia inizio.[\/vc_column_text][\/vc_column][vc_column width=&#8221;1\/6&#8243;][vc_single_image image=&#8221;2758&#8243; alignment=&#8221;right&#8221; style=&#8221;vc_box_shadow_circle&#8221; css=&#8221;.vc_custom_1583835717620{padding-top: 30px !important;padding-bottom: 10px !important;}&#8221;][\/vc_column][vc_column width=&#8221;2\/6&#8243;][vc_custom_heading text=&#8221;WOW, SIGH GULP!<br \/>\nUN ARCOBALENO DI EMOZIONI&#8221; font_container=&#8221;tag:h4|text_align:left|color:%23c40380&#8243; use_theme_fonts=&#8221;yes&#8221;][vc_column_text]<em>A PARTIRE DAI TRE ANNI<\/em><\/p>\n<p>Il Gufo G77 arriva sulla Terra da un pianeta molto, molto lontano!<br \/>\nIl nostro gufo alieno conosce solo due emozioni: gioia e tristezza.<br \/>\nCos\u00ec grazie all&#8217;incontro con i protagonisti di &#8220;Mi racconti una storia?&#8221; ritrover\u00e0 la gioia nella Pecorella Erminia e la tristezza nella Giraffa Gisella. Scoprir\u00e0 poi la paura del pipistrello\u00a0 Vladimiro, il disgusto del Leone Jean Pierre e infine la rabbia del Gufo Melchiorre!<br \/>\nUn viaggio in un arcobaleno di emozioni![\/vc_column_text][\/vc_column][\/vc_row][vc_row css=&#8221;.vc_custom_1558953229243{margin-top: 30px !important;}&#8221;][vc_column width=&#8221;1\/6&#8243;][vc_single_image image=&#8221;2757&#8243; alignment=&#8221;right&#8221; style=&#8221;vc_box_shadow_circle&#8221; css=&#8221;.vc_custom_1583835725731{padding-top: 30px !important;padding-bottom: 10px !important;}&#8221;][\/vc_column][vc_column width=&#8221;2\/6&#8243;][vc_custom_heading text=&#8221;ANIMAL\u2019S GOT TALENT&#8221; font_container=&#8221;tag:h4|text_align:left|color:%23c40380&#8243; use_theme_fonts=&#8221;yes&#8221;][vc_column_text]<\/p>\n<p style=\"text-align: left;\"><em>A PARTIRE DAI 4 ANNI<\/em><\/p>\n<p style=\"text-align: left;\">&#8220;Meglio vivere un giorno da leone che cento anni da pecorella..\u201d questo \u00e8 il motto che spinge Erminia a partecipare ai provini di Animal\u2019s Got Talent, decisa a riscattare l\u2019immagine delle sue simili! Pronta a partire si imbatter\u00e0 in uno sciopero dei treni e in tutti gli aspiranti\u00a0 partecipanti&#8230; Scopriamo allora le caratteristiche peculiari che rendono unici e per questo motivo speciali tutti i protagonisti di \u201cMi racconti una storia?\u201d<\/p>\n<p>[\/vc_column_text][\/vc_column][\/vc_row][vc_row css=&#8221;.vc_custom_1610039411979{padding-top: 50px !important;padding-bottom: 15px !important;}&#8221;][vc_column][\/vc_column][\/vc_row]<\/p>\n<\/div>","protected":false},"excerpt":{"rendered":"<p>[vc_row][vc_column width=&#8221;3\/6&#8243;][\/vc_column][vc_column width=&#8221;2\/6&#8243;][vc_column_text] SCUOLA DELL&#8217;INFANZIA [\/vc_column_text][\/vc_column][vc_column width=&#8221;1\/6&#8243;][vc_single_image image=&#8221;2674&#8243; img_size=&#8221;100&#215;100&#8243;][\/vc_column][\/vc_row][vc_row css=&#8221;.vc_custom_1566917810812{padding-top: 50px !important;padding-bottom: 0px !important;}&#8221;][vc_column][vc_separator][\/vc_column][\/vc_row][vc_row disable_element=&#8221;yes&#8221; type=&#8221;vc_default&#8221; margin_top=&#8221;60&#8243; margin_bottom=&#8221;-40&#8243; css=&#8221;.vc_custom_1751442034337{padding-top: 30px !important;}&#8221;][vc_column width=&#8221;1\/2&#8243;][vc_single_image image=&#8221;10620&#8243; img_size=&#8221;full&#8221; css=&#8221;.vc_custom_1720450760319{padding-bottom: 20px !important;}&#8221;][\/vc_column][vc_column width=&#8221;1\/2&#8243;][vc_column_text css=&#8221;&#8221;]Tramite i Decreti Ministeriali n. 65\/2023 e n.66\/2023 il Ministero dell\u2019Istruzione e del Merito mette a disposizione dei fondi del PNRR per promuovere l\u2019integrazione, in tutti i&hellip;<\/p>\n","protected":false},"author":1,"featured_media":0,"parent":2638,"menu_order":0,"comment_status":"closed","ping_status":"closed","template":"","meta":{"_monsterinsights_skip_tracking":false,"_monsterinsights_sitenote_active":false,"_monsterinsights_sitenote_note":"","_monsterinsights_sitenote_category":0,"footnotes":""},"class_list":["post-2667","page","type-page","status-publish","hentry","description-off"],"_links":{"self":[{"href":"https:\/\/www.fosforoscienza.it\/index.php\/wp-json\/wp\/v2\/pages\/2667","targetHints":{"allow":["GET"]}}],"collection":[{"href":"https:\/\/www.fosforoscienza.it\/index.php\/wp-json\/wp\/v2\/pages"}],"about":[{"href":"https:\/\/www.fosforoscienza.it\/index.php\/wp-json\/wp\/v2\/types\/page"}],"author":[{"embeddable":true,"href":"https:\/\/www.fosforoscienza.it\/index.php\/wp-json\/wp\/v2\/users\/1"}],"replies":[{"embeddable":true,"href":"https:\/\/www.fosforoscienza.it\/index.php\/wp-json\/wp\/v2\/comments?post=2667"}],"version-history":[{"count":42,"href":"https:\/\/www.fosforoscienza.it\/index.php\/wp-json\/wp\/v2\/pages\/2667\/revisions"}],"predecessor-version":[{"id":10972,"href":"https:\/\/www.fosforoscienza.it\/index.php\/wp-json\/wp\/v2\/pages\/2667\/revisions\/10972"}],"up":[{"embeddable":true,"href":"https:\/\/www.fosforoscienza.it\/index.php\/wp-json\/wp\/v2\/pages\/2638"}],"wp:attachment":[{"href":"https:\/\/www.fosforoscienza.it\/index.php\/wp-json\/wp\/v2\/media?parent=2667"}],"curies":[{"name":"wp","href":"https:\/\/api.w.org\/{rel}","templated":true}]}}