{"id":3765,"date":"2020-03-10T16:40:00","date_gmt":"2020-03-10T15:40:00","guid":{"rendered":"http:\/\/www.fosforoscienza.it\/?page_id=3765"},"modified":"2026-04-15T10:09:13","modified_gmt":"2026-04-15T08:09:13","slug":"partner","status":"publish","type":"page","link":"https:\/\/www.fosforoscienza.it\/index.php\/partner\/","title":{"rendered":"PARTNER"},"content":{"rendered":"<div class=\"wpb-content-wrapper\"><p>[vc_row css=&#8221;.vc_custom_1703155250009{padding-top: 70px !important;padding-bottom: 50px !important;}&#8221;][vc_column][vc_tabs][vc_tab title=&#8221;Tutti i partner&#8221; tab_id=&#8221;1703155654400-2-6&#8243;][vc_row_inner css=&#8221;.vc_custom_1703156497530{padding-bottom: 50px !important;}&#8221;][vc_column_inner width=&#8221;1\/2&#8243;][\/vc_column_inner][vc_column_inner width=&#8221;1\/2&#8243;]<div id=\"ultimate-heading-286969ee1ea96168f\" class=\"uvc-heading ult-adjust-bottom-margin ultimate-heading-286969ee1ea96168f uvc-3576 accent-border-color\" data-hspacer=\"line_only\"  data-halign=\"right\" style=\"text-align:right\"><div class=\"uvc-main-heading ult-responsive\"  data-ultimate-target='.uvc-heading.ultimate-heading-286969ee1ea96168f h2'  data-responsive-json-new='{\"font-size\":\"desktop:30px;\",\"line-height\":\"desktop:36px;\"}' ><h2 style=\"font-weight:bold;margin-bottom:15px;\">PARTNER ISTITUZIONALI<\/h2><\/div><div class=\"uvc-heading-spacer line_only\" style=\"topheight:5px;\"><span class=\"uvc-headings-line\" style=\"border-style:solid;border-bottom-width:5px;border-color:;width:200px;\"><\/span><\/div><\/div>[vc_column_text css=&#8221;.vc_custom_1594727265761{padding-top: 30px !important;}&#8221;]<\/p>\n<p style=\"text-align: right;\">Le istituzioni che sostengono le iniziative di fosforo:<\/p>\n<p>[\/vc_column_text][\/vc_column_inner][\/vc_row_inner][vc_row_inner equal_height=&#8221;yes&#8221;][vc_column_inner width=&#8221;1\/4&#8243;][vc_single_image image=&#8221;4030&#8243; alignment=&#8221;center&#8221; css=&#8221;.vc_custom_1587750669324{padding-bottom: 10px !important;}&#8221;][vc_column_text css=&#8221;.vc_custom_1665497570881{padding-bottom: 50px !important;}&#8221;]<\/p>\n<p style=\"text-align: center;\"><strong>AIRC<\/strong><\/p>\n<p style=\"text-align: center;\">La Fondazione AIRC da oltre 50 anni coltiva un\u2019ambizione che in parte \u00e8 gi\u00e0 realt\u00e0: rendere il cancro sempre pi\u00f9 curabile.<\/p>\n<p>[\/vc_column_text][\/vc_column_inner][vc_column_inner width=&#8221;1\/4&#8243;][vc_single_image image=&#8221;4031&#8243; alignment=&#8221;center&#8221; css=&#8221;.vc_custom_1587750685366{padding-bottom: 10px !important;}&#8221;][vc_column_text css=&#8221;.vc_custom_1613380715640{padding-bottom: 50px !important;}&#8221;]<\/p>\n<p style=\"text-align: center;\"><strong>ANCI<\/strong><\/p>\n<p style=\"text-align: center;\">L&#8217; Associazione Nazionale Comuni Italiani comprende 7.041 Comuni, rappresentativi del 90% della popolazione.<\/p>\n<p>[\/vc_column_text][\/vc_column_inner][vc_column_inner width=&#8221;1\/4&#8243;][vc_single_image image=&#8221;9687&#8243; alignment=&#8221;center&#8221; css=&#8221;.vc_custom_1689604404458{padding-bottom: 10px !important;}&#8221;][vc_column_text css=&#8221;.vc_custom_1613380726156{padding-bottom: 50px !important;}&#8221;]<\/p>\n<p style=\"text-align: center;\"><strong>Fondazione Cariverona<\/strong><\/p>\n<p style=\"text-align: center;\">Fondazioni che persegue esclusivamente scopi di utilit\u00e0 sociale e di promozione dello sviluppo economico.<\/p>\n<p>[\/vc_column_text][\/vc_column_inner][vc_column_inner width=&#8221;1\/4&#8243;][vc_single_image image=&#8221;3759&#8243; alignment=&#8221;center&#8221; css=&#8221;.vc_custom_1587987261513{padding-bottom: 10px !important;}&#8221;][vc_column_text css=&#8221;.vc_custom_1665498083302{padding-bottom: 50px !important;}&#8221;]<\/p>\n<p style=\"text-align: center;\"><strong>CNR<\/strong><\/p>\n<p style=\"text-align: center;\">La principale struttura di ricerca italiana, ha il compito di svolgere, promuovere e diffondere attivit\u00e0 di ricerca scientifica e tecnologica.<\/p>\n<p>[\/vc_column_text][\/vc_column_inner][vc_column_inner width=&#8221;1\/4&#8243;][vc_single_image image=&#8221;9600&#8243; alignment=&#8221;center&#8221; css=&#8221;.vc_custom_1686578685961{padding-bottom: 10px !important;}&#8221;][vc_column_text css=&#8221;.vc_custom_1686578846579{padding-bottom: 50px !important;}&#8221;]<\/p>\n<p style=\"text-align: center;\"><strong>European Space Agency<\/strong><\/p>\n<p style=\"text-align: center;\">Agenzia internazionale fondata nel 1975 incaricata di coordinare i progetti spaziali di 22 Paesi europei.<\/p>\n<p>[\/vc_column_text][\/vc_column_inner][vc_column_inner width=&#8221;1\/4&#8243;][vc_single_image image=&#8221;11216&#8243; alignment=&#8221;center&#8221; css=&#8221;.vc_custom_1770912073314{padding-bottom: 10px !important;}&#8221;][vc_column_text css=&#8221;.vc_custom_1665497781159{padding-bottom: 50px !important;}&#8221;]<\/p>\n<p style=\"text-align: center;\"><strong>Fondazione Veronesi<\/strong><\/p>\n<p style=\"text-align: center;\">Nasce con lo scopo di promuovere la ricerca con progetti di prevenzione, educazione alla salute e divulgazione scientifica.<\/p>\n<p>[\/vc_column_text][\/vc_column_inner][vc_column_inner width=&#8221;1\/4&#8243;][vc_single_image image=&#8221;4044&#8243; alignment=&#8221;center&#8221; css=&#8221;.vc_custom_1587984078838{padding-bottom: 10px !important;}&#8221;][vc_column_text css=&#8221;.vc_custom_1665497607753{padding-bottom: 50px !important;}&#8221;]<\/p>\n<p style=\"text-align: center;\"><strong>INAF<\/strong><\/p>\n<p style=\"text-align: center;\">Ente di ricerca pubblico italiano per l&#8217;astronomia e l&#8217;astrofisica. Erede culturale e storico degli osservatori astronomici.<\/p>\n<p>[\/vc_column_text][\/vc_column_inner][vc_column_inner width=&#8221;1\/4&#8243;][vc_single_image image=&#8221;7739&#8243; alignment=&#8221;center&#8221; css=&#8221;.vc_custom_1673521239758{padding-bottom: 10px !important;}&#8221;][vc_column_text css=&#8221;.vc_custom_1673521383229{padding-bottom: 50px !important;}&#8221;]<\/p>\n<p style=\"text-align: center;\"><strong>Parco Nazionale dello zolfo di Marche e Romagna<\/strong><\/p>\n<p style=\"text-align: center;\">Promuove, conserva, recupera, studia e valorizza del patrimonio ambientale, architettonico e non solo legato ai siti\u00a0d\u2019estrazione dello zolfo<\/p>\n<p>[\/vc_column_text][\/vc_column_inner][vc_column_inner width=&#8221;1\/4&#8243;][vc_single_image image=&#8221;9597&#8243; alignment=&#8221;center&#8221; css=&#8221;.vc_custom_1686578706340{padding-bottom: 10px !important;}&#8221;][vc_column_text css=&#8221;.vc_custom_1686578806713{padding-bottom: 50px !important;}&#8221;]<\/p>\n<p style=\"text-align: center;\"><strong>Virgo<\/strong><\/p>\n<div class=\"page\" title=\"Page 10\">\n<div class=\"layoutArea\">\n<div class=\"column\">\n<p style=\"text-align: center;\">Un grande interferometro situato a Cascina (PI) costruito da una collaborazione internazionale per rilevare onde gravitazionali provenienti dall&#8217;universo.<\/p>\n<\/div>\n<\/div>\n<\/div>\n<p>[\/vc_column_text][\/vc_column_inner][\/vc_row_inner][vc_row_inner css=&#8221;.vc_custom_1703156502772{padding-bottom: 50px !important;}&#8221;][vc_column_inner width=&#8221;1\/2&#8243;][\/vc_column_inner][vc_column_inner width=&#8221;1\/2&#8243;]<div id=\"ultimate-heading-178669ee1ea9616eb\" class=\"uvc-heading ult-adjust-bottom-margin ultimate-heading-178669ee1ea9616eb uvc-5361 accent-border-color\" data-hspacer=\"line_only\"  data-halign=\"right\" style=\"text-align:right\"><div class=\"uvc-main-heading ult-responsive\"  data-ultimate-target='.uvc-heading.ultimate-heading-178669ee1ea9616eb h2'  data-responsive-json-new='{\"font-size\":\"desktop:30px;\",\"line-height\":\"desktop:36px;\"}' ><h2 style=\"font-weight:bold;margin-bottom:15px;\">UNIVERSIT\u00e0<\/h2><\/div><div class=\"uvc-heading-spacer line_only\" style=\"topheight:5px;\"><span class=\"uvc-headings-line\" style=\"border-style:solid;border-bottom-width:5px;border-color:;width:200px;\"><\/span><\/div><\/div>[vc_column_text css=&#8221;.vc_custom_1594727367953{padding-top: 30px !important;}&#8221;]<\/p>\n<p style=\"text-align: right;\">Le universit\u00e0 con cui collaboriamo nella realizzazione di mostre, eventi e laboratori<\/p>\n<p>[\/vc_column_text][\/vc_column_inner][\/vc_row_inner][vc_row_inner equal_height=&#8221;yes&#8221;][vc_column_inner width=&#8221;1\/4&#8243;][vc_single_image image=&#8221;3790&#8243; img_size=&#8221;large&#8221; alignment=&#8221;center&#8221; css=&#8221;.vc_custom_1583873598489{padding-bottom: 10px !important;}&#8221;][vc_column_text css=&#8221;.vc_custom_1613380796968{padding-bottom: 50px !important;}&#8221;]<\/p>\n<p style=\"text-align: center;\"><strong>UNICAM<\/strong><\/p>\n<p style=\"text-align: center;\">L&#8217;Universit\u00e0 di Camerino rappresenta una delle pi\u00f9 interessanti ed innovative realt\u00e0 italiane, con quasi 700 anni di storia.<\/p>\n<p>[\/vc_column_text][\/vc_column_inner][vc_column_inner width=&#8221;1\/4&#8243;][vc_single_image image=&#8221;3809&#8243; img_size=&#8221;large&#8221; alignment=&#8221;center&#8221; css=&#8221;.vc_custom_1587987207941{padding-bottom: 10px !important;}&#8221;][vc_column_text css=&#8221;.vc_custom_1613380852696{padding-bottom: 50px !important;}&#8221;]<\/p>\n<p style=\"text-align: center;\"><strong>UNIGE<\/strong><\/p>\n<p style=\"text-align: center;\">Una delle maggiori risorse culturali e scientifiche del Mediterraneo e del nord ovest italiano, in costante dialogo con la citt\u00e0 e il tessuto economico.<\/p>\n<p>[\/vc_column_text][\/vc_column_inner][vc_column_inner width=&#8221;1\/4&#8243;][vc_single_image image=&#8221;7364&#8243; img_size=&#8221;large&#8221; alignment=&#8221;center&#8221; css=&#8221;.vc_custom_1657882751885{padding-bottom: 10px !important;}&#8221;][vc_column_text css=&#8221;.vc_custom_1657883204372{padding-bottom: 50px !important;}&#8221;]<\/p>\n<p style=\"text-align: center;\"><strong>UNIMC<\/strong><\/p>\n<p style=\"text-align: center;\">Da oltre sette secoli l&#8217;Universit\u00e0 di Macerata \u00e8 il luogo dell\u2019umanesimo che innova, che apre orizzonti fisici e culturali.<\/p>\n<p>[\/vc_column_text][\/vc_column_inner][vc_column_inner width=&#8221;1\/4&#8243;][vc_single_image image=&#8221;3780&#8243; img_size=&#8221;large&#8221; alignment=&#8221;center&#8221; css=&#8221;.vc_custom_1583873605128{padding-bottom: 10px !important;}&#8221;][vc_column_text css=&#8221;.vc_custom_1613380833727{padding-bottom: 50px !important;}&#8221;]<\/p>\n<p style=\"text-align: center;\"><strong>UNIVPM<\/strong><\/p>\n<p style=\"text-align: center;\">Universit\u00e0 di vocazione prevalentemente tecnico scientifica, ha come obiettivo primario la ricerca scientifica e la didattica.<\/p>\n<p>[\/vc_column_text][\/vc_column_inner][vc_column_inner width=&#8221;1\/4&#8243;][vc_single_image image=&#8221;9603&#8243; img_size=&#8221;large&#8221; alignment=&#8221;center&#8221; css=&#8221;.vc_custom_1686579062600{padding-bottom: 10px !important;}&#8221;][vc_column_text css=&#8221;.vc_custom_1686578960827{padding-bottom: 50px !important;}&#8221;]<\/p>\n<p style=\"text-align: center;\"><strong>UNIURB<\/strong><\/p>\n<p style=\"text-align: center;\">Ateneo ricco di storia e di una grande tradizione del sapere, impegnata da sempre nella ricerca e al contempo nell\u2019innovazione.<\/p>\n<p>[\/vc_column_text][\/vc_column_inner][\/vc_row_inner][vc_row_inner css=&#8221;.vc_custom_1703156508255{padding-bottom: 50px !important;}&#8221;][vc_column_inner width=&#8221;1\/2&#8243;][\/vc_column_inner][vc_column_inner width=&#8221;1\/2&#8243;]<div id=\"ultimate-heading-852369ee1ea961720\" class=\"uvc-heading ult-adjust-bottom-margin ultimate-heading-852369ee1ea961720 uvc-9375 accent-border-color\" data-hspacer=\"line_only\"  data-halign=\"right\" style=\"text-align:right\"><div class=\"uvc-main-heading ult-responsive\"  data-ultimate-target='.uvc-heading.ultimate-heading-852369ee1ea961720 h2'  data-responsive-json-new='{\"font-size\":\"desktop:30px;\",\"line-height\":\"desktop:36px;\"}' ><h2 style=\"font-weight:bold;margin-bottom:15px;\">PARTNER LOCALI<\/h2><\/div><div class=\"uvc-heading-spacer line_only\" style=\"topheight:5px;\"><span class=\"uvc-headings-line\" style=\"border-style:solid;border-bottom-width:5px;border-color:;width:200px;\"><\/span><\/div><\/div>[vc_column_text css=&#8221;.vc_custom_1594727390566{padding-top: 30px !important;}&#8221;]<\/p>\n<p style=\"text-align: right;\">Le istituzioni locali che sostengono le iniziative di fosforo:<\/p>\n<p>[\/vc_column_text][\/vc_column_inner][\/vc_row_inner][vc_row_inner equal_height=&#8221;yes&#8221;][vc_column_inner width=&#8221;1\/4&#8243;][vc_single_image image=&#8221;6057&#8243; alignment=&#8221;center&#8221; css=&#8221;.vc_custom_1619427427950{padding-bottom: 10px !important;}&#8221;][vc_column_text css=&#8221;.vc_custom_1619427419816{padding-bottom: 50px !important;}&#8221;]<\/p>\n<p style=\"text-align: center;\"><strong>Associazione Albergatori di Senigallia<\/strong><\/p>\n<p style=\"text-align: center;\">Svolgono attivit\u00e0 di promozione\u00a0e di\u00a0assistenza delle strutture alberghiere associate. Si battono inoltre per la crescita a la tutela della categoria.<\/p>\n<p>[\/vc_column_text][\/vc_column_inner][vc_column_inner width=&#8221;1\/4&#8243;][vc_single_image image=&#8221;6060&#8243; alignment=&#8221;center&#8221; css=&#8221;.vc_custom_1619428004276{padding-bottom: 10px !important;}&#8221;][vc_column_text css=&#8221;.vc_custom_1619428071904{padding-bottom: 50px !important;}&#8221;]<\/p>\n<p style=\"text-align: center;\"><strong>CARITAS SENIGALLIA<\/strong><\/p>\n<p style=\"text-align: center;\">Organismo pastorale della Chiesa Cattolica, promuove la testimonianza della carit\u00e0 cristiana, aiutando la comunit\u00e0 diocesana a diventare comunit\u00e0 di carit\u00e0.<\/p>\n<p>[\/vc_column_text][\/vc_column_inner][vc_column_inner width=&#8221;1\/4&#8243;][vc_single_image image=&#8221;6056&#8243; alignment=&#8221;center&#8221; css=&#8221;.vc_custom_1619427345024{padding-bottom: 10px !important;}&#8221;][vc_column_text css=&#8221;.vc_custom_1619427449747{padding-bottom: 50px !important;}&#8221;]<\/p>\n<p style=\"text-align: center;\"><strong>Comune di Corinaldo<\/strong><\/p>\n<p style=\"text-align: center;\">Comune della provincia di Ancona, gi\u00e0 da tempo inserito nel club &#8220;I borghi pi\u00f9 belli d&#8217;Italia&#8221;,\u00a0\u00e8 stato ufficialmente denominato il\u00a0<i>Borgo pi\u00f9 bello d&#8217;Italia<\/i> nel 2007.<\/p>\n<p>[\/vc_column_text][\/vc_column_inner][vc_column_inner width=&#8221;1\/4&#8243;][vc_single_image image=&#8221;6054&#8243; alignment=&#8221;center&#8221; css=&#8221;.vc_custom_1619427173699{padding-bottom: 10px !important;}&#8221;][vc_column_text css=&#8221;.vc_custom_1619427453267{padding-bottom: 50px !important;}&#8221;]<\/p>\n<p style=\"text-align: center;\"><strong>Comune di San Ginesio<\/strong><\/p>\n<p style=\"text-align: center;\">Comune del maceratese, fa parte del club dei Borghi pi\u00f9 belli d&#8217;Italia ed \u00e8 stato insignito della Bandiera arancione dal Touring Club Italiano.<\/p>\n<p>[\/vc_column_text][\/vc_column_inner][vc_column_inner width=&#8221;1\/4&#8243;][vc_single_image image=&#8221;4029&#8243; alignment=&#8221;center&#8221; css=&#8221;.vc_custom_1587747055951{padding-bottom: 10px !important;}&#8221;][vc_column_text css=&#8221;.vc_custom_1619427456660{padding-bottom: 50px !important;}&#8221;]<\/p>\n<p style=\"text-align: center;\"><strong>Comune di Senigallia<\/strong><\/p>\n<p style=\"text-align: center;\">Senigallia \u00e8 un comune italiano della provincia di Ancona all&#8217;interno delle Marche, secondo della provincia per numero di abitanti dopo il capoluogo.<\/p>\n<p>[\/vc_column_text][\/vc_column_inner][vc_column_inner width=&#8221;1\/4&#8243;][vc_single_image image=&#8221;4033&#8243; alignment=&#8221;center&#8221; css=&#8221;.vc_custom_1587750736257{padding-bottom: 10px !important;}&#8221;][vc_column_text css=&#8221;.vc_custom_1613380895659{padding-bottom: 50px !important;}&#8221;]<\/p>\n<p style=\"text-align: center;\"><strong>Consiglio regionale<\/strong><\/p>\n<p style=\"text-align: center;\">L&#8217;organo legislativo rappresentativo della Regione Marche, ha il compito di guidare e controllare l&#8217;operato della giunta regionale.<\/p>\n<p>[\/vc_column_text][\/vc_column_inner][vc_column_inner width=&#8221;1\/4&#8243;][vc_single_image image=&#8221;3747&#8243; alignment=&#8221;center&#8221; css=&#8221;.vc_custom_1583873783889{padding-bottom: 10px !important;}&#8221;][vc_column_text css=&#8221;.vc_custom_1613380911965{padding-bottom: 50px !important;}&#8221;]<\/p>\n<p style=\"text-align: center;\"><strong>Fondazione Citt\u00e0 di Senigallia<\/strong><\/p>\n<p style=\"text-align: center;\">Fondazione con lo scopo di fornire interventi socio-assistenziali prevalentemente dedicati a persone anziane e\/o con ridotta autosufficienza fisica.<\/p>\n<p>[\/vc_column_text][\/vc_column_inner][vc_column_inner width=&#8221;1\/4&#8243;][vc_single_image image=&#8221;4034&#8243; alignment=&#8221;center&#8221; css=&#8221;.vc_custom_1587750745965{padding-bottom: 10px !important;}&#8221;][vc_column_text css=&#8221;.vc_custom_1619427463680{padding-bottom: 50px !important;}&#8221;]<\/p>\n<p style=\"text-align: center;\"><strong>GIS<\/strong><\/p>\n<p style=\"text-align: center;\">Un gruppo di imprenditori uniti dalla volont\u00e0 di creare momenti periodici di aggregazione amichevole e di travaso di esperienze tra gli imprenditori del territorio.<\/p>\n<p>[\/vc_column_text][\/vc_column_inner][vc_column_inner width=&#8221;1\/4&#8243;][vc_single_image image=&#8221;6055&#8243; alignment=&#8221;center&#8221; css=&#8221;.vc_custom_1619427811189{padding-bottom: 10px !important;}&#8221;][vc_column_text css=&#8221;.vc_custom_1619428292575{padding-bottom: 50px !important;}&#8221;]<\/p>\n<p style=\"text-align: center;\"><strong>INFORMAGIOVANI (AN)<\/strong><\/p>\n<p style=\"text-align: center;\">Servizio pubblico e gratuito di informazione e orientamento su lavoro, formazione, opportunit\u00e0 all\u2019estero, servizi al cittadino e tanto altro.<\/p>\n<p>[\/vc_column_text][\/vc_column_inner][vc_column_inner width=&#8221;1\/4&#8243;][vc_single_image image=&#8221;4035&#8243; alignment=&#8221;center&#8221; css=&#8221;.vc_custom_1587750754666{padding-bottom: 10px !important;}&#8221;][vc_column_text css=&#8221;.vc_custom_1613380942580{padding-bottom: 50px !important;}&#8221;]<\/p>\n<p style=\"text-align: center;\"><strong>MEMO<\/strong><\/p>\n<p style=\"text-align: center;\">La Mediateca Montanari \u00e8 una biblioteca multimediale di informazione generale, parte del Servizio Bibliotecario della Citt\u00e0 di Fano.<\/p>\n<p>[\/vc_column_text][\/vc_column_inner][vc_column_inner width=&#8221;1\/4&#8243;][vc_single_image image=&#8221;7128&#8243; alignment=&#8221;center&#8221; css=&#8221;.vc_custom_1637057782728{padding-bottom: 10px !important;}&#8221;][vc_column_text css=&#8221;.vc_custom_1637057604446{padding-bottom: 50px !important;}&#8221;]<\/p>\n<p style=\"text-align: center;\"><strong>Regione Marche<\/strong><\/p>\n<p style=\"text-align: center;\">Regione italiana affacciata sul Mar Mediterraneo composta da 5 province, 225 comuni e 1.501.406 abitanti<\/p>\n<p>[\/vc_column_text][\/vc_column_inner][vc_column_inner width=&#8221;1\/4&#8243;][vc_single_image image=&#8221;6058&#8243; alignment=&#8221;center&#8221; css=&#8221;.vc_custom_1619428083204{padding-bottom: 10px !important;}&#8221;][vc_column_text css=&#8221;.vc_custom_1637678629640{padding-bottom: 50px !important;}&#8221;]<\/p>\n<p style=\"text-align: center;\"><strong>SENA NOVA<\/strong><\/p>\n<p style=\"text-align: center;\">Promuove la cultura classica e valorizza le iniziative dei giovani nei settori della cultura, delle scienze, dell\u2019arte e del lavoro. Gestisce l&#8217;area &#8220;Boscomio&#8221;.<\/p>\n<p>[\/vc_column_text][\/vc_column_inner][\/vc_row_inner][vc_row_inner css=&#8221;.vc_custom_1703156513271{padding-bottom: 50px !important;}&#8221;][vc_column_inner width=&#8221;1\/2&#8243;][\/vc_column_inner][vc_column_inner width=&#8221;1\/2&#8243;]<div id=\"ultimate-heading-52869ee1ea96174f\" class=\"uvc-heading ult-adjust-bottom-margin ultimate-heading-52869ee1ea96174f uvc-3490 accent-border-color\" data-hspacer=\"line_only\"  data-halign=\"right\" style=\"text-align:right\"><div class=\"uvc-main-heading ult-responsive\"  data-ultimate-target='.uvc-heading.ultimate-heading-52869ee1ea96174f h2'  data-responsive-json-new='{\"font-size\":\"desktop:30px;\",\"line-height\":\"desktop:36px;\"}' ><h2 style=\"font-weight:bold;margin-bottom:15px;\">PARTNER SCIENTIFICI<\/h2><\/div><div class=\"uvc-heading-spacer line_only\" style=\"topheight:5px;\"><span class=\"uvc-headings-line\" style=\"border-style:solid;border-bottom-width:5px;border-color:;width:200px;\"><\/span><\/div><\/div>[vc_column_text css=&#8221;.vc_custom_1594727409984{padding-top: 30px !important;}&#8221;]<\/p>\n<p style=\"text-align: right;\">Le Istituzioni Scientifiche con le quali abbiamo collaborato negli anni e le realt\u00e0 di divulgazione scientifica con cui abbiamo realizzato progetti<\/p>\n<p>[\/vc_column_text][\/vc_column_inner][\/vc_row_inner][vc_row_inner equal_height=&#8221;yes&#8221;][vc_column_inner width=&#8221;1\/4&#8243;][vc_single_image image=&#8221;3992&#8243; alignment=&#8221;center&#8221; css=&#8221;.vc_custom_1584371635678{padding-bottom: 10px !important;}&#8221;][vc_column_text css=&#8221;.vc_custom_1613380140192{padding-bottom: 50px !important;}&#8221;]<\/p>\n<p style=\"text-align: center;\"><strong>06Scienza<\/strong> nasce a Roma<span class=\"text_exposed_show\">\u00a0con l\u2019obiettivo di trasmettere passione e informazione scientifica in modo semplice e coinvolgente.<\/span><\/p>\n<p>[\/vc_column_text][\/vc_column_inner][vc_column_inner width=&#8221;1\/4&#8243;][vc_single_image image=&#8221;3754&#8243; alignment=&#8221;center&#8221; css=&#8221;.vc_custom_1587987285400{padding-bottom: 10px !important;}&#8221;][vc_column_text css=&#8221;.vc_custom_1613380144905{padding-bottom: 50px !important;}&#8221;]<\/p>\n<p style=\"text-align: center;\">Il <strong>10lab<\/strong> \u00e8 lo spazio interattivo per la promozione della cultura scientifica e dell&#8217;innovazione di Sardegna Ricerche.<\/p>\n<p>[\/vc_column_text][\/vc_column_inner][vc_column_inner width=&#8221;1\/4&#8243;][vc_single_image image=&#8221;4037&#8243; alignment=&#8221;center&#8221; css=&#8221;.vc_custom_1587987290171{padding-bottom: 10px !important;}&#8221;][vc_column_text css=&#8221;.vc_custom_1613380175712{padding-bottom: 50px !important;}&#8221;]<\/p>\n<p style=\"text-align: center;\"><strong>B:kind<\/strong> \u00e8 un&#8217;associazione pisana che si occupa di divulgazione scientifica, organizzando laboratori e spettacoli su tutto il territorio nazionale.<\/p>\n<p>[\/vc_column_text][\/vc_column_inner][vc_column_inner width=&#8221;1\/4&#8243;][vc_single_image image=&#8221;4036&#8243; alignment=&#8221;center&#8221; css=&#8221;.vc_custom_1587750780585{padding-bottom: 10px !important;}&#8221;][vc_column_text css=&#8221;.vc_custom_1613380190620{padding-bottom: 50px !important;}&#8221;]<\/p>\n<p style=\"text-align: center;\"><strong>Blips<\/strong> \u00e8 un set di mini-lenti per smartphone, prodotte da SmartMicroOptics, che ti consentono di osservare nel dettaglio il micromondo.<\/p>\n<p>[\/vc_column_text][\/vc_column_inner][vc_column_inner width=&#8221;1\/4&#8243;][vc_single_image image=&#8221;7460&#8243; alignment=&#8221;center&#8221; css=&#8221;.vc_custom_1665493552405{padding-bottom: 10px !important;}&#8221;][vc_column_text css=&#8221;.vc_custom_1665493594054{padding-bottom: 50px !important;}&#8221;]<\/p>\n<p style=\"text-align: center;\"><strong>Brown Enterprises<\/strong> \u00e8 una societ\u00e0 specializzata nella realizzazione di eventi di divulgazione scientifica, operativa su tutto il territorio nazionale.<\/p>\n<p>[\/vc_column_text][\/vc_column_inner][vc_column_inner width=&#8221;1\/4&#8243;][vc_single_image image=&#8221;3753&#8243; alignment=&#8221;center&#8221; css=&#8221;.vc_custom_1584353005944{padding-bottom: 10px !important;}&#8221;][vc_column_text css=&#8221;.vc_custom_1613380201118{padding-bottom: 50px !important;}&#8221;]<\/p>\n<p style=\"text-align: center;\"><strong>Codemotion<\/strong> migliora la crescita professionale degli sviluppatori collegando professionisti informatici, comunit\u00e0 tecnologiche e aziende.<\/p>\n<p>[\/vc_column_text][\/vc_column_inner][vc_column_inner width=&#8221;1\/4&#8243;][vc_single_image image=&#8221;3761&#8243; alignment=&#8221;center&#8221; css=&#8221;.vc_custom_1583873719844{padding-bottom: 10px !important;}&#8221;][vc_column_text css=&#8221;.vc_custom_1613380205797{padding-bottom: 50px !important;}&#8221;]<\/p>\n<p style=\"text-align: center;\"><strong>DiScienza<\/strong> \u00e8 un\u2019associazione che opera nel settore della comunicazione scientifica con l\u2019obiettivo di sviluppare e diffondere la conoscenza di scienza e tecnologia.<\/p>\n<p>[\/vc_column_text][\/vc_column_inner][vc_column_inner width=&#8221;1\/4&#8243;][vc_single_image image=&#8221;7738&#8243; alignment=&#8221;center&#8221; css=&#8221;.vc_custom_1673521453199{padding-bottom: 10px !important;}&#8221;][vc_column_text css=&#8221;.vc_custom_1673521492750{padding-bottom: 50px !important;}&#8221;]<\/p>\n<p style=\"text-align: center;\"><strong>Di.Te.<\/strong> promuove interventi finalizzati alla prevenzione e al contrasto di questi fenomeni attraverso consulenza, informazione e sensibilizzazione.<\/p>\n<p>[\/vc_column_text][\/vc_column_inner][vc_column_inner width=&#8221;1\/4&#8243;][vc_single_image image=&#8221;5965&#8243; alignment=&#8221;center&#8221; css=&#8221;.vc_custom_1613379975871{padding-bottom: 10px !important;}&#8221;][vc_column_text css=&#8221;.vc_custom_1665493634761{padding-bottom: 50px !important;}&#8221;]<\/p>\n<p style=\"text-align: center;\"><strong>Dot\u00eck <\/strong>\u00e8 un gruppo di professionisti che guardano alla comunicazione in modo diverso dal solito, realizzando progetti innovativi e originali riferiti alla comunicazione della scienza.<\/p>\n<p>[\/vc_column_text][\/vc_column_inner][vc_column_inner width=&#8221;1\/4&#8243;][vc_single_image image=&#8221;3993&#8243; alignment=&#8221;center&#8221; css=&#8221;.vc_custom_1584371626757{padding-bottom: 10px !important;}&#8221;][vc_column_text css=&#8221;.vc_custom_1613380210948{padding-bottom: 50px !important;}&#8221;]<\/p>\n<p style=\"text-align: center;\">Il <strong>Festival della Scienza<\/strong> di Genova \u00e8 un punto di riferimento per la divulgazione della scienza a livello internazionale.<\/p>\n<p>[\/vc_column_text][\/vc_column_inner][vc_column_inner width=&#8221;1\/4&#8243;][vc_single_image image=&#8221;4200&#8243; alignment=&#8221;center&#8221; css=&#8221;.vc_custom_1590075894768{padding-bottom: 10px !important;}&#8221;][vc_column_text css=&#8221;.vc_custom_1613380226837{padding-bottom: 50px !important;}&#8221;]<\/p>\n<p style=\"text-align: center;\"><strong>Frame<\/strong> \u00e8 un gruppo di professionisti della comunicazione della scienza con esperienza in festival scientifici, mostre, formazione, laboratori e prodotti editoriali.<\/p>\n<p>[\/vc_column_text][\/vc_column_inner][vc_column_inner width=&#8221;1\/4&#8243;][vc_single_image image=&#8221;5281&#8243; alignment=&#8221;center&#8221; css=&#8221;.vc_custom_1600267212538{padding-bottom: 10px !important;}&#8221;][vc_column_text css=&#8221;.vc_custom_1613380232405{padding-bottom: 50px !important;}&#8221;]<\/p>\n<p style=\"text-align: center;\"><strong>G.Eco<\/strong> si occupa di didattica della biologia ed ecologia, educazione ambientale e diffusione della cultura scientifica.<\/p>\n<p>[\/vc_column_text][\/vc_column_inner][vc_column_inner width=&#8221;1\/4&#8243;][vc_single_image image=&#8221;3755&#8243; alignment=&#8221;center&#8221; css=&#8221;.vc_custom_1583873715780{padding-bottom: 10px !important;}&#8221;][vc_column_text css=&#8221;.vc_custom_1613380247404{padding-bottom: 50px !important;}&#8221;]<\/p>\n<p style=\"text-align: center;\"><strong>Le Nuvole<\/strong> e <strong>Citt\u00e0 della Scienza<\/strong>, con sede a Napoli, sperimentano nuove tecniche nella comunicazione della scienza da 30 anni ininterrotti.<\/p>\n<p>[\/vc_column_text][\/vc_column_inner][vc_column_inner width=&#8221;1\/4&#8243;][vc_single_image image=&#8221;6059&#8243; alignment=&#8221;center&#8221; css=&#8221;.vc_custom_1619427709169{padding-bottom: 10px !important;}&#8221;][vc_column_text css=&#8221;.vc_custom_1619427701541{padding-bottom: 50px !important;}&#8221;]<\/p>\n<p style=\"text-align: center;\"><strong>Multiversi<\/strong>\u00a0si propone al fianco di tutte le agenzie formative che si pongono l\u2019obiettivo di diffondere e divulgare le discipline scientifiche, per una alleanza educativa che possa risultare davvero vincente.<\/p>\n<p>[\/vc_column_text][\/vc_column_inner][vc_column_inner width=&#8221;1\/4&#8243;][vc_single_image image=&#8221;3762&#8243; alignment=&#8221;center&#8221; css=&#8221;.vc_custom_1583873629560{padding-bottom: 10px !important;}&#8221;][vc_column_text css=&#8221;.vc_custom_1613380272557{padding-bottom: 50px !important;}&#8221;]<\/p>\n<p style=\"text-align: center;\">Il <strong>Museo del Bal\u00ec<\/strong> \u00e8 un museo della scienza interattivo, dotato di 40 postazioni interattive, un planetario e un osservatorio astronomico.<\/p>\n<p>[\/vc_column_text][\/vc_column_inner][vc_column_inner width=&#8221;1\/4&#8243;][vc_single_image image=&#8221;3760&#8243; alignment=&#8221;center&#8221; css=&#8221;.vc_custom_1583873735500{padding-bottom: 10px !important;}&#8221;][vc_column_text css=&#8221;.vc_custom_1613380279929{padding-bottom: 50px !important;}&#8221;]<\/p>\n<p style=\"text-align: center;\"><strong>Pleiadi<\/strong> Science Farmer \u00e8 un team di scienziati, con sede a Padova, convinti che la curiosit\u00e0 sia la chiave con cui guardare e scoprire il mondo.<\/p>\n<p>[\/vc_column_text][\/vc_column_inner][vc_column_inner width=&#8221;1\/4&#8243;][vc_single_image image=&#8221;3758&#8243; alignment=&#8221;center&#8221; css=&#8221;.vc_custom_1583873729977{padding-bottom: 10px !important;}&#8221;][vc_column_text css=&#8221;.vc_custom_1613380283438{padding-bottom: 50px !important;}&#8221;]<\/p>\n<p style=\"text-align: center;\"><strong>Psiquadro<\/strong> \u00e8 una cooperativa umbra impegnata nella comunicazione della scienza organizzando festival, eventi e spettacoli di scienza.<\/p>\n<p>[\/vc_column_text][\/vc_column_inner][vc_column_inner width=&#8221;1\/4&#8243;][vc_single_image image=&#8221;3757&#8243; alignment=&#8221;center&#8221; css=&#8221;.vc_custom_1583873637229{padding-bottom: 10px !important;}&#8221;][vc_column_text css=&#8221;.vc_custom_1613380287776{padding-bottom: 50px !important;}&#8221;]<\/p>\n<p style=\"text-align: center;\"><strong>Solaria Opere<\/strong>, con sede a Saluzzo, \u00e8 l&#8217;unica ditta artigiana italiana altamente specializzata nel settore delle meridiane.<\/p>\n<p>[\/vc_column_text][\/vc_column_inner][vc_column_inner width=&#8221;1\/4&#8243;][vc_single_image image=&#8221;3756&#8243; alignment=&#8221;center&#8221; css=&#8221;.vc_custom_1584353052493{padding-bottom: 10px !important;}&#8221;][vc_column_text css=&#8221;.vc_custom_1613380295648{padding-bottom: 50px !important;}&#8221;]<\/p>\n<p style=\"text-align: center;\"><strong>ToScience<\/strong> \u00e8 un\u2019associazione culturale nata a Torino nel 2014 e operante su tutto il territorio italiano per la promozione della cultura scientifica<\/p>\n<p>[\/vc_column_text][\/vc_column_inner][\/vc_row_inner][vc_row_inner css=&#8221;.vc_custom_1703156518126{padding-bottom: 50px !important;}&#8221;][vc_column_inner width=&#8221;1\/2&#8243;][\/vc_column_inner][vc_column_inner width=&#8221;1\/2&#8243;]<div id=\"ultimate-heading-60369ee1ea961780\" class=\"uvc-heading ult-adjust-bottom-margin ultimate-heading-60369ee1ea961780 uvc-2784 accent-border-color\" data-hspacer=\"line_only\"  data-halign=\"right\" style=\"text-align:right\"><div class=\"uvc-main-heading ult-responsive\"  data-ultimate-target='.uvc-heading.ultimate-heading-60369ee1ea961780 h2'  data-responsive-json-new='{\"font-size\":\"desktop:30px;\",\"line-height\":\"desktop:36px;\"}' ><h2 style=\"font-weight:bold;margin-bottom:15px;\">PARTNER DELLA COMUNICAZIONE<\/h2><\/div><div class=\"uvc-heading-spacer line_only\" style=\"topheight:5px;\"><span class=\"uvc-headings-line\" style=\"border-style:solid;border-bottom-width:5px;border-color:;width:200px;\"><\/span><\/div><\/div>[vc_column_text css=&#8221;.vc_custom_1594727438787{padding-top: 30px !important;}&#8221;]<\/p>\n<p style=\"text-align: right;\">I professionisti che, con i loro servizi, ci aiutano a comunicare e promuovere tutti i nostri progetti<\/p>\n<p>[\/vc_column_text][\/vc_column_inner][\/vc_row_inner][vc_row_inner equal_height=&#8221;yes&#8221;][vc_column_inner width=&#8221;1\/4&#8243;][vc_single_image image=&#8221;4020&#8243; alignment=&#8221;center&#8221; css=&#8221;.vc_custom_1584616114708{padding-bottom: 10px !important;}&#8221;][vc_column_text css=&#8221;.vc_custom_1613380350414{padding-bottom: 50px !important;}&#8221;]<\/p>\n<p style=\"text-align: center;\"><strong>+ Crocevia<\/strong><\/p>\n<p style=\"text-align: center;\">Studio grafico di Gianluca Rocchetti, dal 2003 progetta e realizza segni visivi. Ha seguito la grafica di fosforo: fin dalla nascita.<\/p>\n<p>[\/vc_column_text][\/vc_column_inner][vc_column_inner width=&#8221;1\/4&#8243;][vc_single_image image=&#8221;3976&#8243; alignment=&#8221;center&#8221; style=&#8221;vc_box_shadow_circle&#8221; css=&#8221;.vc_custom_1584370364565{padding-bottom: 10px !important;}&#8221;][vc_column_text css=&#8221;.vc_custom_1613380355159{padding-bottom: 50px !important;}&#8221;]<\/p>\n<p style=\"text-align: center;\"><strong>Lorenzo Cicconi Massi<\/strong><\/p>\n<p style=\"text-align: center;\">Fotografo senigallese, vincitore di numerosi premi fotografici, le sue foto sono state pubblicate su importanti riviste nazionali ed internazionali.<\/p>\n<p>[\/vc_column_text][\/vc_column_inner][vc_column_inner width=&#8221;1\/4&#8243;][vc_single_image image=&#8221;3975&#8243; alignment=&#8221;center&#8221; style=&#8221;vc_box_shadow_circle&#8221; css=&#8221;.vc_custom_1584370372785{padding-bottom: 10px !important;}&#8221;][vc_column_text css=&#8221;.vc_custom_1613380360361{padding-bottom: 50px !important;}&#8221;]<\/p>\n<p style=\"text-align: center;\"><strong>Marco Giugliarelli<\/strong><\/p>\n<p style=\"text-align: center;\">Fotografo professionista, scatta per diverse testate giornalistiche, soprattutto Il Messaggero. Collabora da tanti anni con fosforo.<\/p>\n<p>[\/vc_column_text][\/vc_column_inner][vc_column_inner width=&#8221;1\/4&#8243;][vc_single_image image=&#8221;3990&#8243; alignment=&#8221;center&#8221; css=&#8221;.vc_custom_1584371046477{padding-bottom: 10px !important;}&#8221;][vc_column_text css=&#8221;.vc_custom_1613380364803{padding-bottom: 50px !important;}&#8221;]<\/p>\n<p style=\"text-align: center;\"><strong>Radio Arancia<\/strong><\/p>\n<p style=\"text-align: center;\">Una delle emittenti di maggior successo in tutta la regione Marche. Durante fosforo: trasmette in diretta spettacoli e interviste.<\/p>\n<p>[\/vc_column_text][\/vc_column_inner][\/vc_row_inner][vc_row_inner css=&#8221;.vc_custom_1703156522986{padding-bottom: 50px !important;}&#8221;][vc_column_inner width=&#8221;1\/2&#8243;][\/vc_column_inner][vc_column_inner width=&#8221;1\/2&#8243;]<div id=\"ultimate-heading-377369ee1ea9617ac\" class=\"uvc-heading ult-adjust-bottom-margin ultimate-heading-377369ee1ea9617ac uvc-4460 accent-border-color\" data-hspacer=\"line_only\"  data-halign=\"right\" style=\"text-align:right\"><div class=\"uvc-main-heading ult-responsive\"  data-ultimate-target='.uvc-heading.ultimate-heading-377369ee1ea9617ac h2'  data-responsive-json-new='{\"font-size\":\"desktop:30px;\",\"line-height\":\"desktop:36px;\"}' ><h2 style=\"font-weight:bold;margin-bottom:15px;\">PARTNER EDITORIALI<\/h2><\/div><div class=\"uvc-heading-spacer line_only\" style=\"topheight:5px;\"><span class=\"uvc-headings-line\" style=\"border-style:solid;border-bottom-width:5px;border-color:;width:200px;\"><\/span><\/div><\/div>[vc_column_text css=&#8221;.vc_custom_1594727460249{padding-top: 30px !important;}&#8221;]<\/p>\n<p style=\"text-align: right;\">I partner editoriali con i quali collaboriamo nella pubblicazione dei libri didattici<\/p>\n<p>[\/vc_column_text][\/vc_column_inner][\/vc_row_inner][vc_row_inner equal_height=&#8221;yes&#8221;][vc_column_inner width=&#8221;1\/4&#8243;][\/vc_column_inner][vc_column_inner width=&#8221;1\/4&#8243;][\/vc_column_inner][vc_column_inner width=&#8221;1\/4&#8243;][vc_single_image image=&#8221;3743&#8243; alignment=&#8221;center&#8221; css=&#8221;.vc_custom_1587750813161{padding-bottom: 10px !important;}&#8221;][vc_column_text css=&#8221;.vc_custom_1613380371708{padding-bottom: 50px !important;}&#8221;]<\/p>\n<p style=\"text-align: center;\"><strong>De Agostini<\/strong><\/p>\n<p style=\"text-align: center;\">Una delle case editrici pi\u00f9 note e importanti in Italia, opera in circa trenta paesi nel mondo in tredici lingue diverse.<\/p>\n<p>[\/vc_column_text][\/vc_column_inner][vc_column_inner width=&#8221;1\/4&#8243;][vc_single_image image=&#8221;4039&#8243; alignment=&#8221;center&#8221; css=&#8221;.vc_custom_1587750823661{padding-bottom: 10px !important;}&#8221;][vc_column_text css=&#8221;.vc_custom_1613380376572{padding-bottom: 50px !important;}&#8221;]<\/p>\n<p style=\"text-align: center;\"><strong>White star<\/strong><\/p>\n<p style=\"text-align: center;\">Nata nel 1984, White Star \u00e8 divenuta in pochi anni una delle case editrici pi\u00f9 note a livello nazionale e internazionale nel settore dei libri illustrati.<\/p>\n<p>[\/vc_column_text][\/vc_column_inner][\/vc_row_inner][vc_row_inner css=&#8221;.vc_custom_1703156491953{padding-bottom: 50px !important;}&#8221;][vc_column_inner width=&#8221;1\/2&#8243;][\/vc_column_inner][vc_column_inner width=&#8221;1\/2&#8243;]<div id=\"ultimate-heading-100769ee1ea9617d9\" class=\"uvc-heading ult-adjust-bottom-margin ultimate-heading-100769ee1ea9617d9 uvc-8542 accent-border-color\" data-hspacer=\"line_only\"  data-halign=\"right\" style=\"text-align:right\"><div class=\"uvc-main-heading ult-responsive\"  data-ultimate-target='.uvc-heading.ultimate-heading-100769ee1ea9617d9 h4'  data-responsive-json-new='{\"font-size\":\"desktop:30px;\",\"line-height\":\"desktop:36px;\"}' ><h4 style=\"font-weight:bold;margin-bottom:15px;\">PARTNER DI ATTIVIT\u00e0<\/h4><\/div><div class=\"uvc-heading-spacer line_only\" style=\"topheight:5px;\"><span class=\"uvc-headings-line\" style=\"border-style:solid;border-bottom-width:5px;border-color:;width:200px;\"><\/span><\/div><\/div>[vc_column_text css=&#8221;.vc_custom_1594727343981{padding-top: 30px !important;}&#8221;]<\/p>\n<p style=\"text-align: right;\">Le aziende con le quali abbiamo collaborato, negli ultimi anni, per la realizzazione di attivit\u00e0 di divulgazione e laboratori<\/p>\n<p>[\/vc_column_text][\/vc_column_inner][\/vc_row_inner][vc_row_inner equal_height=&#8221;yes&#8221;][vc_column_inner width=&#8221;1\/4&#8243;][vc_single_image image=&#8221;3740&#8243; alignment=&#8221;center&#8221;][vc_column_text css=&#8221;.vc_custom_1613380485467{padding-bottom: 50px !important;}&#8221;]<\/p>\n<p style=\"text-align: center;\"><strong>Canon<\/strong><\/p>\n<p style=\"text-align: center;\">Azienda giapponese tra le maggiori produttrici mondiali di fotocamere digitali, videocamere e stampanti multifunzione.<\/p>\n<p>[\/vc_column_text][\/vc_column_inner][vc_column_inner width=&#8221;1\/4&#8243;][vc_single_image image=&#8221;3739&#8243; alignment=&#8221;center&#8221;][vc_column_text css=&#8221;.vc_custom_1613380516025{padding-bottom: 50px !important;}&#8221;]<\/p>\n<p style=\"text-align: center;\"><strong>Clementoni<\/strong><\/p>\n<p style=\"text-align: center;\">Societ\u00e0 italiana leader nella produzione di giocattoli educativi, per aiutare i bambini ad imparare divertendosi.<\/p>\n<p>[\/vc_column_text][\/vc_column_inner][vc_column_inner width=&#8221;1\/4&#8243;][vc_single_image image=&#8221;3743&#8243; alignment=&#8221;center&#8221;][vc_column_text css=&#8221;.vc_custom_1613380528337{padding-bottom: 50px !important;}&#8221;]<\/p>\n<p style=\"text-align: center;\"><strong>De Agostini<\/strong><\/p>\n<p style=\"text-align: center;\">Una delle case editrici pi\u00f9 note e importanti in Italia, opera in circa trenta paesi nel mondo in tredici lingue diverse.<\/p>\n<p>[\/vc_column_text][\/vc_column_inner][vc_column_inner width=&#8221;1\/4&#8243;][vc_single_image image=&#8221;3744&#8243; alignment=&#8221;center&#8221; css=&#8221;.vc_custom_1583873578368{padding-bottom: 10px !important;}&#8221;][vc_column_text css=&#8221;.vc_custom_1613381084110{padding-bottom: 50px !important;}&#8221;]<\/p>\n<p style=\"text-align: center;\"><strong>Eni gas e luce<\/strong><\/p>\n<p style=\"text-align: center;\">Con 8 milioni di clienti, Eni gas e luce \u00e8 leader per la vendita di gas naturale e energia elettrica a famiglie, condomini e imprese.<\/p>\n<p>[\/vc_column_text][\/vc_column_inner][vc_column_inner width=&#8221;1\/4&#8243;][vc_single_image image=&#8221;3741&#8243; alignment=&#8221;center&#8221; css=&#8221;.vc_custom_1583873685536{padding-bottom: 10px !important;}&#8221;][vc_column_text css=&#8221;.vc_custom_1665497485137{padding-bottom: 50px !important;}&#8221;]<\/p>\n<p style=\"text-align: center;\"><strong>Faber<\/strong><\/p>\n<p style=\"text-align: center;\">Leader nel settore di cappe da cucina. In un piccolo laboratorio artigiano hanno creato la prima cappa per cucina al mondo.<\/p>\n<p>[\/vc_column_text][\/vc_column_inner][vc_column_inner width=&#8221;1\/4&#8243;][vc_single_image image=&#8221;3745&#8243; alignment=&#8221;center&#8221; css=&#8221;.vc_custom_1583873690924{padding-bottom: 10px !important;}&#8221;][vc_column_text css=&#8221;.vc_custom_1665497845924{padding-bottom: 50px !important;}&#8221;]<\/p>\n<p style=\"text-align: center;\"><strong>Ricola<\/strong><\/p>\n<p style=\"text-align: center;\">Esportando le proprie specialit\u00e0 in pi\u00f9 di 50 paesi nel mondo, Ricola \u00e8 pioniera nella coltivazione delle erbe con metodi naturali.<\/p>\n<p>[\/vc_column_text][\/vc_column_inner][vc_column_inner width=&#8221;1\/4&#8243;][vc_single_image image=&#8221;3738&#8243; alignment=&#8221;center&#8221;][vc_column_text css=&#8221;.vc_custom_1613380581645{padding-bottom: 50px !important;}&#8221;]<\/p>\n<p style=\"text-align: center;\"><strong>Viva Servizi<\/strong><\/p>\n<p style=\"text-align: center;\">Viva Servizi \u00e8 il gestore unico di ambito del Servizio Idrico Integrato su un territorio di 43 Comuni delle province di Ancona e Macerata.<\/p>\n<p>[\/vc_column_text][\/vc_column_inner][vc_column_inner width=&#8221;1\/4&#8243;][vc_single_image image=&#8221;3742&#8243; alignment=&#8221;center&#8221;][vc_column_text css=&#8221;.vc_custom_1613380601820{padding-bottom: 50px !important;}&#8221;]<\/p>\n<p style=\"text-align: center;\"><strong>Vodafone<\/strong><\/p>\n<p style=\"text-align: center;\">Vodafone \u00e8 una delle pi\u00f9 importanti aziende multinazionali di telefonia cellulare e fissa, presente in 25 paesi nel mondo.<\/p>\n<p>[\/vc_column_text][\/vc_column_inner][\/vc_row_inner][vc_row_inner css=&#8221;.vc_custom_1703156528670{padding-bottom: 50px !important;}&#8221;][vc_column_inner width=&#8221;1\/2&#8243;][\/vc_column_inner][vc_column_inner width=&#8221;1\/2&#8243;]<div id=\"ultimate-heading-784569ee1ea961803\" class=\"uvc-heading ult-adjust-bottom-margin ultimate-heading-784569ee1ea961803 uvc-1468 accent-border-color\" data-hspacer=\"line_only\"  data-halign=\"right\" style=\"text-align:right\"><div class=\"uvc-main-heading ult-responsive\"  data-ultimate-target='.uvc-heading.ultimate-heading-784569ee1ea961803 h2'  data-responsive-json-new='{\"font-size\":\"desktop:30px;\",\"line-height\":\"desktop:36px;\"}' ><h2 style=\"font-weight:bold;margin-bottom:15px;\">PARTNER TECNICI<\/h2><\/div><div class=\"uvc-heading-spacer line_only\" style=\"topheight:5px;\"><span class=\"uvc-headings-line\" style=\"border-style:solid;border-bottom-width:5px;border-color:;width:200px;\"><\/span><\/div><\/div>[vc_column_text css=&#8221;.vc_custom_1594727477090{padding-top: 30px !important;}&#8221;]<\/p>\n<p style=\"text-align: right;\">I professionisti che, con i loro servizi, ci supportano nella realizzazione di exhibit, allestimenti ed eventi<\/p>\n<p>[\/vc_column_text][\/vc_column_inner][\/vc_row_inner][vc_row_inner equal_height=&#8221;yes&#8221;][vc_column_inner width=&#8221;1\/4&#8243;][vc_single_image image=&#8221;3801&#8243; alignment=&#8221;center&#8221; css=&#8221;.vc_custom_1583874807541{padding-bottom: 10px !important;}&#8221;][vc_column_text css=&#8221;.vc_custom_1613380383764{padding-bottom: 50px !important;}&#8221;]<\/p>\n<p style=\"text-align: center;\"><strong>Benito Manzo<\/strong><\/p>\n<p style=\"text-align: center;\">Benito Manzo \u00e8 il falegname di fiducia di fosforo:, ha collaborato alla realizzazione di numerosi exhibit ed esperimenti per i nostri laboratori.<\/p>\n<p>[\/vc_column_text][\/vc_column_inner][vc_column_inner width=&#8221;1\/4&#8243;][vc_single_image image=&#8221;7126&#8243; alignment=&#8221;center&#8221; css=&#8221;.vc_custom_1637057238019{padding-bottom: 10px !important;}&#8221;][vc_column_text css=&#8221;.vc_custom_1637057291577{padding-bottom: 50px !important;}&#8221;]<\/p>\n<p style=\"text-align: center;\"><strong>Digistampa 21<\/strong><\/p>\n<p style=\"text-align: center;\">Azienda rivolta alla progettazione e realizzazione di campagne pubblicitarie.<\/p>\n<p>[\/vc_column_text][\/vc_column_inner][vc_column_inner width=&#8221;1\/4&#8243;][vc_single_image image=&#8221;3817&#8243; alignment=&#8221;center&#8221; css=&#8221;.vc_custom_1583879721445{padding-bottom: 10px !important;}&#8221;][vc_column_text css=&#8221;.vc_custom_1613380388579{padding-bottom: 50px !important;}&#8221;]<\/p>\n<p style=\"text-align: center;\"><strong>Edison Elettrotecnica snc di Senigallia<\/strong><\/p>\n<p style=\"text-align: center;\">Azienda per la realizzazione di impianti elettrici civili e industriali, specializzata nel settore dei servizi per lo spettacolo.<\/p>\n<p>[\/vc_column_text][\/vc_column_inner][vc_column_inner width=&#8221;1\/4&#8243;][vc_single_image image=&#8221;3805&#8243; alignment=&#8221;center&#8221; css=&#8221;.vc_custom_1584369746557{padding-bottom: 10px !important;}&#8221;][vc_column_text css=&#8221;.vc_custom_1613380393275{padding-bottom: 50px !important;}&#8221;]<\/p>\n<p style=\"text-align: center;\"><strong>Franz AVL \u2013 service audio, luci e video<\/strong><\/p>\n<p style=\"text-align: center;\">Partner tecnico di fosforo: da diversi anni, con cui collabora nella realizzazione degli impianti tecnici presenti durante il festival.<\/p>\n<p>[\/vc_column_text][\/vc_column_inner][vc_column_inner width=&#8221;1\/4&#8243;][vc_single_image image=&#8221;5400&#8243; alignment=&#8221;center&#8221; css=&#8221;.vc_custom_1600946713827{padding-bottom: 10px !important;}&#8221;][vc_column_text css=&#8221;.vc_custom_1613380398172{padding-bottom: 50px !important;}&#8221;]<\/p>\n<p style=\"text-align: center;\"><strong>Hotel Pensione Trieste<\/strong><\/p>\n<p style=\"text-align: center;\">Una casa, pi\u00f9 che un hotel, \u00e8 il luogo di ristoro per staff e ospiti durante fosforo.<\/p>\n<p>[\/vc_column_text][\/vc_column_inner][vc_column_inner width=&#8221;1\/4&#8243;][vc_single_image image=&#8221;3977&#8243; alignment=&#8221;center&#8221; style=&#8221;vc_box_shadow_circle&#8221; css=&#8221;.vc_custom_1584370449949{padding-bottom: 10px !important;}&#8221;][vc_column_text css=&#8221;.vc_custom_1613380402640{padding-bottom: 50px !important;}&#8221;]<\/p>\n<p style=\"text-align: center;\"><strong>Lampwork<\/strong><\/p>\n<p style=\"text-align: center;\">Mauro Puccitelli \u00e8 un mastro vetraio di grande esperienza sia nel campo della lavorazione del vetro che nella pittura.<\/p>\n<p>[\/vc_column_text][\/vc_column_inner][vc_column_inner width=&#8221;1\/4&#8243;][vc_single_image image=&#8221;3806&#8243; alignment=&#8221;center&#8221; css=&#8221;.vc_custom_1583875183740{padding-bottom: 10px !important;}&#8221;][vc_column_text css=&#8221;.vc_custom_1613380412164{padding-bottom: 50px !important;}&#8221;]<\/p>\n<p style=\"text-align: center;\"><strong>Rompicapo in legno<\/strong><\/p>\n<p style=\"text-align: center;\">Produzione artigianale e vendita di giochi logici e rompicapo in legno e metallo. Ha realizzato numerosi exhibit di mostre per fosforo.<\/p>\n<p>[\/vc_column_text][\/vc_column_inner][vc_column_inner width=&#8221;1\/4&#8243;][vc_single_image image=&#8221;6394&#8243; alignment=&#8221;center&#8221; css=&#8221;.vc_custom_1623052820323{padding-bottom: 10px !important;}&#8221;][vc_column_text css=&#8221;.vc_custom_1623052795660{padding-bottom: 50px !important;}&#8221;]<\/p>\n<p style=\"text-align: center;\"><strong>Sandemar<\/strong><\/p>\n<p style=\"text-align: center;\">Azienda marchigiana specializzata in prodotti personalizzati, da sempre collabora con fosforo nella realizzazione di gadget e merchandising brandizzato.<\/p>\n<p>[\/vc_column_text][\/vc_column_inner][vc_column_inner width=&#8221;1\/4&#8243;][vc_single_image image=&#8221;5256&#8243; alignment=&#8221;center&#8221; css=&#8221;.vc_custom_1600170730240{padding-bottom: 10px !important;}&#8221;][vc_column_text css=&#8221;.vc_custom_1613380407835{padding-bottom: 50px !important;}&#8221;]<\/p>\n<p style=\"text-align: center;\"><strong>Smartfilmplus<\/strong><\/p>\n<p style=\"text-align: center;\">Distributori globali di smartfilm, smartglass e speciali tipi di vetro isolante.<\/p>\n<p>[\/vc_column_text][\/vc_column_inner][vc_column_inner width=&#8221;1\/4&#8243;][vc_single_image image=&#8221;11179&#8243; alignment=&#8221;center&#8221; css=&#8221;.vc_custom_1764931266752{padding-bottom: 10px !important;}&#8221;][vc_column_text css=&#8221;.vc_custom_1764931136327{padding-bottom: 50px !important;}&#8221;]<\/p>\n<p style=\"text-align: center;\"><strong>Lomma Factory<\/strong><\/p>\n<p style=\"text-align: center;\">Casa di produzione cinematografica indipendente italiana fondata da Davide Lomma con sede a Pesaro<\/p>\n<p>[\/vc_column_text][\/vc_column_inner][vc_column_inner width=&#8221;1\/4&#8243;][vc_single_image image=&#8221;11180&#8243; alignment=&#8221;center&#8221; css=&#8221;.vc_custom_1764931280155{padding-bottom: 10px !important;}&#8221;][vc_column_text css=&#8221;.vc_custom_1764931351774{padding-bottom: 50px !important;}&#8221;]<\/p>\n<p style=\"text-align: center;\"><strong>Di.Te.<\/strong><\/p>\n<p style=\"text-align: center;\">Sensibilizzazione, prevenzione e trattamento delle dipendenze tecnologiche, del gioco d\u2019azzardo patologico e dei fenomeni internet correlati.<\/p>\n<p>[\/vc_column_text][\/vc_column_inner][\/vc_row_inner][\/vc_tab][vc_tab title=&#8221;Partner istituzionali&#8221; tab_id=&#8221;1752224345615-8-8&#8243;][vc_row_inner css=&#8221;.vc_custom_1703156497530{padding-bottom: 50px !important;}&#8221;][vc_column_inner width=&#8221;1\/2&#8243;][\/vc_column_inner][vc_column_inner width=&#8221;1\/2&#8243;]<div id=\"ultimate-heading-737369ee1ea96182d\" class=\"uvc-heading ult-adjust-bottom-margin ultimate-heading-737369ee1ea96182d uvc-8540 accent-border-color\" data-hspacer=\"line_only\"  data-halign=\"right\" style=\"text-align:right\"><div class=\"uvc-main-heading ult-responsive\"  data-ultimate-target='.uvc-heading.ultimate-heading-737369ee1ea96182d h2'  data-responsive-json-new='{\"font-size\":\"desktop:30px;\",\"line-height\":\"desktop:36px;\"}' ><h2 style=\"font-weight:bold;margin-bottom:15px;\">PARTNER ISTITUZIONALI<\/h2><\/div><div class=\"uvc-heading-spacer line_only\" style=\"topheight:5px;\"><span class=\"uvc-headings-line\" style=\"border-style:solid;border-bottom-width:5px;border-color:;width:200px;\"><\/span><\/div><\/div>[vc_column_text css=&#8221;.vc_custom_1594727265761{padding-top: 30px !important;}&#8221;]<\/p>\n<p style=\"text-align: right;\">Le istituzioni che sostengono le iniziative di fosforo:<\/p>\n<p>[\/vc_column_text][\/vc_column_inner][\/vc_row_inner][vc_row_inner equal_height=&#8221;yes&#8221;][vc_column_inner width=&#8221;1\/4&#8243;][vc_single_image image=&#8221;4030&#8243; alignment=&#8221;center&#8221; css=&#8221;.vc_custom_1587750669324{padding-bottom: 10px !important;}&#8221;][vc_column_text css=&#8221;.vc_custom_1665497570881{padding-bottom: 50px !important;}&#8221;]<\/p>\n<p style=\"text-align: center;\"><strong>AIRC<\/strong><\/p>\n<p style=\"text-align: center;\">La Fondazione AIRC da oltre 50 anni coltiva un\u2019ambizione che in parte \u00e8 gi\u00e0 realt\u00e0: rendere il cancro sempre pi\u00f9 curabile.<\/p>\n<p>[\/vc_column_text][\/vc_column_inner][vc_column_inner width=&#8221;1\/4&#8243;][vc_single_image image=&#8221;4031&#8243; alignment=&#8221;center&#8221; css=&#8221;.vc_custom_1587750685366{padding-bottom: 10px !important;}&#8221;][vc_column_text css=&#8221;.vc_custom_1613380715640{padding-bottom: 50px !important;}&#8221;]<\/p>\n<p style=\"text-align: center;\"><strong>ANCI<\/strong><\/p>\n<p style=\"text-align: center;\">L&#8217; Associazione Nazionale Comuni Italiani comprende 7.041 Comuni, rappresentativi del 90% della popolazione.<\/p>\n<p>[\/vc_column_text][\/vc_column_inner][vc_column_inner width=&#8221;1\/4&#8243;][vc_single_image image=&#8221;9687&#8243; alignment=&#8221;center&#8221; css=&#8221;.vc_custom_1689604404458{padding-bottom: 10px !important;}&#8221;][vc_column_text css=&#8221;.vc_custom_1613380726156{padding-bottom: 50px !important;}&#8221;]<\/p>\n<p style=\"text-align: center;\"><strong>Fondazione Cariverona<\/strong><\/p>\n<p style=\"text-align: center;\">Fondazioni che persegue esclusivamente scopi di utilit\u00e0 sociale e di promozione dello sviluppo economico.<\/p>\n<p>[\/vc_column_text][\/vc_column_inner][vc_column_inner width=&#8221;1\/4&#8243;][vc_single_image image=&#8221;3759&#8243; alignment=&#8221;center&#8221; css=&#8221;.vc_custom_1587987261513{padding-bottom: 10px !important;}&#8221;][vc_column_text css=&#8221;.vc_custom_1665498083302{padding-bottom: 50px !important;}&#8221;]<\/p>\n<p style=\"text-align: center;\"><strong>CNR<\/strong><\/p>\n<p style=\"text-align: center;\">La principale struttura di ricerca italiana, ha il compito di svolgere, promuovere e diffondere attivit\u00e0 di ricerca scientifica e tecnologica.<\/p>\n<p>[\/vc_column_text][\/vc_column_inner][vc_column_inner width=&#8221;1\/4&#8243;][vc_single_image image=&#8221;9600&#8243; alignment=&#8221;center&#8221; css=&#8221;.vc_custom_1686578685961{padding-bottom: 10px !important;}&#8221;][vc_column_text css=&#8221;.vc_custom_1686578846579{padding-bottom: 50px !important;}&#8221;]<\/p>\n<p style=\"text-align: center;\"><strong>European Space Agency<\/strong><\/p>\n<p style=\"text-align: center;\">Agenzia internazionale fondata nel 1975 incaricata di coordinare i progetti spaziali di 22 Paesi europei.<\/p>\n<p>[\/vc_column_text][\/vc_column_inner][vc_column_inner width=&#8221;1\/4&#8243;][vc_single_image image=&#8221;3749&#8243; alignment=&#8221;center&#8221; css=&#8221;.vc_custom_1583873788315{padding-bottom: 10px !important;}&#8221;][vc_column_text css=&#8221;.vc_custom_1665497781159{padding-bottom: 50px !important;}&#8221;]<\/p>\n<p style=\"text-align: center;\"><strong>Fondazione Veronesi<\/strong><\/p>\n<p style=\"text-align: center;\">Nasce con lo scopo di promuovere la ricerca con progetti di prevenzione, educazione alla salute e divulgazione scientifica.<\/p>\n<p>[\/vc_column_text][\/vc_column_inner][vc_column_inner width=&#8221;1\/4&#8243;][vc_single_image image=&#8221;4044&#8243; alignment=&#8221;center&#8221; css=&#8221;.vc_custom_1587984078838{padding-bottom: 10px !important;}&#8221;][vc_column_text css=&#8221;.vc_custom_1665497607753{padding-bottom: 50px !important;}&#8221;]<\/p>\n<p style=\"text-align: center;\"><strong>INAF<\/strong><\/p>\n<p style=\"text-align: center;\">Ente di ricerca pubblico italiano per l&#8217;astronomia e l&#8217;astrofisica. Erede culturale e storico degli osservatori astronomici.<\/p>\n<p>[\/vc_column_text][\/vc_column_inner][vc_column_inner width=&#8221;1\/4&#8243;][vc_single_image image=&#8221;7739&#8243; alignment=&#8221;center&#8221; css=&#8221;.vc_custom_1673521239758{padding-bottom: 10px !important;}&#8221;][vc_column_text css=&#8221;.vc_custom_1673521383229{padding-bottom: 50px !important;}&#8221;]<\/p>\n<p style=\"text-align: center;\"><strong>Parco Nazionale dello zolfo di Marche e Romagna<\/strong><\/p>\n<p style=\"text-align: center;\">Promuove, conserva, recupera, studia e valorizza del patrimonio ambientale, architettonico e non solo legato ai siti\u00a0d\u2019estrazione dello zolfo<\/p>\n<p>[\/vc_column_text][\/vc_column_inner][vc_column_inner width=&#8221;1\/4&#8243;][vc_single_image image=&#8221;9597&#8243; alignment=&#8221;center&#8221; css=&#8221;.vc_custom_1686578706340{padding-bottom: 10px !important;}&#8221;][vc_column_text css=&#8221;.vc_custom_1686578806713{padding-bottom: 50px !important;}&#8221;]<\/p>\n<p style=\"text-align: center;\"><strong>Virgo<\/strong><\/p>\n<div class=\"page\" title=\"Page 10\">\n<div class=\"layoutArea\">\n<div class=\"column\">\n<p style=\"text-align: center;\">Un grande interferometro situato a Cascina (PI) costruito da una collaborazione internazionale per rilevare onde gravitazionali provenienti dall&#8217;universo.<\/p>\n<\/div>\n<\/div>\n<\/div>\n<p>[\/vc_column_text][\/vc_column_inner][\/vc_row_inner][\/vc_tab][vc_tab title=&#8221;Universit\u00e0&#8221; tab_id=&#8221;1703155815747-2-7&#8243;][vc_row_inner css=&#8221;.vc_custom_1703156502772{padding-bottom: 50px !important;}&#8221;][vc_column_inner width=&#8221;1\/2&#8243;][\/vc_column_inner][vc_column_inner width=&#8221;1\/2&#8243;]<div id=\"ultimate-heading-633469ee1ea961856\" class=\"uvc-heading ult-adjust-bottom-margin ultimate-heading-633469ee1ea961856 uvc-797 accent-border-color\" data-hspacer=\"line_only\"  data-halign=\"right\" style=\"text-align:right\"><div class=\"uvc-main-heading ult-responsive\"  data-ultimate-target='.uvc-heading.ultimate-heading-633469ee1ea961856 h2'  data-responsive-json-new='{\"font-size\":\"desktop:30px;\",\"line-height\":\"desktop:36px;\"}' ><h2 style=\"font-weight:bold;margin-bottom:15px;\">UNIVERSIT\u00e0<\/h2><\/div><div class=\"uvc-heading-spacer line_only\" style=\"topheight:5px;\"><span class=\"uvc-headings-line\" style=\"border-style:solid;border-bottom-width:5px;border-color:;width:200px;\"><\/span><\/div><\/div>[vc_column_text css=&#8221;.vc_custom_1594727367953{padding-top: 30px !important;}&#8221;]<\/p>\n<p style=\"text-align: right;\">Le universit\u00e0 con cui collaboriamo nella realizzazione di mostre, eventi e laboratori<\/p>\n<p>[\/vc_column_text][\/vc_column_inner][\/vc_row_inner][vc_row_inner equal_height=&#8221;yes&#8221;][vc_column_inner width=&#8221;1\/4&#8243;][vc_single_image image=&#8221;3790&#8243; img_size=&#8221;large&#8221; alignment=&#8221;center&#8221; css=&#8221;.vc_custom_1583873598489{padding-bottom: 10px !important;}&#8221;][vc_column_text css=&#8221;.vc_custom_1613380796968{padding-bottom: 50px !important;}&#8221;]<\/p>\n<p style=\"text-align: center;\"><strong>UNICAM<\/strong><\/p>\n<p style=\"text-align: center;\">L&#8217;Universit\u00e0 di Camerino rappresenta una delle pi\u00f9 interessanti ed innovative realt\u00e0 italiane, con quasi 700 anni di storia.<\/p>\n<p>[\/vc_column_text][\/vc_column_inner][vc_column_inner width=&#8221;1\/4&#8243;][vc_single_image image=&#8221;3809&#8243; img_size=&#8221;large&#8221; alignment=&#8221;center&#8221; css=&#8221;.vc_custom_1587987207941{padding-bottom: 10px !important;}&#8221;][vc_column_text css=&#8221;.vc_custom_1613380852696{padding-bottom: 50px !important;}&#8221;]<\/p>\n<p style=\"text-align: center;\"><strong>UNIGE<\/strong><\/p>\n<p style=\"text-align: center;\">Una delle maggiori risorse culturali e scientifiche del Mediterraneo e del nord ovest italiano, in costante dialogo con la citt\u00e0 e il tessuto economico.<\/p>\n<p>[\/vc_column_text][\/vc_column_inner][vc_column_inner width=&#8221;1\/4&#8243;][vc_single_image image=&#8221;7364&#8243; img_size=&#8221;large&#8221; alignment=&#8221;center&#8221; css=&#8221;.vc_custom_1657882751885{padding-bottom: 10px !important;}&#8221;][vc_column_text css=&#8221;.vc_custom_1657883204372{padding-bottom: 50px !important;}&#8221;]<\/p>\n<p style=\"text-align: center;\"><strong>UNIMC<\/strong><\/p>\n<p style=\"text-align: center;\">Da oltre sette secoli l&#8217;Universit\u00e0 di Macerata \u00e8 il luogo dell\u2019umanesimo che innova, che apre orizzonti fisici e culturali.<\/p>\n<p>[\/vc_column_text][\/vc_column_inner][vc_column_inner width=&#8221;1\/4&#8243;][vc_single_image image=&#8221;3780&#8243; img_size=&#8221;large&#8221; alignment=&#8221;center&#8221; css=&#8221;.vc_custom_1583873605128{padding-bottom: 10px !important;}&#8221;][vc_column_text css=&#8221;.vc_custom_1613380833727{padding-bottom: 50px !important;}&#8221;]<\/p>\n<p style=\"text-align: center;\"><strong>UNIVPM<\/strong><\/p>\n<p style=\"text-align: center;\">Universit\u00e0 di vocazione prevalentemente tecnico scientifica, ha come obiettivo primario la ricerca scientifica e la didattica.<\/p>\n<p>[\/vc_column_text][\/vc_column_inner][vc_column_inner width=&#8221;1\/4&#8243;][vc_single_image image=&#8221;9603&#8243; img_size=&#8221;large&#8221; alignment=&#8221;center&#8221; css=&#8221;.vc_custom_1686579062600{padding-bottom: 10px !important;}&#8221;][vc_column_text css=&#8221;.vc_custom_1686578960827{padding-bottom: 50px !important;}&#8221;]<\/p>\n<p style=\"text-align: center;\"><strong>UNIURB<\/strong><\/p>\n<p style=\"text-align: center;\">Ateneo ricco di storia e di una grande tradizione del sapere, impegnata da sempre nella ricerca e al contempo nell\u2019innovazione.<\/p>\n<p>[\/vc_column_text][\/vc_column_inner][\/vc_row_inner][\/vc_tab][vc_tab title=&#8221;Partner locali&#8221; tab_id=&#8221;1703155906163-3-1&#8243;][vc_row_inner css=&#8221;.vc_custom_1703156508255{padding-bottom: 50px !important;}&#8221;][vc_column_inner width=&#8221;1\/2&#8243;][\/vc_column_inner][vc_column_inner width=&#8221;1\/2&#8243;]<div id=\"ultimate-heading-839569ee1ea96187f\" class=\"uvc-heading ult-adjust-bottom-margin ultimate-heading-839569ee1ea96187f uvc-2674 accent-border-color\" data-hspacer=\"line_only\"  data-halign=\"right\" style=\"text-align:right\"><div class=\"uvc-main-heading ult-responsive\"  data-ultimate-target='.uvc-heading.ultimate-heading-839569ee1ea96187f h2'  data-responsive-json-new='{\"font-size\":\"desktop:30px;\",\"line-height\":\"desktop:36px;\"}' ><h2 style=\"font-weight:bold;margin-bottom:15px;\">PARTNER LOCALI<\/h2><\/div><div class=\"uvc-heading-spacer line_only\" style=\"topheight:5px;\"><span class=\"uvc-headings-line\" style=\"border-style:solid;border-bottom-width:5px;border-color:;width:200px;\"><\/span><\/div><\/div>[vc_column_text css=&#8221;.vc_custom_1594727390566{padding-top: 30px !important;}&#8221;]<\/p>\n<p style=\"text-align: right;\">Le istituzioni locali che sostengono le iniziative di fosforo:<\/p>\n<p>[\/vc_column_text][\/vc_column_inner][\/vc_row_inner][vc_row_inner equal_height=&#8221;yes&#8221;][vc_column_inner width=&#8221;1\/4&#8243;][vc_single_image image=&#8221;6057&#8243; alignment=&#8221;center&#8221; css=&#8221;.vc_custom_1619427427950{padding-bottom: 10px !important;}&#8221;][vc_column_text css=&#8221;.vc_custom_1619427419816{padding-bottom: 50px !important;}&#8221;]<\/p>\n<p style=\"text-align: center;\"><strong>Associazione Albergatori di Senigallia<\/strong><\/p>\n<p style=\"text-align: center;\">Svolgono attivit\u00e0 di promozione\u00a0e di\u00a0assistenza delle strutture alberghiere associate. Si battono inoltre per la crescita a la tutela della categoria.<\/p>\n<p>[\/vc_column_text][\/vc_column_inner][vc_column_inner width=&#8221;1\/4&#8243;][vc_single_image image=&#8221;6060&#8243; alignment=&#8221;center&#8221; css=&#8221;.vc_custom_1619428004276{padding-bottom: 10px !important;}&#8221;][vc_column_text css=&#8221;.vc_custom_1619428071904{padding-bottom: 50px !important;}&#8221;]<\/p>\n<p style=\"text-align: center;\"><strong>CARITAS SENIGALLIA<\/strong><\/p>\n<p style=\"text-align: center;\">Organismo pastorale della Chiesa Cattolica, promuove la testimonianza della carit\u00e0 cristiana, aiutando la comunit\u00e0 diocesana a diventare comunit\u00e0 di carit\u00e0.<\/p>\n<p>[\/vc_column_text][\/vc_column_inner][vc_column_inner width=&#8221;1\/4&#8243;][vc_single_image image=&#8221;6056&#8243; alignment=&#8221;center&#8221; css=&#8221;.vc_custom_1619427345024{padding-bottom: 10px !important;}&#8221;][vc_column_text css=&#8221;.vc_custom_1619427449747{padding-bottom: 50px !important;}&#8221;]<\/p>\n<p style=\"text-align: center;\"><strong>Comune di Corinaldo<\/strong><\/p>\n<p style=\"text-align: center;\">Comune della provincia di Ancona, gi\u00e0 da tempo inserito nel club &#8220;I borghi pi\u00f9 belli d&#8217;Italia&#8221;,\u00a0\u00e8 stato ufficialmente denominato il\u00a0<i>Borgo pi\u00f9 bello d&#8217;Italia<\/i> nel 2007.<\/p>\n<p>[\/vc_column_text][\/vc_column_inner][vc_column_inner width=&#8221;1\/4&#8243;][vc_single_image image=&#8221;6054&#8243; alignment=&#8221;center&#8221; css=&#8221;.vc_custom_1619427173699{padding-bottom: 10px !important;}&#8221;][vc_column_text css=&#8221;.vc_custom_1619427453267{padding-bottom: 50px !important;}&#8221;]<\/p>\n<p style=\"text-align: center;\"><strong>Comune di San Ginesio<\/strong><\/p>\n<p style=\"text-align: center;\">Comune del maceratese, fa parte del club dei Borghi pi\u00f9 belli d&#8217;Italia ed \u00e8 stato insignito della Bandiera arancione dal Touring Club Italiano.<\/p>\n<p>[\/vc_column_text][\/vc_column_inner][vc_column_inner width=&#8221;1\/4&#8243;][vc_single_image image=&#8221;4029&#8243; alignment=&#8221;center&#8221; css=&#8221;.vc_custom_1587747055951{padding-bottom: 10px !important;}&#8221;][vc_column_text css=&#8221;.vc_custom_1619427456660{padding-bottom: 50px !important;}&#8221;]<\/p>\n<p style=\"text-align: center;\"><strong>Comune di Senigallia<\/strong><\/p>\n<p style=\"text-align: center;\">Senigallia \u00e8 un comune italiano della provincia di Ancona all&#8217;interno delle Marche, secondo della provincia per numero di abitanti dopo il capoluogo.<\/p>\n<p>[\/vc_column_text][\/vc_column_inner][vc_column_inner width=&#8221;1\/4&#8243;][vc_single_image image=&#8221;4033&#8243; alignment=&#8221;center&#8221; css=&#8221;.vc_custom_1587750736257{padding-bottom: 10px !important;}&#8221;][vc_column_text css=&#8221;.vc_custom_1613380895659{padding-bottom: 50px !important;}&#8221;]<\/p>\n<p style=\"text-align: center;\"><strong>Consiglio regionale<\/strong><\/p>\n<p style=\"text-align: center;\">L&#8217;organo legislativo rappresentativo della Regione Marche, ha il compito di guidare e controllare l&#8217;operato della giunta regionale.<\/p>\n<p>[\/vc_column_text][\/vc_column_inner][vc_column_inner width=&#8221;1\/4&#8243;][vc_single_image image=&#8221;3747&#8243; alignment=&#8221;center&#8221; css=&#8221;.vc_custom_1583873783889{padding-bottom: 10px !important;}&#8221;][vc_column_text css=&#8221;.vc_custom_1613380911965{padding-bottom: 50px !important;}&#8221;]<\/p>\n<p style=\"text-align: center;\"><strong>Fondazione Citt\u00e0 di Senigallia<\/strong><\/p>\n<p style=\"text-align: center;\">Fondazione con lo scopo di fornire interventi socio-assistenziali prevalentemente dedicati a persone anziane e\/o con ridotta autosufficienza fisica.<\/p>\n<p>[\/vc_column_text][\/vc_column_inner][vc_column_inner width=&#8221;1\/4&#8243;][vc_single_image image=&#8221;4034&#8243; alignment=&#8221;center&#8221; css=&#8221;.vc_custom_1587750745965{padding-bottom: 10px !important;}&#8221;][vc_column_text css=&#8221;.vc_custom_1619427463680{padding-bottom: 50px !important;}&#8221;]<\/p>\n<p style=\"text-align: center;\"><strong>GIS<\/strong><\/p>\n<p style=\"text-align: center;\">Un gruppo di imprenditori uniti dalla volont\u00e0 di creare momenti periodici di aggregazione amichevole e di travaso di esperienze tra gli imprenditori del territorio.<\/p>\n<p>[\/vc_column_text][\/vc_column_inner][vc_column_inner width=&#8221;1\/4&#8243;][vc_single_image image=&#8221;6055&#8243; alignment=&#8221;center&#8221; css=&#8221;.vc_custom_1619427811189{padding-bottom: 10px !important;}&#8221;][vc_column_text css=&#8221;.vc_custom_1619428292575{padding-bottom: 50px !important;}&#8221;]<\/p>\n<p style=\"text-align: center;\"><strong>INFORMAGIOVANI (AN)<\/strong><\/p>\n<p style=\"text-align: center;\">Servizio pubblico e gratuito di informazione e orientamento su lavoro, formazione, opportunit\u00e0 all\u2019estero, servizi al cittadino e tanto altro.<\/p>\n<p>[\/vc_column_text][\/vc_column_inner][vc_column_inner width=&#8221;1\/4&#8243;][vc_single_image image=&#8221;4035&#8243; alignment=&#8221;center&#8221; css=&#8221;.vc_custom_1587750754666{padding-bottom: 10px !important;}&#8221;][vc_column_text css=&#8221;.vc_custom_1613380942580{padding-bottom: 50px !important;}&#8221;]<\/p>\n<p style=\"text-align: center;\"><strong>MEMO<\/strong><\/p>\n<p style=\"text-align: center;\">La Mediateca Montanari \u00e8 una biblioteca multimediale di informazione generale, parte del Servizio Bibliotecario della Citt\u00e0 di Fano.<\/p>\n<p>[\/vc_column_text][\/vc_column_inner][vc_column_inner width=&#8221;1\/4&#8243;][vc_single_image image=&#8221;7128&#8243; alignment=&#8221;center&#8221; css=&#8221;.vc_custom_1637057782728{padding-bottom: 10px !important;}&#8221;][vc_column_text css=&#8221;.vc_custom_1637057604446{padding-bottom: 50px !important;}&#8221;]<\/p>\n<p style=\"text-align: center;\"><strong>Regione Marche<\/strong><\/p>\n<p style=\"text-align: center;\">Regione italiana affacciata sul Mar Mediterraneo composta da 5 province, 225 comuni e 1.501.406 abitanti<\/p>\n<p>[\/vc_column_text][\/vc_column_inner][vc_column_inner width=&#8221;1\/4&#8243;][vc_single_image image=&#8221;6058&#8243; alignment=&#8221;center&#8221; css=&#8221;.vc_custom_1619428083204{padding-bottom: 10px !important;}&#8221;][vc_column_text css=&#8221;.vc_custom_1637678629640{padding-bottom: 50px !important;}&#8221;]<\/p>\n<p style=\"text-align: center;\"><strong>SENA NOVA<\/strong><\/p>\n<p style=\"text-align: center;\">Promuove la cultura classica e valorizza le iniziative dei giovani nei settori della cultura, delle scienze, dell\u2019arte e del lavoro. Gestisce l&#8217;area &#8220;Boscomio&#8221;.<\/p>\n<p>[\/vc_column_text][\/vc_column_inner][\/vc_row_inner][\/vc_tab][vc_tab title=&#8221;Partner scientifici&#8221; tab_id=&#8221;1703156048773-4-5&#8243;][vc_row_inner css=&#8221;.vc_custom_1703156513271{padding-bottom: 50px !important;}&#8221;][vc_column_inner width=&#8221;1\/2&#8243;][\/vc_column_inner][vc_column_inner width=&#8221;1\/2&#8243;]<div id=\"ultimate-heading-259469ee1ea9618ca\" class=\"uvc-heading ult-adjust-bottom-margin ultimate-heading-259469ee1ea9618ca uvc-2300 accent-border-color\" data-hspacer=\"line_only\"  data-halign=\"right\" style=\"text-align:right\"><div class=\"uvc-main-heading ult-responsive\"  data-ultimate-target='.uvc-heading.ultimate-heading-259469ee1ea9618ca h2'  data-responsive-json-new='{\"font-size\":\"desktop:30px;\",\"line-height\":\"desktop:36px;\"}' ><h2 style=\"font-weight:bold;margin-bottom:15px;\">PARTNER SCIENTIFICI<\/h2><\/div><div class=\"uvc-heading-spacer line_only\" style=\"topheight:5px;\"><span class=\"uvc-headings-line\" style=\"border-style:solid;border-bottom-width:5px;border-color:;width:200px;\"><\/span><\/div><\/div>[vc_column_text css=&#8221;.vc_custom_1594727409984{padding-top: 30px !important;}&#8221;]<\/p>\n<p style=\"text-align: right;\">Le Istituzioni Scientifiche con le quali abbiamo collaborato negli anni e le realt\u00e0 di divulgazione scientifica con cui abbiamo realizzato progetti<\/p>\n<p>[\/vc_column_text][\/vc_column_inner][\/vc_row_inner][vc_row_inner equal_height=&#8221;yes&#8221;][vc_column_inner width=&#8221;1\/4&#8243;][vc_single_image image=&#8221;3992&#8243; alignment=&#8221;center&#8221; css=&#8221;.vc_custom_1584371635678{padding-bottom: 10px !important;}&#8221;][vc_column_text css=&#8221;.vc_custom_1613380140192{padding-bottom: 50px !important;}&#8221;]<\/p>\n<p style=\"text-align: center;\"><strong>06Scienza<\/strong> nasce a Roma<span class=\"text_exposed_show\">\u00a0con l\u2019obiettivo di trasmettere passione e informazione scientifica in modo semplice e coinvolgente.<\/span><\/p>\n<p>[\/vc_column_text][\/vc_column_inner][vc_column_inner width=&#8221;1\/4&#8243;][vc_single_image image=&#8221;3754&#8243; alignment=&#8221;center&#8221; css=&#8221;.vc_custom_1587987285400{padding-bottom: 10px !important;}&#8221;][vc_column_text css=&#8221;.vc_custom_1613380144905{padding-bottom: 50px !important;}&#8221;]<\/p>\n<p style=\"text-align: center;\">Il <strong>10lab<\/strong> \u00e8 lo spazio interattivo per la promozione della cultura scientifica e dell&#8217;innovazione di Sardegna Ricerche.<\/p>\n<p>[\/vc_column_text][\/vc_column_inner][vc_column_inner width=&#8221;1\/4&#8243;][vc_single_image image=&#8221;4037&#8243; alignment=&#8221;center&#8221; css=&#8221;.vc_custom_1587987290171{padding-bottom: 10px !important;}&#8221;][vc_column_text css=&#8221;.vc_custom_1613380175712{padding-bottom: 50px !important;}&#8221;]<\/p>\n<p style=\"text-align: center;\"><strong>B:kind<\/strong> \u00e8 un&#8217;associazione pisana che si occupa di divulgazione scientifica, organizzando laboratori e spettacoli su tutto il territorio nazionale.<\/p>\n<p>[\/vc_column_text][\/vc_column_inner][vc_column_inner width=&#8221;1\/4&#8243;][vc_single_image image=&#8221;4036&#8243; alignment=&#8221;center&#8221; css=&#8221;.vc_custom_1587750780585{padding-bottom: 10px !important;}&#8221;][vc_column_text css=&#8221;.vc_custom_1613380190620{padding-bottom: 50px !important;}&#8221;]<\/p>\n<p style=\"text-align: center;\"><strong>Blips<\/strong> \u00e8 un set di mini-lenti per smartphone, prodotte da SmartMicroOptics, che ti consentono di osservare nel dettaglio il micromondo.<\/p>\n<p>[\/vc_column_text][\/vc_column_inner][vc_column_inner width=&#8221;1\/4&#8243;][vc_single_image image=&#8221;7460&#8243; alignment=&#8221;center&#8221; css=&#8221;.vc_custom_1665493552405{padding-bottom: 10px !important;}&#8221;][vc_column_text css=&#8221;.vc_custom_1665493594054{padding-bottom: 50px !important;}&#8221;]<\/p>\n<p style=\"text-align: center;\"><strong>Brown Enterprises<\/strong> \u00e8 una societ\u00e0 specializzata nella realizzazione di eventi di divulgazione scientifica, operativa su tutto il territorio nazionale.<\/p>\n<p>[\/vc_column_text][\/vc_column_inner][vc_column_inner width=&#8221;1\/4&#8243;][vc_single_image image=&#8221;3753&#8243; alignment=&#8221;center&#8221; css=&#8221;.vc_custom_1584353005944{padding-bottom: 10px !important;}&#8221;][vc_column_text css=&#8221;.vc_custom_1613380201118{padding-bottom: 50px !important;}&#8221;]<\/p>\n<p style=\"text-align: center;\"><strong>Codemotion<\/strong> migliora la crescita professionale degli sviluppatori collegando professionisti informatici, comunit\u00e0 tecnologiche e aziende.<\/p>\n<p>[\/vc_column_text][\/vc_column_inner][vc_column_inner width=&#8221;1\/4&#8243;][vc_single_image image=&#8221;3761&#8243; alignment=&#8221;center&#8221; css=&#8221;.vc_custom_1583873719844{padding-bottom: 10px !important;}&#8221;][vc_column_text css=&#8221;.vc_custom_1613380205797{padding-bottom: 50px !important;}&#8221;]<\/p>\n<p style=\"text-align: center;\"><strong>DiScienza<\/strong> \u00e8 un\u2019associazione che opera nel settore della comunicazione scientifica con l\u2019obiettivo di sviluppare e diffondere la conoscenza di scienza e tecnologia.<\/p>\n<p>[\/vc_column_text][\/vc_column_inner][vc_column_inner width=&#8221;1\/4&#8243;][vc_single_image image=&#8221;7738&#8243; alignment=&#8221;center&#8221; css=&#8221;.vc_custom_1673521453199{padding-bottom: 10px !important;}&#8221;][vc_column_text css=&#8221;.vc_custom_1673521492750{padding-bottom: 50px !important;}&#8221;]<\/p>\n<p style=\"text-align: center;\"><strong>Di.Te.<\/strong> promuove interventi finalizzati alla prevenzione e al contrasto di questi fenomeni attraverso consulenza, informazione e sensibilizzazione.<\/p>\n<p>[\/vc_column_text][\/vc_column_inner][vc_column_inner width=&#8221;1\/4&#8243;][vc_single_image image=&#8221;5965&#8243; alignment=&#8221;center&#8221; css=&#8221;.vc_custom_1613379975871{padding-bottom: 10px !important;}&#8221;][vc_column_text css=&#8221;.vc_custom_1665493634761{padding-bottom: 50px !important;}&#8221;]<\/p>\n<p style=\"text-align: center;\"><strong>Dot\u00eck <\/strong>\u00e8 un gruppo di professionisti che guardano alla comunicazione in modo diverso dal solito, realizzando progetti innovativi e originali riferiti alla comunicazione della scienza.<\/p>\n<p>[\/vc_column_text][\/vc_column_inner][vc_column_inner width=&#8221;1\/4&#8243;][vc_single_image image=&#8221;3993&#8243; alignment=&#8221;center&#8221; css=&#8221;.vc_custom_1584371626757{padding-bottom: 10px !important;}&#8221;][vc_column_text css=&#8221;.vc_custom_1613380210948{padding-bottom: 50px !important;}&#8221;]<\/p>\n<p style=\"text-align: center;\">Il <strong>Festival della Scienza<\/strong> di Genova \u00e8 un punto di riferimento per la divulgazione della scienza a livello internazionale.<\/p>\n<p>[\/vc_column_text][\/vc_column_inner][vc_column_inner width=&#8221;1\/4&#8243;][vc_single_image image=&#8221;4200&#8243; alignment=&#8221;center&#8221; css=&#8221;.vc_custom_1590075894768{padding-bottom: 10px !important;}&#8221;][vc_column_text css=&#8221;.vc_custom_1613380226837{padding-bottom: 50px !important;}&#8221;]<\/p>\n<p style=\"text-align: center;\"><strong>Frame<\/strong> \u00e8 un gruppo di professionisti della comunicazione della scienza con esperienza in festival scientifici, mostre, formazione, laboratori e prodotti editoriali.<\/p>\n<p>[\/vc_column_text][\/vc_column_inner][vc_column_inner width=&#8221;1\/4&#8243;][vc_single_image image=&#8221;5281&#8243; alignment=&#8221;center&#8221; css=&#8221;.vc_custom_1600267212538{padding-bottom: 10px !important;}&#8221;][vc_column_text css=&#8221;.vc_custom_1613380232405{padding-bottom: 50px !important;}&#8221;]<\/p>\n<p style=\"text-align: center;\"><strong>G.Eco<\/strong> si occupa di didattica della biologia ed ecologia, educazione ambientale e diffusione della cultura scientifica.<\/p>\n<p>[\/vc_column_text][\/vc_column_inner][vc_column_inner width=&#8221;1\/4&#8243;][vc_single_image image=&#8221;3755&#8243; alignment=&#8221;center&#8221; css=&#8221;.vc_custom_1583873715780{padding-bottom: 10px !important;}&#8221;][vc_column_text css=&#8221;.vc_custom_1613380247404{padding-bottom: 50px !important;}&#8221;]<\/p>\n<p style=\"text-align: center;\"><strong>Le Nuvole<\/strong> e <strong>Citt\u00e0 della Scienza<\/strong>, con sede a Napoli, sperimentano nuove tecniche nella comunicazione della scienza da 30 anni ininterrotti.<\/p>\n<p>[\/vc_column_text][\/vc_column_inner][vc_column_inner width=&#8221;1\/4&#8243;][vc_single_image image=&#8221;6059&#8243; alignment=&#8221;center&#8221; css=&#8221;.vc_custom_1619427709169{padding-bottom: 10px !important;}&#8221;][vc_column_text css=&#8221;.vc_custom_1619427701541{padding-bottom: 50px !important;}&#8221;]<\/p>\n<p style=\"text-align: center;\"><strong>Multiversi<\/strong>\u00a0si propone al fianco di tutte le agenzie formative che si pongono l\u2019obiettivo di diffondere e divulgare le discipline scientifiche, per una alleanza educativa che possa risultare davvero vincente.<\/p>\n<p>[\/vc_column_text][\/vc_column_inner][vc_column_inner width=&#8221;1\/4&#8243;][vc_single_image image=&#8221;3762&#8243; alignment=&#8221;center&#8221; css=&#8221;.vc_custom_1583873629560{padding-bottom: 10px !important;}&#8221;][vc_column_text css=&#8221;.vc_custom_1613380272557{padding-bottom: 50px !important;}&#8221;]<\/p>\n<p style=\"text-align: center;\">Il <strong>Museo del Bal\u00ec<\/strong> \u00e8 un museo della scienza interattivo, dotato di 40 postazioni interattive, un planetario e un osservatorio astronomico.<\/p>\n<p>[\/vc_column_text][\/vc_column_inner][vc_column_inner width=&#8221;1\/4&#8243;][vc_single_image image=&#8221;3760&#8243; alignment=&#8221;center&#8221; css=&#8221;.vc_custom_1583873735500{padding-bottom: 10px !important;}&#8221;][vc_column_text css=&#8221;.vc_custom_1613380279929{padding-bottom: 50px !important;}&#8221;]<\/p>\n<p style=\"text-align: center;\"><strong>Pleiadi<\/strong> Science Farmer \u00e8 un team di scienziati, con sede a Padova, convinti che la curiosit\u00e0 sia la chiave con cui guardare e scoprire il mondo.<\/p>\n<p>[\/vc_column_text][\/vc_column_inner][vc_column_inner width=&#8221;1\/4&#8243;][vc_single_image image=&#8221;3758&#8243; alignment=&#8221;center&#8221; css=&#8221;.vc_custom_1583873729977{padding-bottom: 10px !important;}&#8221;][vc_column_text css=&#8221;.vc_custom_1613380283438{padding-bottom: 50px !important;}&#8221;]<\/p>\n<p style=\"text-align: center;\"><strong>Psiquadro<\/strong> \u00e8 una cooperativa umbra impegnata nella comunicazione della scienza organizzando festival, eventi e spettacoli di scienza.<\/p>\n<p>[\/vc_column_text][\/vc_column_inner][vc_column_inner width=&#8221;1\/4&#8243;][vc_single_image image=&#8221;3757&#8243; alignment=&#8221;center&#8221; css=&#8221;.vc_custom_1583873637229{padding-bottom: 10px !important;}&#8221;][vc_column_text css=&#8221;.vc_custom_1613380287776{padding-bottom: 50px !important;}&#8221;]<\/p>\n<p style=\"text-align: center;\"><strong>Solaria Opere<\/strong>, con sede a Saluzzo, \u00e8 l&#8217;unica ditta artigiana italiana altamente specializzata nel settore delle meridiane.<\/p>\n<p>[\/vc_column_text][\/vc_column_inner][vc_column_inner width=&#8221;1\/4&#8243;][vc_single_image image=&#8221;3756&#8243; alignment=&#8221;center&#8221; css=&#8221;.vc_custom_1584353052493{padding-bottom: 10px !important;}&#8221;][vc_column_text css=&#8221;.vc_custom_1613380295648{padding-bottom: 50px !important;}&#8221;]<\/p>\n<p style=\"text-align: center;\"><strong>ToScience<\/strong> \u00e8 un\u2019associazione culturale nata a Torino nel 2014 e operante su tutto il territorio italiano per la promozione della cultura scientifica<\/p>\n<p>[\/vc_column_text][\/vc_column_inner][\/vc_row_inner][\/vc_tab][vc_tab title=&#8221;Partner della comunicazione&#8221; tab_id=&#8221;1703156247176-5-4&#8243;][vc_row_inner css=&#8221;.vc_custom_1703156518126{padding-bottom: 50px !important;}&#8221;][vc_column_inner width=&#8221;1\/2&#8243;][\/vc_column_inner][vc_column_inner width=&#8221;1\/2&#8243;]<div id=\"ultimate-heading-152269ee1ea961925\" class=\"uvc-heading ult-adjust-bottom-margin ultimate-heading-152269ee1ea961925 uvc-5937 accent-border-color\" data-hspacer=\"line_only\"  data-halign=\"right\" style=\"text-align:right\"><div class=\"uvc-main-heading ult-responsive\"  data-ultimate-target='.uvc-heading.ultimate-heading-152269ee1ea961925 h2'  data-responsive-json-new='{\"font-size\":\"desktop:30px;\",\"line-height\":\"desktop:36px;\"}' ><h2 style=\"font-weight:bold;margin-bottom:15px;\">PARTNER DELLA COMUNICAZIONE<\/h2><\/div><div class=\"uvc-heading-spacer line_only\" style=\"topheight:5px;\"><span class=\"uvc-headings-line\" style=\"border-style:solid;border-bottom-width:5px;border-color:;width:200px;\"><\/span><\/div><\/div>[vc_column_text css=&#8221;.vc_custom_1594727438787{padding-top: 30px !important;}&#8221;]<\/p>\n<p style=\"text-align: right;\">I professionisti che, con i loro servizi, ci aiutano a comunicare e promuovere tutti i nostri progetti<\/p>\n<p>[\/vc_column_text][\/vc_column_inner][\/vc_row_inner][vc_row_inner equal_height=&#8221;yes&#8221;][vc_column_inner width=&#8221;1\/4&#8243;][vc_single_image image=&#8221;4020&#8243; alignment=&#8221;center&#8221; css=&#8221;.vc_custom_1584616114708{padding-bottom: 10px !important;}&#8221;][vc_column_text css=&#8221;.vc_custom_1613380350414{padding-bottom: 50px !important;}&#8221;]<\/p>\n<p style=\"text-align: center;\"><strong>+ Crocevia<\/strong><\/p>\n<p style=\"text-align: center;\">Studio grafico di Gianluca Rocchetti, dal 2003 progetta e realizza segni visivi. Ha seguito la grafica di fosforo: fin dalla nascita.<\/p>\n<p>[\/vc_column_text][\/vc_column_inner][vc_column_inner width=&#8221;1\/4&#8243;][vc_single_image image=&#8221;3976&#8243; alignment=&#8221;center&#8221; style=&#8221;vc_box_shadow_circle&#8221; css=&#8221;.vc_custom_1584370364565{padding-bottom: 10px !important;}&#8221;][vc_column_text css=&#8221;.vc_custom_1613380355159{padding-bottom: 50px !important;}&#8221;]<\/p>\n<p style=\"text-align: center;\"><strong>Lorenzo Cicconi Massi<\/strong><\/p>\n<p style=\"text-align: center;\">Fotografo senigallese, vincitore di numerosi premi fotografici, le sue foto sono state pubblicate su importanti riviste nazionali ed internazionali.<\/p>\n<p>[\/vc_column_text][\/vc_column_inner][vc_column_inner width=&#8221;1\/4&#8243;][vc_single_image image=&#8221;3975&#8243; alignment=&#8221;center&#8221; style=&#8221;vc_box_shadow_circle&#8221; css=&#8221;.vc_custom_1584370372785{padding-bottom: 10px !important;}&#8221;][vc_column_text css=&#8221;.vc_custom_1613380360361{padding-bottom: 50px !important;}&#8221;]<\/p>\n<p style=\"text-align: center;\"><strong>Marco Giugliarelli<\/strong><\/p>\n<p style=\"text-align: center;\">Fotografo professionista, scatta per diverse testate giornalistiche, soprattutto Il Messaggero. Collabora da tanti anni con fosforo.<\/p>\n<p>[\/vc_column_text][\/vc_column_inner][vc_column_inner width=&#8221;1\/4&#8243;][vc_single_image image=&#8221;3990&#8243; alignment=&#8221;center&#8221; css=&#8221;.vc_custom_1584371046477{padding-bottom: 10px !important;}&#8221;][vc_column_text css=&#8221;.vc_custom_1613380364803{padding-bottom: 50px !important;}&#8221;]<\/p>\n<p style=\"text-align: center;\"><strong>Radio Arancia<\/strong><\/p>\n<p style=\"text-align: center;\">Una delle emittenti di maggior successo in tutta la regione Marche. Durante fosforo: trasmette in diretta spettacoli e interviste.<\/p>\n<p>[\/vc_column_text][\/vc_column_inner][\/vc_row_inner][\/vc_tab][vc_tab title=&#8221;Partner editoriali&#8221; tab_id=&#8221;1703156308620-6-8&#8243;][vc_row_inner css=&#8221;.vc_custom_1703156522986{padding-bottom: 50px !important;}&#8221;][vc_column_inner width=&#8221;1\/2&#8243;][\/vc_column_inner][vc_column_inner width=&#8221;1\/2&#8243;]<div id=\"ultimate-heading-849469ee1ea961965\" class=\"uvc-heading ult-adjust-bottom-margin ultimate-heading-849469ee1ea961965 uvc-1442 accent-border-color\" data-hspacer=\"line_only\"  data-halign=\"right\" style=\"text-align:right\"><div class=\"uvc-main-heading ult-responsive\"  data-ultimate-target='.uvc-heading.ultimate-heading-849469ee1ea961965 h2'  data-responsive-json-new='{\"font-size\":\"desktop:30px;\",\"line-height\":\"desktop:36px;\"}' ><h2 style=\"font-weight:bold;margin-bottom:15px;\">PARTNER EDITORIALI<\/h2><\/div><div class=\"uvc-heading-spacer line_only\" style=\"topheight:5px;\"><span class=\"uvc-headings-line\" style=\"border-style:solid;border-bottom-width:5px;border-color:;width:200px;\"><\/span><\/div><\/div>[vc_column_text css=&#8221;.vc_custom_1594727460249{padding-top: 30px !important;}&#8221;]<\/p>\n<p style=\"text-align: right;\">I partner editoriali con i quali collaboriamo nella pubblicazione dei libri didattici<\/p>\n<p>[\/vc_column_text][\/vc_column_inner][\/vc_row_inner][vc_row_inner equal_height=&#8221;yes&#8221;][vc_column_inner width=&#8221;1\/4&#8243;][\/vc_column_inner][vc_column_inner width=&#8221;1\/4&#8243;][\/vc_column_inner][vc_column_inner width=&#8221;1\/4&#8243;][vc_single_image image=&#8221;3743&#8243; alignment=&#8221;center&#8221; css=&#8221;.vc_custom_1587750813161{padding-bottom: 10px !important;}&#8221;][vc_column_text css=&#8221;.vc_custom_1613380371708{padding-bottom: 50px !important;}&#8221;]<\/p>\n<p style=\"text-align: center;\"><strong>De Agostini<\/strong><\/p>\n<p style=\"text-align: center;\">Una delle case editrici pi\u00f9 note e importanti in Italia, opera in circa trenta paesi nel mondo in tredici lingue diverse.<\/p>\n<p>[\/vc_column_text][\/vc_column_inner][vc_column_inner width=&#8221;1\/4&#8243;][vc_single_image image=&#8221;4039&#8243; alignment=&#8221;center&#8221; css=&#8221;.vc_custom_1587750823661{padding-bottom: 10px !important;}&#8221;][vc_column_text css=&#8221;.vc_custom_1613380376572{padding-bottom: 50px !important;}&#8221;]<\/p>\n<p style=\"text-align: center;\"><strong>White star<\/strong><\/p>\n<p style=\"text-align: center;\">Nata nel 1984, White Star \u00e8 divenuta in pochi anni una delle case editrici pi\u00f9 note a livello nazionale e internazionale nel settore dei libri illustrati.<\/p>\n<p>[\/vc_column_text][\/vc_column_inner][\/vc_row_inner][\/vc_tab][vc_tab title=&#8221;Partner di attivit\u00e0&#8221; tab_id=&#8221;a90ddee5-0ac5-10&#8243;][vc_row_inner css=&#8221;.vc_custom_1703156491953{padding-bottom: 50px !important;}&#8221;][vc_column_inner width=&#8221;1\/2&#8243;][\/vc_column_inner][vc_column_inner width=&#8221;1\/2&#8243;]<div id=\"ultimate-heading-663569ee1ea961992\" class=\"uvc-heading ult-adjust-bottom-margin ultimate-heading-663569ee1ea961992 uvc-7451 accent-border-color\" data-hspacer=\"line_only\"  data-halign=\"right\" style=\"text-align:right\"><div class=\"uvc-main-heading ult-responsive\"  data-ultimate-target='.uvc-heading.ultimate-heading-663569ee1ea961992 h4'  data-responsive-json-new='{\"font-size\":\"desktop:30px;\",\"line-height\":\"desktop:36px;\"}' ><h4 style=\"font-weight:bold;margin-bottom:15px;\">PARTNER DI ATTIVIT\u00e0<\/h4><\/div><div class=\"uvc-heading-spacer line_only\" style=\"topheight:5px;\"><span class=\"uvc-headings-line\" style=\"border-style:solid;border-bottom-width:5px;border-color:;width:200px;\"><\/span><\/div><\/div>[vc_column_text css=&#8221;.vc_custom_1594727343981{padding-top: 30px !important;}&#8221;]<\/p>\n<p style=\"text-align: right;\">Le aziende con le quali abbiamo collaborato, negli ultimi anni, per la realizzazione di attivit\u00e0 di divulgazione e laboratori<\/p>\n<p>[\/vc_column_text][\/vc_column_inner][\/vc_row_inner][vc_row_inner equal_height=&#8221;yes&#8221;][vc_column_inner width=&#8221;1\/4&#8243;][vc_single_image image=&#8221;3740&#8243; alignment=&#8221;center&#8221;][vc_column_text css=&#8221;.vc_custom_1613380485467{padding-bottom: 50px !important;}&#8221;]<\/p>\n<p style=\"text-align: center;\"><strong>Canon<\/strong><\/p>\n<p style=\"text-align: center;\">Azienda giapponese tra le maggiori produttrici mondiali di fotocamere digitali, videocamere e stampanti multifunzione.<\/p>\n<p>[\/vc_column_text][\/vc_column_inner][vc_column_inner width=&#8221;1\/4&#8243;][vc_single_image image=&#8221;3739&#8243; alignment=&#8221;center&#8221;][vc_column_text css=&#8221;.vc_custom_1613380516025{padding-bottom: 50px !important;}&#8221;]<\/p>\n<p style=\"text-align: center;\"><strong>Clementoni<\/strong><\/p>\n<p style=\"text-align: center;\">Societ\u00e0 italiana leader nella produzione di giocattoli educativi, per aiutare i bambini ad imparare divertendosi.<\/p>\n<p>[\/vc_column_text][\/vc_column_inner][vc_column_inner width=&#8221;1\/4&#8243;][vc_single_image image=&#8221;3743&#8243; alignment=&#8221;center&#8221;][vc_column_text css=&#8221;.vc_custom_1613380528337{padding-bottom: 50px !important;}&#8221;]<\/p>\n<p style=\"text-align: center;\"><strong>De Agostini<\/strong><\/p>\n<p style=\"text-align: center;\">Una delle case editrici pi\u00f9 note e importanti in Italia, opera in circa trenta paesi nel mondo in tredici lingue diverse.<\/p>\n<p>[\/vc_column_text][\/vc_column_inner][vc_column_inner width=&#8221;1\/4&#8243;][vc_single_image image=&#8221;3744&#8243; alignment=&#8221;center&#8221; css=&#8221;.vc_custom_1583873578368{padding-bottom: 10px !important;}&#8221;][vc_column_text css=&#8221;.vc_custom_1613381084110{padding-bottom: 50px !important;}&#8221;]<\/p>\n<p style=\"text-align: center;\"><strong>Eni gas e luce<\/strong><\/p>\n<p style=\"text-align: center;\">Con 8 milioni di clienti, Eni gas e luce \u00e8 leader per la vendita di gas naturale e energia elettrica a famiglie, condomini e imprese.<\/p>\n<p>[\/vc_column_text][\/vc_column_inner][vc_column_inner width=&#8221;1\/4&#8243;][vc_single_image image=&#8221;3741&#8243; alignment=&#8221;center&#8221; css=&#8221;.vc_custom_1583873685536{padding-bottom: 10px !important;}&#8221;][vc_column_text css=&#8221;.vc_custom_1665497485137{padding-bottom: 50px !important;}&#8221;]<\/p>\n<p style=\"text-align: center;\"><strong>Faber<\/strong><\/p>\n<p style=\"text-align: center;\">Leader nel settore di cappe da cucina. In un piccolo laboratorio artigiano hanno creato la prima cappa per cucina al mondo.<\/p>\n<p>[\/vc_column_text][\/vc_column_inner][vc_column_inner width=&#8221;1\/4&#8243;][vc_single_image image=&#8221;3745&#8243; alignment=&#8221;center&#8221; css=&#8221;.vc_custom_1583873690924{padding-bottom: 10px !important;}&#8221;][vc_column_text css=&#8221;.vc_custom_1665497845924{padding-bottom: 50px !important;}&#8221;]<\/p>\n<p style=\"text-align: center;\"><strong>Ricola<\/strong><\/p>\n<p style=\"text-align: center;\">Esportando le proprie specialit\u00e0 in pi\u00f9 di 50 paesi nel mondo, Ricola \u00e8 pioniera nella coltivazione delle erbe con metodi naturali.<\/p>\n<p>[\/vc_column_text][\/vc_column_inner][vc_column_inner width=&#8221;1\/4&#8243;][vc_single_image image=&#8221;3738&#8243; alignment=&#8221;center&#8221;][vc_column_text css=&#8221;.vc_custom_1613380581645{padding-bottom: 50px !important;}&#8221;]<\/p>\n<p style=\"text-align: center;\"><strong>Viva Servizi<\/strong><\/p>\n<p style=\"text-align: center;\">Viva Servizi \u00e8 il gestore unico di ambito del Servizio Idrico Integrato su un territorio di 43 Comuni delle province di Ancona e Macerata.<\/p>\n<p>[\/vc_column_text][\/vc_column_inner][vc_column_inner width=&#8221;1\/4&#8243;][vc_single_image image=&#8221;3742&#8243; alignment=&#8221;center&#8221;][vc_column_text css=&#8221;.vc_custom_1613380601820{padding-bottom: 50px !important;}&#8221;]<\/p>\n<p style=\"text-align: center;\"><strong>Vodafone<\/strong><\/p>\n<p style=\"text-align: center;\">Vodafone \u00e8 una delle pi\u00f9 importanti aziende multinazionali di telefonia cellulare e fissa, presente in 25 paesi nel mondo.<\/p>\n<p>[\/vc_column_text][\/vc_column_inner][\/vc_row_inner][vc_row_inner css=&#8221;.vc_custom_1703156497530{padding-bottom: 50px !important;}&#8221;][vc_column_inner width=&#8221;1\/2&#8243;][\/vc_column_inner][vc_column_inner width=&#8221;1\/2&#8243;]<div id=\"ultimate-heading-864269ee1ea9619cf\" class=\"uvc-heading ult-adjust-bottom-margin ultimate-heading-864269ee1ea9619cf uvc-2180 accent-border-color\" data-hspacer=\"line_only\"  data-halign=\"right\" style=\"text-align:right\"><div class=\"uvc-main-heading ult-responsive\"  data-ultimate-target='.uvc-heading.ultimate-heading-864269ee1ea9619cf h2'  data-responsive-json-new='{\"font-size\":\"desktop:30px;\",\"line-height\":\"desktop:36px;\"}' ><h2 style=\"font-weight:bold;margin-bottom:15px;\">PARTNER ISTITUZIONALI<\/h2><\/div><div class=\"uvc-heading-spacer line_only\" style=\"topheight:5px;\"><span class=\"uvc-headings-line\" style=\"border-style:solid;border-bottom-width:5px;border-color:;width:200px;\"><\/span><\/div><\/div>[vc_column_text css=&#8221;.vc_custom_1594727265761{padding-top: 30px !important;}&#8221;]<\/p>\n<p style=\"text-align: right;\">Le istituzioni che sostengono le iniziative di fosforo:<\/p>\n<p>[\/vc_column_text][\/vc_column_inner][\/vc_row_inner][vc_row_inner equal_height=&#8221;yes&#8221;][vc_column_inner width=&#8221;1\/4&#8243;][vc_single_image image=&#8221;4030&#8243; alignment=&#8221;center&#8221; css=&#8221;.vc_custom_1587750669324{padding-bottom: 10px !important;}&#8221;][vc_column_text css=&#8221;.vc_custom_1665497570881{padding-bottom: 50px !important;}&#8221;]<\/p>\n<p style=\"text-align: center;\"><strong>AIRC<\/strong><\/p>\n<p style=\"text-align: center;\">La Fondazione AIRC da oltre 50 anni coltiva un\u2019ambizione che in parte \u00e8 gi\u00e0 realt\u00e0: rendere il cancro sempre pi\u00f9 curabile.<\/p>\n<p>[\/vc_column_text][\/vc_column_inner][vc_column_inner width=&#8221;1\/4&#8243;][vc_single_image image=&#8221;4031&#8243; alignment=&#8221;center&#8221; css=&#8221;.vc_custom_1587750685366{padding-bottom: 10px !important;}&#8221;][vc_column_text css=&#8221;.vc_custom_1613380715640{padding-bottom: 50px !important;}&#8221;]<\/p>\n<p style=\"text-align: center;\"><strong>ANCI<\/strong><\/p>\n<p style=\"text-align: center;\">L&#8217; Associazione Nazionale Comuni Italiani comprende 7.041 Comuni, rappresentativi del 90% della popolazione.<\/p>\n<p>[\/vc_column_text][\/vc_column_inner][vc_column_inner width=&#8221;1\/4&#8243;][vc_single_image image=&#8221;9687&#8243; alignment=&#8221;center&#8221; css=&#8221;.vc_custom_1689604404458{padding-bottom: 10px !important;}&#8221;][vc_column_text css=&#8221;.vc_custom_1613380726156{padding-bottom: 50px !important;}&#8221;]<\/p>\n<p style=\"text-align: center;\"><strong>Fondazione Cariverona<\/strong><\/p>\n<p style=\"text-align: center;\">Fondazioni che persegue esclusivamente scopi di utilit\u00e0 sociale e di promozione dello sviluppo economico.<\/p>\n<p>[\/vc_column_text][\/vc_column_inner][vc_column_inner width=&#8221;1\/4&#8243;][vc_single_image image=&#8221;3759&#8243; alignment=&#8221;center&#8221; css=&#8221;.vc_custom_1587987261513{padding-bottom: 10px !important;}&#8221;][vc_column_text css=&#8221;.vc_custom_1665498083302{padding-bottom: 50px !important;}&#8221;]<\/p>\n<p style=\"text-align: center;\"><strong>CNR<\/strong><\/p>\n<p style=\"text-align: center;\">La principale struttura di ricerca italiana, ha il compito di svolgere, promuovere e diffondere attivit\u00e0 di ricerca scientifica e tecnologica.<\/p>\n<p>[\/vc_column_text][\/vc_column_inner][vc_column_inner width=&#8221;1\/4&#8243;][vc_single_image image=&#8221;9600&#8243; alignment=&#8221;center&#8221; css=&#8221;.vc_custom_1686578685961{padding-bottom: 10px !important;}&#8221;][vc_column_text css=&#8221;.vc_custom_1686578846579{padding-bottom: 50px !important;}&#8221;]<\/p>\n<p style=\"text-align: center;\"><strong>European Space Agency<\/strong><\/p>\n<p style=\"text-align: center;\">Agenzia internazionale fondata nel 1975 incaricata di coordinare i progetti spaziali di 22 Paesi europei.<\/p>\n<p>[\/vc_column_text][\/vc_column_inner][vc_column_inner width=&#8221;1\/4&#8243;][vc_single_image image=&#8221;3749&#8243; alignment=&#8221;center&#8221; css=&#8221;.vc_custom_1583873788315{padding-bottom: 10px !important;}&#8221;][vc_column_text css=&#8221;.vc_custom_1665497781159{padding-bottom: 50px !important;}&#8221;]<\/p>\n<p style=\"text-align: center;\"><strong>Fondazione Veronesi<\/strong><\/p>\n<p style=\"text-align: center;\">Nasce con lo scopo di promuovere la ricerca con progetti di prevenzione, educazione alla salute e divulgazione scientifica.<\/p>\n<p>[\/vc_column_text][\/vc_column_inner][vc_column_inner width=&#8221;1\/4&#8243;][vc_single_image image=&#8221;4044&#8243; alignment=&#8221;center&#8221; css=&#8221;.vc_custom_1587984078838{padding-bottom: 10px !important;}&#8221;][vc_column_text css=&#8221;.vc_custom_1665497607753{padding-bottom: 50px !important;}&#8221;]<\/p>\n<p style=\"text-align: center;\"><strong>INAF<\/strong><\/p>\n<p style=\"text-align: center;\">Ente di ricerca pubblico italiano per l&#8217;astronomia e l&#8217;astrofisica. Erede culturale e storico degli osservatori astronomici.<\/p>\n<p>[\/vc_column_text][\/vc_column_inner][vc_column_inner width=&#8221;1\/4&#8243;][vc_single_image image=&#8221;7739&#8243; alignment=&#8221;center&#8221; css=&#8221;.vc_custom_1673521239758{padding-bottom: 10px !important;}&#8221;][vc_column_text css=&#8221;.vc_custom_1673521383229{padding-bottom: 50px !important;}&#8221;]<\/p>\n<p style=\"text-align: center;\"><strong>Parco Nazionale dello zolfo di Marche e Romagna<\/strong><\/p>\n<p style=\"text-align: center;\">Promuove, conserva, recupera, studia e valorizza del patrimonio ambientale, architettonico e non solo legato ai siti\u00a0d\u2019estrazione dello zolfo<\/p>\n<p>[\/vc_column_text][\/vc_column_inner][vc_column_inner width=&#8221;1\/4&#8243;][vc_single_image image=&#8221;9597&#8243; alignment=&#8221;center&#8221; css=&#8221;.vc_custom_1686578706340{padding-bottom: 10px !important;}&#8221;][vc_column_text css=&#8221;.vc_custom_1686578806713{padding-bottom: 50px !important;}&#8221;]<\/p>\n<p style=\"text-align: center;\"><strong>Virgo<\/strong><\/p>\n<div class=\"page\" title=\"Page 10\">\n<div class=\"layoutArea\">\n<div class=\"column\">\n<p style=\"text-align: center;\">Un grande interferometro situato a Cascina (PI) costruito da una collaborazione internazionale per rilevare onde gravitazionali provenienti dall&#8217;universo.<\/p>\n<\/div>\n<\/div>\n<\/div>\n<p>[\/vc_column_text][\/vc_column_inner][\/vc_row_inner][\/vc_tab][vc_tab title=&#8221;Partner tecnici&#8221; tab_id=&#8221;1703156357687-7-2&#8243;][vc_row_inner css=&#8221;.vc_custom_1703156528670{padding-bottom: 50px !important;}&#8221;][vc_column_inner width=&#8221;1\/2&#8243;][\/vc_column_inner][vc_column_inner width=&#8221;1\/2&#8243;]<div id=\"ultimate-heading-730669ee1ea961a08\" class=\"uvc-heading ult-adjust-bottom-margin ultimate-heading-730669ee1ea961a08 uvc-9301 accent-border-color\" data-hspacer=\"line_only\"  data-halign=\"right\" style=\"text-align:right\"><div class=\"uvc-main-heading ult-responsive\"  data-ultimate-target='.uvc-heading.ultimate-heading-730669ee1ea961a08 h2'  data-responsive-json-new='{\"font-size\":\"desktop:30px;\",\"line-height\":\"desktop:36px;\"}' ><h2 style=\"font-weight:bold;margin-bottom:15px;\">PARTNER TECNICI<\/h2><\/div><div class=\"uvc-heading-spacer line_only\" style=\"topheight:5px;\"><span class=\"uvc-headings-line\" style=\"border-style:solid;border-bottom-width:5px;border-color:;width:200px;\"><\/span><\/div><\/div>[vc_column_text css=&#8221;.vc_custom_1594727477090{padding-top: 30px !important;}&#8221;]<\/p>\n<p style=\"text-align: right;\">I professionisti che, con i loro servizi, ci supportano nella realizzazione di exhibit, allestimenti ed eventi<\/p>\n<p>[\/vc_column_text][\/vc_column_inner][\/vc_row_inner][vc_row_inner equal_height=&#8221;yes&#8221;][vc_column_inner width=&#8221;1\/4&#8243;][vc_single_image image=&#8221;3801&#8243; alignment=&#8221;center&#8221; css=&#8221;.vc_custom_1583874807541{padding-bottom: 10px !important;}&#8221;][vc_column_text css=&#8221;.vc_custom_1613380383764{padding-bottom: 50px !important;}&#8221;]<\/p>\n<p style=\"text-align: center;\"><strong>Benito Manzo<\/strong><\/p>\n<p style=\"text-align: center;\">Benito Manzo \u00e8 il falegname di fiducia di fosforo:, ha collaborato alla realizzazione di numerosi exhibit ed esperimenti per i nostri laboratori.<\/p>\n<p>[\/vc_column_text][\/vc_column_inner][vc_column_inner width=&#8221;1\/4&#8243;][vc_single_image image=&#8221;7126&#8243; alignment=&#8221;center&#8221; css=&#8221;.vc_custom_1637057238019{padding-bottom: 10px !important;}&#8221;][vc_column_text css=&#8221;.vc_custom_1637057291577{padding-bottom: 50px !important;}&#8221;]<\/p>\n<p style=\"text-align: center;\"><strong>Digistampa 21<\/strong><\/p>\n<p style=\"text-align: center;\">Azienda rivolta alla progettazione e realizzazione di campagne pubblicitarie.<\/p>\n<p>[\/vc_column_text][\/vc_column_inner][vc_column_inner width=&#8221;1\/4&#8243;][vc_single_image image=&#8221;3817&#8243; alignment=&#8221;center&#8221; css=&#8221;.vc_custom_1583879721445{padding-bottom: 10px !important;}&#8221;][vc_column_text css=&#8221;.vc_custom_1613380388579{padding-bottom: 50px !important;}&#8221;]<\/p>\n<p style=\"text-align: center;\"><strong>Edison Elettrotecnica snc di Senigallia<\/strong><\/p>\n<p style=\"text-align: center;\">Azienda per la realizzazione di impianti elettrici civili e industriali, specializzata nel settore dei servizi per lo spettacolo.<\/p>\n<p>[\/vc_column_text][\/vc_column_inner][vc_column_inner width=&#8221;1\/4&#8243;][vc_single_image image=&#8221;3805&#8243; alignment=&#8221;center&#8221; css=&#8221;.vc_custom_1584369746557{padding-bottom: 10px !important;}&#8221;][vc_column_text css=&#8221;.vc_custom_1613380393275{padding-bottom: 50px !important;}&#8221;]<\/p>\n<p style=\"text-align: center;\"><strong>Franz AVL \u2013 service audio, luci e video<\/strong><\/p>\n<p style=\"text-align: center;\">Partner tecnico di fosforo: da diversi anni, con cui collabora nella realizzazione degli impianti tecnici presenti durante il festival.<\/p>\n<p>[\/vc_column_text][\/vc_column_inner][vc_column_inner width=&#8221;1\/4&#8243;][vc_single_image image=&#8221;5400&#8243; alignment=&#8221;center&#8221; css=&#8221;.vc_custom_1600946713827{padding-bottom: 10px !important;}&#8221;][vc_column_text css=&#8221;.vc_custom_1613380398172{padding-bottom: 50px !important;}&#8221;]<\/p>\n<p style=\"text-align: center;\"><strong>Hotel Pensione Trieste<\/strong><\/p>\n<p style=\"text-align: center;\">Una casa, pi\u00f9 che un hotel, \u00e8 il luogo di ristoro per staff e ospiti durante fosforo.<\/p>\n<p>[\/vc_column_text][\/vc_column_inner][vc_column_inner width=&#8221;1\/4&#8243;][vc_single_image image=&#8221;3977&#8243; alignment=&#8221;center&#8221; style=&#8221;vc_box_shadow_circle&#8221; css=&#8221;.vc_custom_1584370449949{padding-bottom: 10px !important;}&#8221;][vc_column_text css=&#8221;.vc_custom_1613380402640{padding-bottom: 50px !important;}&#8221;]<\/p>\n<p style=\"text-align: center;\"><strong>Lampwork<\/strong><\/p>\n<p style=\"text-align: center;\">Mauro Puccitelli \u00e8 un mastro vetraio di grande esperienza sia nel campo della lavorazione del vetro che nella pittura.<\/p>\n<p>[\/vc_column_text][\/vc_column_inner][vc_column_inner width=&#8221;1\/4&#8243;][vc_single_image image=&#8221;3806&#8243; alignment=&#8221;center&#8221; css=&#8221;.vc_custom_1583875183740{padding-bottom: 10px !important;}&#8221;][vc_column_text css=&#8221;.vc_custom_1613380412164{padding-bottom: 50px !important;}&#8221;]<\/p>\n<p style=\"text-align: center;\"><strong>Rompicapo in legno<\/strong><\/p>\n<p style=\"text-align: center;\">Produzione artigianale e vendita di giochi logici e rompicapo in legno e metallo. Ha realizzato numerosi exhibit di mostre per fosforo.<\/p>\n<p>[\/vc_column_text][\/vc_column_inner][vc_column_inner width=&#8221;1\/4&#8243;][vc_single_image image=&#8221;6394&#8243; alignment=&#8221;center&#8221; css=&#8221;.vc_custom_1623052820323{padding-bottom: 10px !important;}&#8221;][vc_column_text css=&#8221;.vc_custom_1623052795660{padding-bottom: 50px !important;}&#8221;]<\/p>\n<p style=\"text-align: center;\"><strong>Sandemar<\/strong><\/p>\n<p style=\"text-align: center;\">Azienda marchigiana specializzata in prodotti personalizzati, da sempre collabora con fosforo nella realizzazione di gadget e merchandising brandizzato.<\/p>\n<p>[\/vc_column_text][\/vc_column_inner][vc_column_inner width=&#8221;1\/4&#8243;][vc_single_image image=&#8221;5256&#8243; alignment=&#8221;center&#8221; css=&#8221;.vc_custom_1600170730240{padding-bottom: 10px !important;}&#8221;][vc_column_text css=&#8221;.vc_custom_1613380407835{padding-bottom: 50px !important;}&#8221;]<\/p>\n<p style=\"text-align: center;\"><strong>Smartfilmplus<\/strong><\/p>\n<p style=\"text-align: center;\">Distributori globali di smartfilm, smartglass e speciali tipi di vetro isolante.<\/p>\n<p>[\/vc_column_text][\/vc_column_inner][\/vc_row_inner][\/vc_tab][\/vc_tabs][\/vc_column][\/vc_row]<\/p>\n<\/div>","protected":false},"excerpt":{"rendered":"<p>[vc_row css=&#8221;.vc_custom_1703155250009{padding-top: 70px !important;padding-bottom: 50px !important;}&#8221;][vc_column][vc_tabs][vc_tab title=&#8221;Tutti i partner&#8221; tab_id=&#8221;1703155654400-2-6&#8243;][vc_row_inner css=&#8221;.vc_custom_1703156497530{padding-bottom: 50px !important;}&#8221;][vc_column_inner width=&#8221;1\/2&#8243;][\/vc_column_inner][vc_column_inner width=&#8221;1\/2&#8243;][vc_column_text css=&#8221;.vc_custom_1594727265761{padding-top: 30px !important;}&#8221;] Le istituzioni che sostengono le iniziative di fosforo: [\/vc_column_text][\/vc_column_inner][\/vc_row_inner][vc_row_inner equal_height=&#8221;yes&#8221;][vc_column_inner width=&#8221;1\/4&#8243;][vc_single_image image=&#8221;4030&#8243; alignment=&#8221;center&#8221; css=&#8221;.vc_custom_1587750669324{padding-bottom: 10px !important;}&#8221;][vc_column_text css=&#8221;.vc_custom_1665497570881{padding-bottom: 50px !important;}&#8221;] AIRC La Fondazione AIRC da oltre 50 anni coltiva un\u2019ambizione che in parte \u00e8 gi\u00e0 realt\u00e0: rendere il&hellip;<\/p>\n","protected":false},"author":1,"featured_media":0,"parent":0,"menu_order":0,"comment_status":"closed","ping_status":"closed","template":"","meta":{"_monsterinsights_skip_tracking":false,"_monsterinsights_sitenote_active":false,"_monsterinsights_sitenote_note":"","_monsterinsights_sitenote_category":0,"footnotes":""},"class_list":["post-3765","page","type-page","status-publish","hentry","description-off"],"_links":{"self":[{"href":"https:\/\/www.fosforoscienza.it\/index.php\/wp-json\/wp\/v2\/pages\/3765","targetHints":{"allow":["GET"]}}],"collection":[{"href":"https:\/\/www.fosforoscienza.it\/index.php\/wp-json\/wp\/v2\/pages"}],"about":[{"href":"https:\/\/www.fosforoscienza.it\/index.php\/wp-json\/wp\/v2\/types\/page"}],"author":[{"embeddable":true,"href":"https:\/\/www.fosforoscienza.it\/index.php\/wp-json\/wp\/v2\/users\/1"}],"replies":[{"embeddable":true,"href":"https:\/\/www.fosforoscienza.it\/index.php\/wp-json\/wp\/v2\/comments?post=3765"}],"version-history":[{"count":139,"href":"https:\/\/www.fosforoscienza.it\/index.php\/wp-json\/wp\/v2\/pages\/3765\/revisions"}],"predecessor-version":[{"id":11263,"href":"https:\/\/www.fosforoscienza.it\/index.php\/wp-json\/wp\/v2\/pages\/3765\/revisions\/11263"}],"wp:attachment":[{"href":"https:\/\/www.fosforoscienza.it\/index.php\/wp-json\/wp\/v2\/media?parent=3765"}],"curies":[{"name":"wp","href":"https:\/\/api.w.org\/{rel}","templated":true}]}}