{"id":4468,"date":"2020-06-23T23:02:10","date_gmt":"2020-06-23T21:02:10","guid":{"rendered":"http:\/\/www.fosforoscienza.it\/?page_id=4468"},"modified":"2024-09-05T15:47:02","modified_gmt":"2024-09-05T13:47:02","slug":"progetti","status":"publish","type":"page","link":"https:\/\/www.fosforoscienza.it\/index.php\/cosa-facciamo\/progetti\/","title":{"rendered":"PROGETTI"},"content":{"rendered":"<div class=\"wpb-content-wrapper\"><p>[vc_row css=&#8221;.vc_custom_1592302778602{padding-bottom: 100px !important;}&#8221;][vc_column width=&#8221;1\/2&#8243;][\/vc_column][vc_column width=&#8221;1\/2&#8243;][vc_custom_heading text=&#8221;PROGETTI&#8221; font_container=&#8221;tag:h2|text_align:right&#8221; use_theme_fonts=&#8221;yes&#8221;][vc_column_text]<\/p>\r\n<p style=\"text-align: right;\">Clicca sulle foto per scoprire i pi\u00f9 importanti progetti che abbiamo realizzato sul territorio nazionale<\/p>\r\n<p>[\/vc_column_text][\/vc_column][\/vc_row][vc_row][vc_column][vc_column_text css=&#8221;.vc_custom_1686574139271{padding-bottom: 20px !important;}&#8221;]<\/p>\r\n<h2 style=\"text-align: right;\"><span style=\"color: #cc0066;\"><strong>PROGETTI IN CORSO<\/strong><\/span><\/h2>\r\n<p>[\/vc_column_text][vc_separator style=&#8221;shadow&#8221; css=&#8221;.vc_custom_1613122661916{padding-top: 30px !important;padding-bottom: 30px !important;}&#8221;][vc_row_inner css=&#8221;.vc_custom_1592302796837{padding-top: 30px !important;}&#8221;][vc_column_inner width=&#8221;2\/6&#8243;][vc_single_image image=&#8221;10752&#8243; img_size=&#8221;medium&#8221; alignment=&#8221;center&#8221; css=&#8221;&#8221; image_hovers=&#8221;false&#8221;][vc_separator style=&#8221;shadow&#8221; css=&#8221;.vc_custom_1592946875503{padding-top: 10px !important;padding-bottom: 10px !important;}&#8221;][vc_column_text]<\/p>\r\n<p style=\"text-align: right;\"><i>\u00a0<\/i><\/p>\r\n<p>[\/vc_column_text]<div id=\"ultimate-heading-746369ec8057c6293\" class=\"uvc-heading ult-adjust-bottom-margin ultimate-heading-746369ec8057c6293 uvc-1388  uvc-heading-default-font-sizes\" data-hspacer=\"no_spacer\"  data-halign=\"right\" style=\"text-align:right\"><div class=\"uvc-heading-spacer no_spacer\" style=\"top\"><\/div><div class=\"uvc-main-heading ult-responsive\"  data-ultimate-target='.uvc-heading.ultimate-heading-746369ec8057c6293 h3'  data-responsive-json-new='{\"font-size\":\"\",\"line-height\":\"\"}' ><h3 style=\"--font-weight:theme;\"> ZEFIRO \u2013 VENTI DI COMUNIT\u00c0<\/h3><\/div><div class=\"uvc-sub-heading ult-responsive\"  data-ultimate-target='.uvc-heading.ultimate-heading-746369ec8057c6293 .uvc-sub-heading '  data-responsive-json-new='{\"font-size\":\"\",\"line-height\":\"\"}'  style=\"font-weight:normal;\"><\/p>\r\n<p><i>2025<br \/>ActionAid International Italia E.T.S. all\u2019interno del progetto The CARE \u2013 Civil Actors for Rights and Empowerment, cofinanziato dall\u2019Unione Europea e promosso da Fondazione Realizza il Cambiamento<\/i><\/p>\r\n<p><\/div><\/div>[\/vc_column_inner][vc_column_inner width=&#8221;3\/6&#8243;][vc_column_text css=&#8221;&#8221;]<\/p>\r\n<div class=\"page\" title=\"Page 1\">\r\n<div class=\"section\">\r\n<div class=\"layoutArea\">\r\n<div class=\"column\">\r\n<div class=\"page\" title=\"Page 1\">\r\n<div class=\"section\">\r\n<div class=\"layoutArea\">\r\n<div class=\"column\">\r\n<p><span data-sheets-root=\"1\">Il progetto punta a realizzare un modello di infrastruttura che collega cittadini, organizzazioni e amministrazioni pubbliche per promuovere la partecipazione, la cooperazione e la co-progettazione dei servizi. Attraverso questa piattaforma, mira a sviluppare un ecosistema di innovazione per la tutela dei diritti fondamentali delle persone, concentrandoci sulle molteplici conseguenze negative della crisi climatica su Senigallia.<\/span><\/p>\r\n<\/div>\r\n<\/div>\r\n<\/div>\r\n<\/div>\r\n<p>&nbsp;<\/p>\r\n<p><em><strong>Progetto in collaborazione con<br \/><\/strong><\/em><i>Factory 00<\/i><\/p>\r\n<\/div>\r\n<\/div>\r\n<\/div>\r\n<\/div>\r\n<p>&nbsp;<\/p>\r\n<p><strong><em>Progetto finanziato da<\/em><\/strong><br \/><i>ActionAid International Italia E.T.S. all&#8217;interno del progetto The CARE \u2013 Civil Actors for Rights and Empowerment, cofinanziato dall\u2019Unione Europea e promosso da Fondazione Realizza il Cambiamento<br \/><\/i><\/p>\r\n<p>[\/vc_column_text][vc_btn title=&#8221;Scopri di pi\u00f9&#8221; style=&#8221;classic&#8221; color=&#8221;sky&#8221; i_icon_fontawesome=&#8221;fas fa-search&#8221; css=&#8221;.vc_custom_1725543522860{padding-top: 15px !important;padding-bottom: 15px !important;}&#8221; add_icon=&#8221;true&#8221; link=&#8221;url:https%3A%2F%2Fwww.zefiroventidicomunita.it%2F&#8221;][\/vc_column_inner][vc_column_inner width=&#8221;1\/6&#8243;][\/vc_column_inner][\/vc_row_inner][vc_separator style=&#8221;shadow&#8221; css=&#8221;.vc_custom_1613122661916{padding-top: 30px !important;padding-bottom: 30px !important;}&#8221;][vc_row_inner css=&#8221;.vc_custom_1592302796837{padding-top: 30px !important;}&#8221;][vc_column_inner width=&#8221;2\/6&#8243;][vc_single_image image=&#8221;10753&#8243; img_size=&#8221;medium&#8221; alignment=&#8221;center&#8221; css=&#8221;&#8221; image_hovers=&#8221;false&#8221;][vc_separator style=&#8221;shadow&#8221; css=&#8221;.vc_custom_1592946875503{padding-top: 10px !important;padding-bottom: 10px !important;}&#8221;][vc_column_text]<\/p>\r\n<p style=\"text-align: right;\"><i>\u00a0<\/i><\/p>\r\n<p>[\/vc_column_text]<div id=\"ultimate-heading-738469ec8057c6324\" class=\"uvc-heading ult-adjust-bottom-margin ultimate-heading-738469ec8057c6324 uvc-4451  uvc-heading-default-font-sizes\" data-hspacer=\"no_spacer\"  data-halign=\"right\" style=\"text-align:right\"><div class=\"uvc-heading-spacer no_spacer\" style=\"top\"><\/div><div class=\"uvc-main-heading ult-responsive\"  data-ultimate-target='.uvc-heading.ultimate-heading-738469ec8057c6324 h3'  data-responsive-json-new='{\"font-size\":\"\",\"line-height\":\"\"}' ><h3 style=\"--font-weight:theme;\">AGOR\u00c0<\/h3><\/div><div class=\"uvc-sub-heading ult-responsive\"  data-ultimate-target='.uvc-heading.ultimate-heading-738469ec8057c6324 .uvc-sub-heading '  data-responsive-json-new='{\"font-size\":\"\",\"line-height\":\"\"}'  style=\"font-weight:normal;\"><\/p>\r\n<p><i>2025<br \/><em>Progetto finanziato da Dipartimento per le Politiche Giovanili e il Servizio Civile Universale<br \/>Presidenza del Consiglio dei Ministri<\/em><\/i><\/p>\r\n<p><\/div><\/div>[\/vc_column_inner][vc_column_inner width=&#8221;3\/6&#8243;][vc_column_text css=&#8221;&#8221;]<\/p>\r\n<div class=\"page\" title=\"Page 1\">\r\n<div class=\"section\">\r\n<div class=\"layoutArea\">\r\n<div class=\"column\">\r\n<div class=\"page\" title=\"Page 1\">\r\n<div class=\"section\">\r\n<div class=\"layoutArea\">\r\n<div class=\"column\">\r\n<p><span data-sheets-root=\"1\">Il progetto si ispira all\u2019antica AGOR\u00c0, al suo significato etimologico, raccolgo\/raduno, e storico quale piazza principale delle polis dell\u2019Antica Grecia. L\u2019obiettivo \u00e8 fare della Biblioteca Antonelliana uno spazio aperto DEI giovani e PER i giovani: un luogo in cui possano ritrovarsi, sperimentare, aggregarsi, partecipare. Abbiamo individuato 5 aree tematiche: studio, cultura, apprendimento, gioco e media, aggregazione, su cui intervenire organizzando insieme ai giovani diverse tipologie di attivit\u00e0.\u00a0<\/span><\/p>\r\n<\/div>\r\n<\/div>\r\n<\/div>\r\n<\/div>\r\n<p>&nbsp;<\/p>\r\n<p><em><strong>Progetto in collaborazione con<br \/><\/strong><\/em><i>Associazione Di.Te.<br \/>Senanova<br \/>Il Seme<br \/>Fondazione Caritas Senigallia ETS<br \/>Undicesima Ora<br \/>Casa della Giovent\u00f9 Senigallia<\/i><\/p>\r\n<\/div>\r\n<\/div>\r\n<\/div>\r\n<\/div>\r\n<p>&nbsp;<\/p>\r\n<p><strong><em>Progetto finanziato da<\/em><\/strong><br \/><em>Dipartimento per le Politiche Giovanili e il Servizio Civile Universale<\/em><br \/><em>Presidenza del Consiglio dei Ministri<\/em><\/p>\r\n<p>[\/vc_column_text][\/vc_column_inner][vc_column_inner width=&#8221;1\/6&#8243;][\/vc_column_inner][\/vc_row_inner][vc_separator style=&#8221;shadow&#8221; css=&#8221;.vc_custom_1613122661916{padding-top: 30px !important;padding-bottom: 30px !important;}&#8221;][vc_row_inner css=&#8221;.vc_custom_1592302796837{padding-top: 30px !important;}&#8221;][vc_column_inner width=&#8221;2\/6&#8243;][vc_single_image image=&#8221;10266&#8243; img_size=&#8221;medium&#8221; alignment=&#8221;center&#8221; image_hovers=&#8221;false&#8221;][vc_separator style=&#8221;shadow&#8221; css=&#8221;.vc_custom_1592946875503{padding-top: 10px !important;padding-bottom: 10px !important;}&#8221;]<div id=\"ultimate-heading-95569ec8057c637d\" class=\"uvc-heading ult-adjust-bottom-margin ultimate-heading-95569ec8057c637d uvc-6223  uvc-heading-default-font-sizes\" data-hspacer=\"no_spacer\"  data-halign=\"right\" style=\"text-align:right\"><div class=\"uvc-heading-spacer no_spacer\" style=\"top\"><\/div><div class=\"uvc-main-heading ult-responsive\"  data-ultimate-target='.uvc-heading.ultimate-heading-95569ec8057c637d h3'  data-responsive-json-new='{\"font-size\":\"\",\"line-height\":\"\"}' ><h3 style=\"--font-weight:theme;\">ECO<\/h3><\/div><div class=\"uvc-sub-heading ult-responsive\"  data-ultimate-target='.uvc-heading.ultimate-heading-95569ec8057c637d .uvc-sub-heading '  data-responsive-json-new='{\"font-size\":\"\",\"line-height\":\"\"}'  style=\"font-weight:normal;\"><\/p>\r\n<p><i>2024-2025<br \/><em>Progetto finanziato da<\/em><br \/>Fondazione Cariverona<\/i><\/p>\r\n<p><\/div><\/div>[vc_single_image image=&#8221;9687&#8243; alignment=&#8221;right&#8221; css=&#8221;.vc_custom_1702914700653{padding-top: 20px !important;}&#8221;][vc_column_text]<\/p>\r\n<p style=\"text-align: right;\"><i>\u00a0<\/i><\/p>\r\n<p>[\/vc_column_text][\/vc_column_inner][vc_column_inner width=&#8221;3\/6&#8243;][vc_column_text]<\/p>\r\n<div class=\"page\" title=\"Page 1\">\r\n<div class=\"section\">\r\n<div class=\"layoutArea\">\r\n<div class=\"column\">\r\n<div class=\"page\" title=\"Page 1\">\r\n<div class=\"section\">\r\n<div class=\"layoutArea\">\r\n<div class=\"column\">\r\n<p>ECO e\u0300 un progetto realizzato grazie al sostegno di Fondazione Cariverona. Il programma educativo di ECO segue i principi generali e gli impegni della carta per l\u2019educazione alla biodiversita\u0300, che pone al centro la transizione verde come visione per un futuro in cui entro il 2050 sia raggiunta la neutralita\u0300 climatica e tutti gli ecosistemi siano ripristinati, resilienti e adeguatamente protetti.<\/p>\r\n<\/div>\r\n<\/div>\r\n<\/div>\r\n<\/div>\r\n<p>&nbsp;<\/p>\r\n<p><em><strong>Progetto in collaborazione con<br \/><\/strong><\/em><em>Pleiadi<br \/><\/em><em>Fondazione Caritas Senigallia ETS<br \/><\/em><em>Universit\u00e0 di Camerino<br \/>Comune di Senigallia<\/em><\/p>\r\n<\/div>\r\n<\/div>\r\n<\/div>\r\n<\/div>\r\n<p>&nbsp;<\/p>\r\n<p><strong><em>Progetto finanziato da<\/em><\/strong><br \/><em>Fondazione Cariverona<\/em><\/p>\r\n<p>[\/vc_column_text][vc_btn title=&#8221;Scopri di pi\u00f9&#8221; style=&#8221;classic&#8221; color=&#8221;sky&#8221; i_icon_fontawesome=&#8221;fas fa-search&#8221; css=&#8221;.vc_custom_1705507966104{padding-top: 15px !important;padding-bottom: 15px !important;}&#8221; add_icon=&#8221;true&#8221; link=&#8221;url:https%3A%2F%2Fwww.fosforoscienza.it%2Findex.php%2Fcosa-facciamo%2Fprogetti%2Feco%2F|title:Pandora%20%E2%80%93%20il%20progetto&#8221;][\/vc_column_inner][vc_column_inner width=&#8221;1\/6&#8243;][\/vc_column_inner][\/vc_row_inner][\/vc_column][\/vc_row][vc_row css=&#8221;.vc_custom_1686574121418{padding-top: 150px !important;}&#8221;][vc_column][vc_column_text css=&#8221;.vc_custom_1686574130160{padding-bottom: 20px !important;}&#8221;]<\/p>\r\n<h2 style=\"text-align: right;\"><span style=\"color: #cc0066;\"><strong>PROGETTI CONCLUSI<\/strong><\/span><\/h2>\r\n<p>[\/vc_column_text][vc_separator style=&#8221;shadow&#8221; css=&#8221;.vc_custom_1613122661916{padding-top: 30px !important;padding-bottom: 30px !important;}&#8221;][vc_row_inner css=&#8221;.vc_custom_1592302796837{padding-top: 30px !important;}&#8221;][vc_column_inner width=&#8221;2\/6&#8243;][vc_single_image image=&#8221;9846&#8243; img_size=&#8221;full&#8221; alignment=&#8221;center&#8221; image_hovers=&#8221;false&#8221;][vc_separator style=&#8221;shadow&#8221; css=&#8221;.vc_custom_1592946875503{padding-top: 10px !important;padding-bottom: 10px !important;}&#8221;][vc_column_text]<\/p>\r\n<h3 style=\"font-weight: 400; text-align: right;\"><strong>Esposti al rischio<\/strong><\/h3>\r\n<p>[\/vc_column_text][vc_column_text]<\/p>\r\n<p style=\"text-align: right;\"><i>2023-2024<br \/><em>Progetto finanziato da<\/em><br \/><em>Regione Marche-Politiche giovanili<\/em><br \/><em>Dipartimento per le politiche giovanili e il servizio civile universale<\/em><br \/><\/i><\/p>\r\n<p>[\/vc_column_text][vc_single_image image=&#8221;9825&#8243; img_size=&#8221;full&#8221; css=&#8221;.vc_custom_1695632302839{padding-top: 20px !important;}&#8221;][vc_column_text]<\/p>\r\n<p style=\"text-align: right;\"><i>\u00a0<\/i><\/p>\r\n<p>[\/vc_column_text][\/vc_column_inner][vc_column_inner width=&#8221;3\/6&#8243;][vc_column_text]<\/p>\r\n<div class=\"page\" title=\"Page 1\">\r\n<div class=\"section\">\r\n<div class=\"layoutArea\">\r\n<div class=\"column\">\r\n<p>\u201cEsposti al rischio\u201d \u00e8 un progetto di rete che coinvolger\u00e0 enti del terzo settore, comuni e scuole per orientare i giovani nel difficile compito di\u00a0comprendere il rischio nell\u2019era dell\u2019incertezza.<\/p>\r\n<p>L\u2019iniziativa \u00e8 stata creata dai giovani per i giovani con l\u2019obiettivo di acquisire competenze specifiche e diventare fautori di una cittadinanza attiva in un contesto attualmente difficile come quello dell\u2019emergenza climatica e di grandi cambiamenti tecnologici e digitali.<\/p>\r\n<p><em><strong>Progetto in collaborazione con<\/strong><\/em><\/p>\r\n<\/div>\r\n<\/div>\r\n<\/div>\r\n<\/div>\r\n<p><i>Di.Te. &#8211; Associazione Nazionale Dipendenze Tecnologiche,<br \/>Gap e Cyberbullismo O.D.V.<br \/>Il Seme &#8211; Associazione di volontariato<br \/>Fondazione Caritas Senigallia ETS<br \/>Undicesimaora &#8211; societ\u00e0 cooperativa sociale<br \/><\/i><\/p>\r\n<p><strong><em>Progetto finanziato da<\/em><\/strong><br \/><em>Regione Marche<br \/>Dipartimento per le Politiche Giovanili e il Servizio Civile Universale<\/em>[\/vc_column_text][vc_btn title=&#8221;Scopri di pi\u00f9&#8221; style=&#8221;classic&#8221; color=&#8221;sky&#8221; i_icon_fontawesome=&#8221;fas fa-search&#8221; css=&#8221;.vc_custom_1705595224859{padding-top: 15px !important;padding-bottom: 15px !important;}&#8221; add_icon=&#8221;true&#8221; link=&#8221;url:https%3A%2F%2Fwww.fosforoscienza.it%2Findex.php%2Fesposti-al-rischio%2F|title:esposti%20al%20rischio&#8221;][\/vc_column_inner][vc_column_inner width=&#8221;1\/6&#8243;][\/vc_column_inner][\/vc_row_inner][vc_separator style=&#8221;shadow&#8221; css=&#8221;.vc_custom_1613122661916{padding-top: 30px !important;padding-bottom: 30px !important;}&#8221;][vc_row_inner css=&#8221;.vc_custom_1592302796837{padding-top: 30px !important;}&#8221;][vc_column_inner width=&#8221;2\/6&#8243;][vc_single_image image=&#8221;7708&#8243; img_size=&#8221;full&#8221; alignment=&#8221;center&#8221; image_hovers=&#8221;false&#8221;][vc_separator style=&#8221;shadow&#8221; css=&#8221;.vc_custom_1592946875503{padding-top: 10px !important;padding-bottom: 10px !important;}&#8221;][vc_column_text]<\/p>\r\n<h3 style=\"font-weight: 400; text-align: right;\"><strong>Linfa<\/strong><\/h3>\r\n<p>[\/vc_column_text][vc_column_text]<\/p>\r\n<p style=\"text-align: right;\"><i>2022-2023<br \/><em>Progetto finanziato da<\/em><br \/>Fondazione Cariverona<\/i><\/p>\r\n<p>[\/vc_column_text][vc_single_image image=&#8221;9687&#8243; alignment=&#8221;right&#8221; css=&#8221;.vc_custom_1702914700653{padding-top: 20px !important;}&#8221;][vc_column_text]<\/p>\r\n<p style=\"text-align: right;\"><i>\u00a0<\/i><\/p>\r\n<p>[\/vc_column_text][\/vc_column_inner][vc_column_inner width=&#8221;3\/6&#8243;][vc_column_text]<\/p>\r\n<div class=\"page\" title=\"Page 1\">\r\n<div class=\"section\">\r\n<div class=\"layoutArea\">\r\n<div class=\"column\">\r\n<p>LINFA e\u0300 il nuovo progetto realizzato da fosforo: la festa della scienza insieme alla Fondazione Caritas Senigallia, Sena nova e UNICAM grazie al sostegno della Fondazione Cariverona. Il progetto mira ad una rigenerazione ambientale del parco Bosco Mio e del Parco della Cesanella, e prevede attivita\u0300 gratuite per le scuole tra marzo e giugno 2023.<\/p>\r\n<p><em><strong>Progetto in collaborazione con<\/strong><\/em><\/p>\r\n<\/div>\r\n<\/div>\r\n<\/div>\r\n<\/div>\r\n<p><em>Fondazione Caritas Senigallia Onlus<\/em><br \/><em>Universit\u00e0 di Camerino<br \/><\/em><em>Associazione Sena Nova<\/em><\/p>\r\n<p>&nbsp;<\/p>\r\n<p><strong><em>Progetto finanziato da<\/em><\/strong><br \/><em>Fondazione Cariverona<\/em>[\/vc_column_text][vc_btn title=&#8221;Scopri di pi\u00f9&#8221; style=&#8221;classic&#8221; color=&#8221;sky&#8221; i_icon_fontawesome=&#8221;fas fa-search&#8221; css=&#8221;.vc_custom_1686408488102{padding-top: 15px !important;padding-bottom: 15px !important;}&#8221; add_icon=&#8221;true&#8221; link=&#8221;url:https%3A%2F%2Fwww.fosforoscienza.it%2Findex.php%2Fcosa-facciamo%2Fprogetti%2Flinfa%2F|title:Pandora%20%E2%80%93%20il%20progetto||&#8221;][\/vc_column_inner][vc_column_inner width=&#8221;1\/6&#8243;][\/vc_column_inner][\/vc_row_inner][vc_separator style=&#8221;shadow&#8221; css=&#8221;.vc_custom_1613122661916{padding-top: 30px !important;padding-bottom: 30px !important;}&#8221;][vc_row_inner css=&#8221;.vc_custom_1592302796837{padding-top: 30px !important;}&#8221;][vc_column_inner width=&#8221;2\/6&#8243;][vc_single_image image=&#8221;7744&#8243; img_size=&#8221;full&#8221; alignment=&#8221;center&#8221; image_hovers=&#8221;false&#8221;][vc_separator style=&#8221;shadow&#8221; css=&#8221;.vc_custom_1592946875503{padding-top: 10px !important;padding-bottom: 10px !important;}&#8221;][vc_column_text]<\/p>\r\n<h3 style=\"font-weight: 400; text-align: right;\"><strong>D.EM.E.T.R.A &#8211; DIDATTICA per l\u2019Empowerment ecologico, tecnologico, resiliente, aziendale<\/strong><\/h3>\r\n<p>[\/vc_column_text][vc_column_text]<\/p>\r\n<p style=\"text-align: right;\"><i>\u00a0<\/i><\/p>\r\n<p>[\/vc_column_text][vc_column_text]<\/p>\r\n<p style=\"text-align: right;\"><i>2022-2023<br \/>Bando Conc.Im.O.<\/i>[\/vc_column_text][vc_single_image image=&#8221;9825&#8243; img_size=&#8221;full&#8221; css=&#8221;.vc_custom_1695632302839{padding-top: 20px !important;}&#8221;][\/vc_column_inner][vc_column_inner width=&#8221;3\/6&#8243;][vc_column_text]<\/p>\r\n<div class=\"page\" title=\"Page 1\">\r\n<div class=\"section\">\r\n<div class=\"layoutArea\">\r\n<div class=\"column\">\r\n<p>D.EM.E.T.R.A. \u00e8 un percorso di formazione per stimolare la curiosit\u00e0, la creativit\u00e0, la passione dei pi\u00f9 giovani, per la loro crescita personale e professionale. L\u2019obiettivo \u00e8 sviluppare in essi un mindset imprenditoriale, la cultura dell\u2019innovazione, cos\u00ec come una mentalit\u00e0 proattiva e propositiva di fronte alla complessit\u00e0 e alle sfide della realt\u00e0.<\/p>\r\n<p><em><strong>Progetto in collaborazione con<\/strong><\/em><\/p>\r\n<\/div>\r\n<\/div>\r\n<\/div>\r\n<\/div>\r\n<p><em>Unicensima ora Soc Coop sociale Onlus<\/em><br \/><em>Fondazione Caritas Senigallia Onlus<\/em><br \/><em>Il Seme Odv<\/em><br \/><em>Universit\u00e0 Politecnica delle Marche<\/em><br \/><em>Comune di Senigallia<\/em>[\/vc_column_text][\/vc_column_inner][vc_column_inner width=&#8221;1\/6&#8243;][\/vc_column_inner][\/vc_row_inner][vc_separator style=&#8221;shadow&#8221; css=&#8221;.vc_custom_1613122661916{padding-top: 30px !important;padding-bottom: 30px !important;}&#8221;][vc_row_inner css=&#8221;.vc_custom_1592302796837{padding-top: 30px !important;}&#8221;][vc_column_inner width=&#8221;2\/6&#8243;][vc_single_image image=&#8221;7742&#8243; img_size=&#8221;full&#8221; alignment=&#8221;center&#8221; image_hovers=&#8221;false&#8221;][vc_separator style=&#8221;shadow&#8221; css=&#8221;.vc_custom_1592946875503{padding-top: 10px !important;padding-bottom: 10px !important;}&#8221;][vc_column_text]<\/p>\r\n<h3 style=\"font-weight: 400; text-align: right;\"><strong>Prisma<\/strong><\/h3>\r\n<p>[\/vc_column_text][vc_column_text]<\/p>\r\n<p style=\"text-align: right;\"><i>\u00a0<\/i><\/p>\r\n<p>[\/vc_column_text][vc_column_text]<\/p>\r\n<p style=\"text-align: right;\"><i>2022-2023<br \/><em>Progetto CRI-SMA, bando Conc.I.Mo.<br \/>Progetto finanziato da<\/em><br \/><em>Regione Marche-Politiche giovanili<\/em><br \/><em>Dipartimento per le politiche giovanili e il servizio civile universale<\/em><br \/><\/i><\/p>\r\n<p>[\/vc_column_text][vc_single_image image=&#8221;9825&#8243; img_size=&#8221;full&#8221; css=&#8221;.vc_custom_1695632302839{padding-top: 20px !important;}&#8221;][\/vc_column_inner][vc_column_inner width=&#8221;3\/6&#8243;][vc_column_text]<\/p>\r\n<div class=\"page\" title=\"Page 1\">\r\n<div class=\"section\">\r\n<div class=\"layoutArea\">\r\n<div class=\"column\">\r\n<p>Prisma \u00e8 un Web Magazine di carattere sociale e culturale dedicato al mondo giovanile. Rappresenta uno spazio aperto in cui linguaggi espressivi e specifici know-how si incontrano per dare voce a narrazioni e riflessioni sul contesto sociale e culturale contemporaneo. La redazione si compone di giovani under 35 con diversi sguardi, professionalit\u00e0, talenti che scelgono di\u00a0<i>comunicare<\/i>, aprendosi ad una pluralit\u00e0 di linguaggi secondo i propri interessi, desideri ed inclinazioni.<\/p>\r\n<p><em><strong>Progetto in collaborazione con<br \/><\/strong><\/em><em>CRI Comitato di Senigallia Odv<\/em><\/p>\r\n<\/div>\r\n<\/div>\r\n<\/div>\r\n<\/div>\r\n<p>[\/vc_column_text][vc_btn title=&#8221;Scopri di pi\u00f9&#8221; style=&#8221;classic&#8221; color=&#8221;sky&#8221; i_icon_fontawesome=&#8221;fas fa-search&#8221; css=&#8221;.vc_custom_1686408507723{padding-top: 15px !important;padding-bottom: 15px !important;}&#8221; add_icon=&#8221;true&#8221; link=&#8221;url:https%3A%2F%2Fwww.prismawebmagazine.it%2F|title:Prisma%20web%20magazine||&#8221;][\/vc_column_inner][vc_column_inner width=&#8221;1\/6&#8243;][\/vc_column_inner][\/vc_row_inner][vc_separator style=&#8221;shadow&#8221; css=&#8221;.vc_custom_1613122661916{padding-top: 30px !important;padding-bottom: 30px !important;}&#8221;][vc_row_inner css=&#8221;.vc_custom_1592302796837{padding-top: 30px !important;}&#8221;][vc_column_inner width=&#8221;2\/6&#8243;][vc_separator style=&#8221;shadow&#8221; css=&#8221;.vc_custom_1592946875503{padding-top: 10px !important;padding-bottom: 10px !important;}&#8221;][vc_column_text]<\/p>\r\n<h3 style=\"font-weight: 400; text-align: right;\"><strong>Street Level Photovoice<\/strong><\/h3>\r\n<p>[\/vc_column_text][vc_column_text]<\/p>\r\n<p style=\"text-align: right;\"><i>\u00a0<\/i><\/p>\r\n<p>[\/vc_column_text][vc_column_text]<\/p>\r\n<p style=\"text-align: right;\"><i>2022-2023<br \/><em>Bando Facciamo pARTE<br \/><\/em><\/i><i><em>Progetto finanziato da<\/em><br \/><em>Regione Marche-Politiche giovanili<\/em><br \/><em>Dipartimento per le politiche giovanili e il servizio civile universale<\/em><br \/><\/i><\/p>\r\n<p>[\/vc_column_text][vc_single_image image=&#8221;9825&#8243; img_size=&#8221;full&#8221; css=&#8221;.vc_custom_1695632302839{padding-top: 20px !important;}&#8221;][\/vc_column_inner][vc_column_inner width=&#8221;3\/6&#8243;][vc_column_text]<\/p>\r\n<div class=\"page\" title=\"Page 1\">\r\n<div class=\"section\">\r\n<div class=\"layoutArea\">\r\n<div class=\"column\">\r\n<p>\u201cStreet-level photovoice\u201d \u00e8 un progetto di arte partecipativa e arte pubblica, che offre ai ragazzi partecipanti la possibilit\u00e0 di utilizzare il linguaggio fotografico per comunicare tematiche di interesse gruppale con la tecnica del Photovoice. Le immagini fotografiche prodotte dai ragazzi saranno esposte pubblicamente attraverso un\u2019installazione temporanea nella citt\u00e0 di Senigallia ed andranno a costituire un libro d\u2019artista inedito, dal valore sociale e culturale.<\/p>\r\n<p><em><strong>Progetto in collaborazione con<br \/><\/strong><\/em><em>CRI Comitato di Senigallia Odv<\/em><\/p>\r\n<\/div>\r\n<\/div>\r\n<\/div>\r\n<\/div>\r\n<p>[\/vc_column_text][vc_btn title=&#8221;Scopri di pi\u00f9&#8221; style=&#8221;classic&#8221; color=&#8221;sky&#8221; i_icon_fontawesome=&#8221;fas fa-search&#8221; css=&#8221;.vc_custom_1694422680844{padding-top: 15px !important;padding-bottom: 15px !important;}&#8221; add_icon=&#8221;true&#8221; link=&#8221;url:https%3A%2F%2Fwww.fosforoscienza.it%2Findex.php%2Fstreet-level-photovoice%2F|title:Street%20level%20photovoice||&#8221;][\/vc_column_inner][vc_column_inner width=&#8221;1\/6&#8243;][\/vc_column_inner][\/vc_row_inner][vc_separator style=&#8221;shadow&#8221; css=&#8221;.vc_custom_1613122661916{padding-top: 30px !important;padding-bottom: 30px !important;}&#8221;][vc_row_inner css=&#8221;.vc_custom_1592302796837{padding-top: 30px !important;}&#8221;][vc_column_inner width=&#8221;2\/6&#8243;][vc_single_image image=&#8221;7747&#8243; img_size=&#8221;full&#8221; alignment=&#8221;center&#8221; image_hovers=&#8221;false&#8221;][vc_separator style=&#8221;shadow&#8221; css=&#8221;.vc_custom_1592946875503{padding-top: 10px !important;padding-bottom: 10px !important;}&#8221;][vc_column_text]<\/p>\r\n<h3 style=\"font-weight: 400; text-align: right;\"><strong>TikTok Talk<\/strong><\/h3>\r\n<p>[\/vc_column_text][vc_column_text]<\/p>\r\n<p style=\"text-align: right;\"><i>\u00a0<\/i><\/p>\r\n<p>[\/vc_column_text][vc_column_text]<\/p>\r\n<p style=\"text-align: right;\"><i>2022-2023<br \/>Bando Facciamo pARTE<\/i><\/p>\r\n<p style=\"text-align: right;\">Progetto finanziato da:<\/p>\r\n<p>[\/vc_column_text][vc_single_image image=&#8221;9825&#8243; img_size=&#8221;full&#8221; css=&#8221;.vc_custom_1695632302839{padding-top: 20px !important;}&#8221;][\/vc_column_inner][vc_column_inner width=&#8221;3\/6&#8243;][vc_column_text]<\/p>\r\n<div class=\"page\" title=\"Page 1\">\r\n<div class=\"section\">\r\n<div class=\"layoutArea\">\r\n<div class=\"column\">\r\n<p>TikTok Talk mira a creare competenze digitali , multimediali e comunicative, nella fascia dei giovani 14-19, per aprire un dialogo intergenerazionale e interculturale in 5 citt\u00e0 di 3 province delle Marche.<br \/>Il percorso porter\u00e0 i giovani alla scoperta dell\u2019artigianato locale, a contatto con eccellenze della regione, e a conoscere e a partecipare a un percorso di integrazione insieme a Caritas Senigallia. Il progetto realizzer\u00e0 dei video in formato verticale che andranno su TikTok e sugli tutti i principali social network e che racconteranno storie di vita e di lavoro di artigiani e rifugiati.<\/p>\r\n<p><em><strong>Progetto in collaborazione con<\/strong><\/em><\/p>\r\n<\/div>\r\n<\/div>\r\n<\/div>\r\n<\/div>\r\n<p><em>Fondazione Caritas Senigallia Onlus<\/em><br \/><em>IIS Corinaldesi Padovano Senigallia<\/em><br \/><em>IIS Polo 3 Fano<\/em><br \/><em>Liceo Scientifico e Musicale G.Marconi Pesaro<\/em><br \/><em>IIS Laeng Meucci Osimo<\/em><br \/><em>ITCG G.Antinori Camerino<\/em>[\/vc_column_text][vc_btn title=&#8221;Scopri di pi\u00f9&#8221; style=&#8221;classic&#8221; color=&#8221;sky&#8221; i_icon_fontawesome=&#8221;fas fa-search&#8221; css=&#8221;.vc_custom_1686409607882{padding-top: 15px !important;padding-bottom: 15px !important;}&#8221; add_icon=&#8221;true&#8221; link=&#8221;url:https%3A%2F%2Fwww.fosforoscienza.it%2Findex.php%2Fcosa-facciamo%2Fprogetti%2Ftiktok-talk%2F|title:Pandora%20%E2%80%93%20il%20progetto||&#8221;][\/vc_column_inner][vc_column_inner width=&#8221;1\/6&#8243;][\/vc_column_inner][\/vc_row_inner][vc_separator style=&#8221;shadow&#8221; css=&#8221;.vc_custom_1613122661916{padding-top: 30px !important;padding-bottom: 30px !important;}&#8221;][vc_row_inner css=&#8221;.vc_custom_1592302796837{padding-top: 30px !important;}&#8221;][vc_column_inner width=&#8221;2\/6&#8243;][vc_single_image image=&#8221;7745&#8243; img_size=&#8221;full&#8221; alignment=&#8221;center&#8221; image_hovers=&#8221;false&#8221;][vc_separator style=&#8221;shadow&#8221; css=&#8221;.vc_custom_1592946875503{padding-top: 10px !important;padding-bottom: 10px !important;}&#8221;][vc_column_text]<\/p>\r\n<h3 style=\"font-weight: 400; text-align: right;\"><strong>MIND THE G.A.P. (Giovani, Analogici, Potenziati)<\/strong><\/h3>\r\n<p>[\/vc_column_text][vc_column_text]<\/p>\r\n<p style=\"text-align: right;\"><i>2022<br \/><\/i>[\/vc_column_text][\/vc_column_inner][vc_column_inner width=&#8221;3\/6&#8243;][vc_column_text]<\/p>\r\n<p style=\"font-weight: 400;\">Il progetto intende creare e sperimentare un percorso di empowerment rivolto a giovani e<br \/>ragazzi tra i 16-29 anni, una formazione innovativa e ibrida. Supporteremo i partecipanti<br \/>nello sviluppo di competenze individuali attraverso momenti teorici, subito messe in pratica<br \/>con progetti educativi dove parteciperanno come animatori ed educatori. Il nostro obiettivo<br \/>\u00e8 quindi formare nuovi formatori, quei giovani che l\u2019Europa chiama Youth Worker, attraverso percorsi esperienziali per accrescere capacit\u00e0 intersettoriali, con il rafforzamento di competenze trasversali e specifiche (STEAM e digitale), insieme ad una forte attenzione sociale, su inclusivit\u00e0 e solidariet\u00e0.<\/p>\r\n<p><em><strong>Progetto in collaborazione con<\/strong><\/em><br \/><em>Fondazione Caritas Senigallia Onlus<\/em><br \/><em>Progetto Policoro<br \/>Societ\u00e0 Sportiva Dilettantistica Pallacanestro Senigallia S.S.D. a R.L.<br \/><\/em>[\/vc_column_text][\/vc_column_inner][vc_column_inner width=&#8221;1\/6&#8243;][\/vc_column_inner][\/vc_row_inner][vc_separator style=&#8221;shadow&#8221; css=&#8221;.vc_custom_1613122661916{padding-top: 30px !important;padding-bottom: 30px !important;}&#8221;][vc_row_inner css=&#8221;.vc_custom_1592302796837{padding-top: 30px !important;}&#8221;][vc_column_inner width=&#8221;2\/6&#8243;][vc_single_image image=&#8221;6816&#8243; img_size=&#8221;full&#8221; alignment=&#8221;center&#8221; image_hovers=&#8221;false&#8221;][vc_separator style=&#8221;shadow&#8221; css=&#8221;.vc_custom_1592946875503{padding-top: 10px !important;padding-bottom: 10px !important;}&#8221;][vc_column_text]<\/p>\r\n<h3 style=\"font-weight: 400; text-align: right;\"><strong>CrEsco \u2013 Contesti ricreativi di Educazione e scoperta<\/strong><\/h3>\r\n<p>[\/vc_column_text][vc_column_text]<\/p>\r\n<p style=\"text-align: right;\"><i>2020 &#8211; 2021<br \/>Bando &#8220;EduCare&#8221;<br \/>con il contributo del Dipartimento per le\u00a0<em>politiche della famiglia<\/em><br \/><\/i>[\/vc_column_text][\/vc_column_inner][vc_column_inner width=&#8221;3\/6&#8243;][vc_column_text]<\/p>\r\n<p style=\"font-weight: 400;\">CrEsco offre attivit\u00e0 gratuite alle scuole e al pubblico all\u2019aria aperta a Senigallia, nel giardino di Casa San Benedetto e nello spazio verde di Bosco Mio.<\/p>\r\n<p style=\"font-weight: 400;\">Obiettivo primario del progetto \u00e8 offrire nuovi scenari educativi in contesti quali un\u00a0<strong>bosco urbano<\/strong>, un\u00a0<strong>orto didattico<\/strong>, lo spazio sperimentale di una \u201c<strong>falegnameria ludica<\/strong>\u201d, un\u00a0laboratorio per la creazione di un\u2019App\u00a0destinata a trasformare i ragazzi in autentici protagonisti dell\u2019\u201cimparare facendo ed esplorando.<\/p>\r\n<p style=\"font-weight: 400;\">Alle scuole sono dedicati\u00a0<strong>laboratori<\/strong>\u00a0incentrati su natura, alimentazione sana, tinkering e importanza del fare.<\/p>\r\n<p style=\"font-weight: 400;\">Al pubblico una serie di Edu &#8211; weekend, con conferenze, tour didattici, esperti, laboratori ed eventi speciali.<\/p>\r\n<p><em><strong>Progetto in collaborazione con<\/strong><\/em><br \/><em>Fondazione Caritas Senigallia Onlus<\/em><br \/><em>Associazione Sena Nova<\/em>[\/vc_column_text][vc_btn title=&#8221;Scopri di pi\u00f9&#8221; style=&#8221;classic&#8221; color=&#8221;sky&#8221; i_icon_fontawesome=&#8221;fas fa-search&#8221; css=&#8221;.vc_custom_1686408539566{padding-top: 15px !important;padding-bottom: 15px !important;}&#8221; add_icon=&#8221;true&#8221; link=&#8221;url:https%3A%2F%2Fwww.fosforoscienza.it%2Findex.php%2Fcosa-facciamo%2Fprogetti%2Fcresco%2F|title:Pandora%20%E2%80%93%20il%20progetto||&#8221;][\/vc_column_inner][vc_column_inner width=&#8221;1\/6&#8243;][\/vc_column_inner][\/vc_row_inner][vc_separator style=&#8221;shadow&#8221; css=&#8221;.vc_custom_1635338912924{padding-top: 30px !important;padding-bottom: 30px !important;}&#8221;][vc_row_inner css=&#8221;.vc_custom_1592302796837{padding-top: 30px !important;}&#8221;][vc_column_inner width=&#8221;2\/6&#8243;][vc_single_image image=&#8221;6757&#8243; img_size=&#8221;full&#8221; alignment=&#8221;center&#8221; onclick=&#8221;custom_link&#8221; image_hovers=&#8221;false&#8221; link=&#8221;http:\/\/www.fosforoscienza.it\/index.php\/pandora-il-progetto\/&#8221;][vc_separator style=&#8221;shadow&#8221; css=&#8221;.vc_custom_1592946875503{padding-top: 10px !important;padding-bottom: 10px !important;}&#8221;][vc_column_text css=&#8221;.vc_custom_1613123115960{padding-top: 10px !important;}&#8221;]<\/p>\r\n<h3 style=\"text-align: right;\"><b>P.A.N.D.O.R.A<br \/><\/b><b>Percorsi d\u2019Aggregazione Nuova Dedicati a Orientamento, Rischio e Autonomia<\/b><\/h3>\r\n<p>[\/vc_column_text][vc_column_text]<\/p>\r\n<p style=\"text-align: right;\"><em>2020 &#8211; 2021<br \/>Progetto finanziato con il contributo di Regione Marche, P.F. Politiche giovanili e sport<\/em>[\/vc_column_text][\/vc_column_inner][vc_column_inner width=&#8221;3\/6&#8243;][vc_column_text]<\/p>\r\n<p style=\"font-weight: 400;\">Raccontare il rischio nell\u2019era dell\u2019incertezza, orientare i giovani in uno degli aspetti pi\u00f9 difficili della modernit\u00e0, questo \u00e8 l\u2019obiettivo di un progetto di rete che coinvolger\u00e0 enti del terzo settore, universit\u00e0 e istituzioni in un\u2019iniziativa creata dai giovani, per i giovani. I ragazzi, grazie a workshop con professionisti e attraverso nuovi linguaggi creativi, co-progetteranno per la cittadinanza la corretta comunicazione del rischio e la gestione dell\u2019incertezza. Acquisiranno cos\u00ec specifiche competenze per se stessi e, soprattutto, diventeranno fautori di una cittadinanza attiva in un contesto attualmente difficile come quello dell\u2019emergenza covid-19. I video da loro co-progettati saranno raccolti e racchiusi in un \u201cvaso\u201d di Pandora: un container con un\u2019esperienza immersiva che attraverser\u00e0 5 citt\u00e0.<\/p>\r\n<p>[\/vc_column_text][vc_column_text]<\/p>\r\n<p style=\"text-align: left;\"><em><strong>Progetto realizzato in collaborazione con<\/strong><\/em><br \/><em>Fondazione Caritas ONLUS di Senigallia<\/em><br \/><em>Associazione il Seme ODV<br \/><\/em><em>Universit\u00e0 Politecnica delle Marche &#8211; Dipartimento di Scienze della Vita e dell\u2019Ambiente<\/em><br \/><em>Universit\u00e0 di Camerino<\/em><br \/><em>Pierpaoli S.r.l<\/em><br \/><em>Comune di Ancona<\/em>[\/vc_column_text][vc_btn title=&#8221;Scopri di pi\u00f9&#8221; style=&#8221;classic&#8221; color=&#8221;sky&#8221; i_icon_fontawesome=&#8221;fas fa-search&#8221; css=&#8221;.vc_custom_1637066616834{padding-top: 15px !important;padding-bottom: 15px !important;}&#8221; add_icon=&#8221;true&#8221; link=&#8221;url:http%3A%2F%2Fwww.fosforoscienza.it%2Findex.php%2Fpandora%2F|title:Pandora%20%E2%80%93%20il%20progetto||&#8221;][\/vc_column_inner][vc_column_inner width=&#8221;1\/6&#8243;][\/vc_column_inner][\/vc_row_inner][vc_separator style=&#8221;shadow&#8221; css=&#8221;.vc_custom_1635338921470{padding-top: 30px !important;padding-bottom: 30px !important;}&#8221;][vc_row_inner css=&#8221;.vc_custom_1592302796837{padding-top: 30px !important;}&#8221;][vc_column_inner width=&#8221;2\/6&#8243;][vc_single_image image=&#8221;6828&#8243; img_size=&#8221;full&#8221; alignment=&#8221;center&#8221; onclick=&#8221;custom_link&#8221; image_hovers=&#8221;false&#8221; link=&#8221;http:\/\/www.fosforoscienza.it\/index.php\/factory-lab\/&#8221;][vc_separator style=&#8221;shadow&#8221; css=&#8221;.vc_custom_1592946875503{padding-top: 10px !important;padding-bottom: 10px !important;}&#8221;][vc_column_text]<\/p>\r\n<h3 style=\"font-weight: 400; text-align: right;\"><strong>Factory Lab<\/strong><\/h3>\r\n<p>[\/vc_column_text][vc_column_text]<\/p>\r\n<p style=\"text-align: right;\"><i>2020-2021<br \/>Progetto finanziato dalla Presidenza del Consiglio dei Ministri<br \/><\/i><i>e dal Dipartimento di Pari Opportunit\u00e0<\/i><i><br \/><\/i>[\/vc_column_text][\/vc_column_inner][vc_column_inner width=&#8221;3\/6&#8243;][vc_column_text]Un\u00a0<b>laboratorio di creativit\u00e0, di fabbricazione digitale<\/b>, uno spazio di apprendimento per affrontare in maniera innovativa e stimolante le\u00a0<b>materie scientifiche<\/b>. Una palestra per stimolare\u00a0 soft skills quale problem solving, imprenditorialit\u00e0, capacit\u00e0 di collaborare e mettersi in gioco.<\/p>\r\n<p>Il percorso \u00e8 rivolto a\u00a0<b>20 studentesse e studenti<\/b>\u00a0delle prime classi dell\u2019istituto che affronteranno\u00a0<b>materie<\/b>\u00a0quali matematica, fisica, tecnologia e sostenibilit\u00e0 attraverso dimostrazioni scientifiche, laboratori pratici e le tecnologie di prototipazione. Un laboratorio di creazione in stile Fab lab che usa le\u00a0<b>metodologie<\/b>\u00a0del project based learning, del tinkering, del teach to learn.<\/p>\r\n<p>Le ragazze e i ragazzi si misureranno con un progetto dall\u2019<b>obiettivo \u201creale\u201d<\/b>: la creazione di un kit didattico da donare a bambine e bambini sostenuti da\u00a0<strong>Fondazione Caritas Senigallia<\/strong>.<\/p>\r\n<p><em><strong>Progetto realizzato in collaborazione con<br \/><\/strong><\/em><i>Fondazione Caritas Senigallia<br \/>Undicesima Ora<br \/>Istituto Corinaldesi Padovano<\/i>[\/vc_column_text][vc_btn title=&#8221;Scopri di pi\u00f9&#8221; style=&#8221;classic&#8221; color=&#8221;sky&#8221; i_icon_fontawesome=&#8221;fas fa-search&#8221; css=&#8221;.vc_custom_1635338552473{padding-top: 15px !important;padding-bottom: 15px !important;}&#8221; add_icon=&#8221;true&#8221; link=&#8221;url:http%3A%2F%2Fwww.fosforoscienza.it%2Findex.php%2Ffactory-lab%2F|title:Factory%20Lab||&#8221;][\/vc_column_inner][vc_column_inner width=&#8221;1\/6&#8243;][\/vc_column_inner][\/vc_row_inner][vc_separator style=&#8221;shadow&#8221; css=&#8221;.vc_custom_1635338934472{padding-top: 30px !important;padding-bottom: 30px !important;}&#8221;][vc_row_inner css=&#8221;.vc_custom_1592302796837{padding-top: 30px !important;}&#8221;][vc_column_inner width=&#8221;2\/6&#8243;][vc_single_image image=&#8221;5938&#8243; img_size=&#8221;full&#8221; alignment=&#8221;center&#8221; image_hovers=&#8221;false&#8221;][vc_separator style=&#8221;shadow&#8221; css=&#8221;.vc_custom_1592946875503{padding-top: 10px !important;padding-bottom: 10px !important;}&#8221;][vc_column_text]<\/p>\r\n<h3 style=\"font-weight: 400; text-align: right;\"><strong>Innovazioni per crescere<\/strong><\/h3>\r\n<p>[\/vc_column_text][vc_column_text]<\/p>\r\n<p style=\"text-align: right;\"><i>2020 &#8211; 2021<br \/>Bando &#8220;Decido LiberaMente&#8221;<br \/>con il contributo della Regione Marche<br \/><\/i>[\/vc_column_text][\/vc_column_inner][vc_column_inner width=&#8221;3\/6&#8243;][vc_column_text]<\/p>\r\n<p style=\"font-weight: 400;\"><span style=\"color: #000000;\">Una rassegna di laboratori gratuiti in collaborazione con il Comune di Ancona &#8211; Informacitt\u00e0 e Informagiovani Ancona, per scoprire come l&#8217;internet delle cose pu\u00f2 essere il tema anche del proprio futuro professionale.<\/span><\/p>\r\n<p><span style=\"color: #000000;\">&#8220;Ok Google, dobbiamo parlare&#8221; una conferenza su privacy e fake news; &#8220;IOT, il mondo dell&#8217;Internet of things&#8221; un approfondimento sui nuovi scenari di innovazione digitale e \u201cIl futuro \u00e8 oggi: marketing di prossimit\u00e0 e realt\u00e0 aumentata\u201d, una rassegna delle tecnologie che permettono di creare e inviare contenuti personalizzati e \u201caumentati\u201d sui dispositivi mobili.<\/span>[\/vc_column_text][\/vc_column_inner][vc_column_inner width=&#8221;1\/6&#8243;][\/vc_column_inner][\/vc_row_inner][vc_separator style=&#8221;shadow&#8221; css=&#8221;.vc_custom_1613122661916{padding-top: 30px !important;padding-bottom: 30px !important;}&#8221;][vc_row_inner css=&#8221;.vc_custom_1592302796837{padding-top: 30px !important;}&#8221;][vc_column_inner width=&#8221;2\/6&#8243;][vc_single_image image=&#8221;3561&#8243; img_size=&#8221;full&#8221; alignment=&#8221;center&#8221; onclick=&#8221;custom_link&#8221; image_hovers=&#8221;false&#8221; link=&#8221;http:\/\/www.fosforoscienza.it\/index.php\/mostra-acqua\/&#8221;][vc_separator style=&#8221;shadow&#8221; css=&#8221;.vc_custom_1592946875503{padding-top: 10px !important;padding-bottom: 10px !important;}&#8221;][vc_column_text]<\/p>\r\n<h3 style=\"font-weight: 400; text-align: right;\"><strong>H2O \u2013 From Heritage to Ocean<\/strong><\/h3>\r\n<p>[\/vc_column_text][vc_column_text]<\/p>\r\n<p style=\"text-align: right;\"><i>2020-2021<br \/>Progetto &#8220;H2O&#8221;<br \/>Fondazione Cariverona; VivaServizi SpA<\/i>[\/vc_column_text][\/vc_column_inner][vc_column_inner width=&#8221;3\/6&#8243;][vc_column_text]<\/p>\r\n<p style=\"font-weight: 400;\">Valorizzare i luoghi storici e simbolici della cultura cos\u00ec come l\u2019elemento primario per il pianeta: l\u2019acqua, ponendo l\u2019attenzione sulla forte connessione tra questi due \u201cbeni\u201d, diversi ma legati dal destino comune di essere una risorsa indispensabile per il presente e una preziosa eredit\u00e0 per le generazioni future.<\/p>\r\n<p style=\"font-weight: 400;\">Il progetto H2O, guidato dall\u2019associazione NEXT in collaborazione con l\u2019Universit\u00e0 Politecnica delle Marche e il Polo Museale delle Marche \u00e8 realizzato con il contributo della Fondazione Cariverona e Viva Servizi S.p.A.<\/p>\r\n<p style=\"font-weight: 400;\">Tra le azioni principali, la realizzazione e l\u2019allestimento della mostra\u00a0<strong>Acqua &#8211; Our Water Our Future<\/strong>\u00a0presso il Museo Archeologico Nazionale di Ancona e la Rocca Roveresca di Senigallia dedicata a scuole e pubblico generico, una mostra interattiva che racconta il passato, il presente e il futuro di questo fondamentale elemento per il pianeta e per l\u2019umanit\u00e0.<\/p>\r\n<p>[\/vc_column_text][vc_btn title=&#8221;Scopri di pi\u00f9&#8221; style=&#8221;classic&#8221; color=&#8221;sky&#8221; i_icon_fontawesome=&#8221;fas fa-search&#8221; css=&#8221;.vc_custom_1635339327169{padding-top: 15px !important;padding-bottom: 15px !important;}&#8221; add_icon=&#8221;true&#8221; link=&#8221;url:http%3A%2F%2Fwww.fosforoscienza.it%2Findex.php%2Fmostra-acqua%2F|title:Mostra%20ACQUA||&#8221;][\/vc_column_inner][vc_column_inner width=&#8221;1\/6&#8243;][\/vc_column_inner][\/vc_row_inner][vc_separator style=&#8221;shadow&#8221; css=&#8221;.vc_custom_1635338946555{padding-top: 30px !important;padding-bottom: 30px !important;}&#8221;][vc_row_inner css=&#8221;.vc_custom_1592302796837{padding-top: 30px !important;}&#8221;][vc_column_inner width=&#8221;2\/6&#8243;][vc_single_image image=&#8221;2976&#8243; img_size=&#8221;full&#8221; alignment=&#8221;center&#8221; image_hovers=&#8221;false&#8221;][vc_separator style=&#8221;shadow&#8221; css=&#8221;.vc_custom_1592946845815{padding-top: 10px !important;padding-bottom: 10px !important;}&#8221;][vc_column_text]<\/p>\r\n<h3 style=\"text-align: right;\"><strong>Visionaria<\/strong><\/h3>\r\n<p>[\/vc_column_text][vc_column_text]<\/p>\r\n<p style=\"text-align: right;\"><i>2018<br \/>Progetto &#8220;Giovani RiGenerAzioni Creative&#8221;<br \/>ANCI &amp; Fondazione Citt\u00e0 di Senigallia<\/i>[\/vc_column_text][\/vc_column_inner][vc_column_inner width=&#8221;3\/6&#8243;][vc_column_text]<\/p>\r\n<p style=\"font-weight: 400;\">Uno spazio della citt\u00e0 di Senigallia rigenerato per creare un atelier delle arti visive, un luogo d\u2019espressione e formazione per la fascia di giovani 16-35, questo \u00e8 l\u2019obiettivo principale del progetto VISIONARIA, finanziato dall\u2019ANCI nell\u2019ambito di \u201cGiovani RiGenerAzioni Creative\u201d e con il contributo della Fondazione Citt\u00e0 di Senigallia.<\/p>\r\n<p style=\"font-weight: 400;\">Avviato con un percorso di progettazione partecipata con i giovani, Visionaria \u00e8 frutto della collaborazione con l\u2019Universit\u00e0 Politecnica delle Marche, l\u2019Universit\u00e0 di Camerino, il Comune di Senigallia, Avanzi s.r.l.<\/p>\r\n<p style=\"font-weight: 400;\">NEXT, in qualit\u00e0 di partner, ha gestito diverse linee d\u2019azione tra cui: lo sviluppo della mostra hands-on\u00a0<strong>Click! Come nasce un\u2019immagine fotografica<\/strong>, la realizzazione di un concorso fotografico e di una mostra-evento.<\/p>\r\n<p>[\/vc_column_text][\/vc_column_inner][vc_column_inner width=&#8221;1\/6&#8243;][\/vc_column_inner][\/vc_row_inner][vc_separator style=&#8221;shadow&#8221; css=&#8221;.vc_custom_1635338952533{padding-top: 30px !important;padding-bottom: 30px !important;}&#8221;][vc_row_inner css=&#8221;.vc_custom_1592302796837{padding-top: 30px !important;}&#8221;][vc_column_inner width=&#8221;2\/6&#8243;][vc_single_image image=&#8221;4489&#8243; img_size=&#8221;full&#8221; alignment=&#8221;center&#8221; image_hovers=&#8221;false&#8221;][vc_separator style=&#8221;shadow&#8221; css=&#8221;.vc_custom_1592946857301{padding-top: 10px !important;padding-bottom: 10px !important;}&#8221;][vc_column_text]<\/p>\r\n<h3 style=\"font-weight: 400; text-align: right;\"><strong>CSI \u2013 Comunicare la Scienza Interattivamente<\/strong><\/h3>\r\n<p>[\/vc_column_text][vc_column_text]<\/p>\r\n<p style=\"text-align: right;\"><i>2018<br \/>Progetto &#8220;aggregAzione\u201d<br \/>Regione Marche<\/i>[\/vc_column_text][\/vc_column_inner][vc_column_inner width=&#8221;3\/6&#8243;][vc_column_text]<\/p>\r\n<p style=\"font-weight: 400;\">Una mostra itinerante dedicata ai temi della scienza forense, accompagnata da un\u2019Escape Room realizzata all\u2019interno di un container con una vera scena del crimine da risolvere.<\/p>\r\n<p style=\"font-weight: 400;\">Questa l\u2019iniziativa promossa dall\u2019Associazione NEXT, in qualit\u00e0 di capofila, insieme all\u2019Universit\u00e0 di Camerino, le associazioni Sefiroth e Sena Nova, all\u2019interno del progetto finanziato dalla Regione Marche nell\u2019ambito dell\u2019intervento \u201caggregAzione\u201d 2^ edizione.<\/p>\r\n<p style=\"font-weight: 400;\">Il progetto ha avviato un percorso che ha coinvolti i giovani della fascia 16-35 nella progettazione e nella fruizione della mostra-gioco, che \u00e8 transitata nelle zone colpite dal sima del 2016, in particolare nelle citt\u00e0 di Fabriano, Matelica e Camerino.<\/p>\r\n<p>[\/vc_column_text][vc_btn title=&#8221;Guarda il video&#8221; style=&#8221;classic&#8221; color=&#8221;sky&#8221; i_icon_fontawesome=&#8221;fas fa-search&#8221; css=&#8221;.vc_custom_1635339411928{padding-top: 15px !important;padding-bottom: 15px !important;}&#8221; add_icon=&#8221;true&#8221; link=&#8221;url:https%3A%2F%2Fwww.youtube.com%2Fwatch%3Fv%3D12c4lDRWVcY|title:fosforo%3A%20CSI||&#8221;][\/vc_column_inner][vc_column_inner width=&#8221;1\/6&#8243;][\/vc_column_inner][\/vc_row_inner][\/vc_column][\/vc_row][vc_row css=&#8221;.vc_custom_1610038161745{padding-top: 30px !important;padding-bottom: 30px !important;}&#8221;][vc_column][\/vc_column][\/vc_row]<\/p><\/div>","protected":false},"excerpt":{"rendered":"<p>[vc_row css=&#8221;.vc_custom_1592302778602{padding-bottom: 100px !important;}&#8221;][vc_column width=&#8221;1\/2&#8243;][\/vc_column][vc_column width=&#8221;1\/2&#8243;][vc_custom_heading text=&#8221;PROGETTI&#8221; font_container=&#8221;tag:h2|text_align:right&#8221; use_theme_fonts=&#8221;yes&#8221;][vc_column_text] Clicca sulle foto per scoprire i pi\u00f9 importanti progetti che abbiamo realizzato sul territorio nazionale [\/vc_column_text][\/vc_column][\/vc_row][vc_row][vc_column][vc_column_text css=&#8221;.vc_custom_1686574139271{padding-bottom: 20px !important;}&#8221;] PROGETTI IN CORSO [\/vc_column_text][vc_separator style=&#8221;shadow&#8221; css=&#8221;.vc_custom_1613122661916{padding-top: 30px !important;padding-bottom: 30px !important;}&#8221;][vc_row_inner css=&#8221;.vc_custom_1592302796837{padding-top: 30px !important;}&#8221;][vc_column_inner width=&#8221;2\/6&#8243;][vc_single_image image=&#8221;10752&#8243; img_size=&#8221;medium&#8221; alignment=&#8221;center&#8221; css=&#8221;&#8221; image_hovers=&#8221;false&#8221;][vc_separator style=&#8221;shadow&#8221; css=&#8221;.vc_custom_1592946875503{padding-top: 10px !important;padding-bottom: 10px !important;}&#8221;][vc_column_text] \u00a0 [\/vc_column_text][\/vc_column_inner][vc_column_inner&hellip;<\/p>\n","protected":false},"author":1,"featured_media":0,"parent":1934,"menu_order":0,"comment_status":"closed","ping_status":"closed","template":"","meta":{"_monsterinsights_skip_tracking":false,"_monsterinsights_sitenote_active":false,"_monsterinsights_sitenote_note":"","_monsterinsights_sitenote_category":0,"footnotes":""},"class_list":["post-4468","page","type-page","status-publish","hentry","description-off"],"_links":{"self":[{"href":"https:\/\/www.fosforoscienza.it\/index.php\/wp-json\/wp\/v2\/pages\/4468","targetHints":{"allow":["GET"]}}],"collection":[{"href":"https:\/\/www.fosforoscienza.it\/index.php\/wp-json\/wp\/v2\/pages"}],"about":[{"href":"https:\/\/www.fosforoscienza.it\/index.php\/wp-json\/wp\/v2\/types\/page"}],"author":[{"embeddable":true,"href":"https:\/\/www.fosforoscienza.it\/index.php\/wp-json\/wp\/v2\/users\/1"}],"replies":[{"embeddable":true,"href":"https:\/\/www.fosforoscienza.it\/index.php\/wp-json\/wp\/v2\/comments?post=4468"}],"version-history":[{"count":105,"href":"https:\/\/www.fosforoscienza.it\/index.php\/wp-json\/wp\/v2\/pages\/4468\/revisions"}],"predecessor-version":[{"id":10758,"href":"https:\/\/www.fosforoscienza.it\/index.php\/wp-json\/wp\/v2\/pages\/4468\/revisions\/10758"}],"up":[{"embeddable":true,"href":"https:\/\/www.fosforoscienza.it\/index.php\/wp-json\/wp\/v2\/pages\/1934"}],"wp:attachment":[{"href":"https:\/\/www.fosforoscienza.it\/index.php\/wp-json\/wp\/v2\/media?parent=4468"}],"curies":[{"name":"wp","href":"https:\/\/api.w.org\/{rel}","templated":true}]}}